{"id":6823,"date":"2026-01-13T16:18:08","date_gmt":"2026-01-13T15:18:08","guid":{"rendered":"https:\/\/www.congres-perpignan.com\/quienes-somos\/presentacion-de-los-tres-sitios\/"},"modified":"2026-04-01T09:55:38","modified_gmt":"2026-04-01T07:55:38","slug":"presentacion-de-los-tres-sitios","status":"publish","type":"page","link":"https:\/\/www.congres-perpignan.com\/es\/quienes-somos\/presentacion-de-los-tres-sitios\/","title":{"rendered":"Presentaci\u00f3n de los tres sitios"},"content":{"rendered":"\t\t<div data-elementor-type=\"wp-page\" data-elementor-id=\"6823\" class=\"elementor elementor-6823 elementor-1053\" data-elementor-post-type=\"page\">\n\t\t\t\t<div class=\"elementor-element elementor-element-3b0c5be e-con-full e-flex e-con e-parent\" data-id=\"3b0c5be\" data-element_type=\"container\" data-e-type=\"container\">\n\t\t<div class=\"elementor-element elementor-element-7da097b7 hc-header-page e-con-full e-flex e-con e-child\" data-id=\"7da097b7\" data-element_type=\"container\" data-e-type=\"container\" data-settings=\"{&quot;background_background&quot;:&quot;classic&quot;}\">\n\t\t<div class=\"elementor-element elementor-element-23568d9b e-con-full e-flex e-con e-child\" data-id=\"23568d9b\" data-element_type=\"container\" data-e-type=\"container\" data-settings=\"{&quot;background_background&quot;:&quot;classic&quot;}\">\n\t\t<div class=\"elementor-element elementor-element-302c20ab e-con-full e-flex e-con e-child\" data-id=\"302c20ab\" data-element_type=\"container\" data-e-type=\"container\">\n\t\t\t\t<div class=\"elementor-element elementor-element-7c366119 elementor-widget elementor-widget-heading\" data-id=\"7c366119\" data-element_type=\"widget\" data-e-type=\"widget\" data-widget_type=\"heading.default\">\n\t\t\t\t\t<h1 class=\"elementor-heading-title elementor-size-default\">\u00bfQui\u00e9nes<br>somos?<\/h1>\t\t\t\t<\/div>\n\t\t\t\t<\/div>\n\t\t\t\t<\/div>\n\t\t\t\t<\/div>\n\t\t\t\t<div class=\"elementor-element elementor-element-2467766 elementor-widget elementor-widget-spacer\" data-id=\"2467766\" data-element_type=\"widget\" data-e-type=\"widget\" data-widget_type=\"spacer.default\">\n\t\t\t\t\t\t\t<div class=\"elementor-spacer\">\n\t\t\t<div class=\"elementor-spacer-inner\"><\/div>\n\t\t<\/div>\n\t\t\t\t\t\t<\/div>\n\t\t\t\t<div class=\"elementor-element elementor-element-8dad051 elementor-widget elementor-widget-spacer\" data-id=\"8dad051\" data-element_type=\"widget\" data-e-type=\"widget\" data-widget_type=\"spacer.default\">\n\t\t\t\t\t\t\t<div class=\"elementor-spacer\">\n\t\t\t<div class=\"elementor-spacer-inner\"><\/div>\n\t\t<\/div>\n\t\t\t\t\t\t<\/div>\n\t\t\t\t<div class=\"elementor-element elementor-element-15a9d2e elementor-widget__width-initial elementor-widget elementor-widget-text-editor\" data-id=\"15a9d2e\" data-element_type=\"widget\" data-e-type=\"widget\" data-widget_type=\"text-editor.default\">\n\t\t\t\t\t\t\t\t\t<p>Perpi\u00f1\u00e1n Congr\u00e8s Expo, organizadora y gestora de 3 establecimientos excepcionales, te ofrece espacios de calidad para acoger congresos, seminarios, ferias p\u00fablicas, ferias, veladas de gala, exposiciones o eventos deportivos, con tarifas competitivas y servicios personalizados adaptados a tus necesidades.<\/p>\t\t\t\t\t\t\t\t<\/div>\n\t\t<div class=\"elementor-element elementor-element-4968746 e-flex e-con-boxed e-con e-child\" data-id=\"4968746\" data-element_type=\"container\" data-e-type=\"container\">\n\t\t\t\t\t<div class=\"e-con-inner\">\n\t\t<div class=\"elementor-element elementor-element-05677ba e-con-full e-flex e-con e-child\" data-id=\"05677ba\" data-element_type=\"container\" data-e-type=\"container\">\n\t\t<div class=\"elementor-element elementor-element-6a3364d e-con-full e-flex e-con e-child\" data-id=\"6a3364d\" data-element_type=\"container\" data-e-type=\"container\">\n\t\t\t\t<div class=\"elementor-element elementor-element-b035d1d elementor-widget elementor-widget-spacer\" data-id=\"b035d1d\" data-element_type=\"widget\" data-e-type=\"widget\" data-widget_type=\"spacer.default\">\n\t\t\t\t\t\t\t<div class=\"elementor-spacer\">\n\t\t\t<div class=\"elementor-spacer-inner\"><\/div>\n\t\t<\/div>\n\t\t\t\t\t\t<\/div>\n\t\t\t\t<div class=\"elementor-element elementor-element-3efcef8 elementor-widget elementor-widget-spacer\" data-id=\"3efcef8\" data-element_type=\"widget\" data-e-type=\"widget\" data-widget_type=\"spacer.default\">\n\t\t\t\t\t\t\t<div class=\"elementor-spacer\">\n\t\t\t<div class=\"elementor-spacer-inner\"><\/div>\n\t\t<\/div>\n\t\t\t\t\t\t<\/div>\n\t\t\t\t<div class=\"elementor-element elementor-element-0255fd7 elementor-widget elementor-widget-heading\" data-id=\"0255fd7\" data-element_type=\"widget\" data-e-type=\"widget\" data-widget_type=\"heading.default\">\n\t\t\t\t\t<h3 class=\"elementor-heading-title elementor-size-default\">Tres ubicaciones, posibilidades infinitas<\/h3>\t\t\t\t<\/div>\n\t\t\t\t<div class=\"elementor-element elementor-element-2134ebe elementor-widget elementor-widget-spacer\" data-id=\"2134ebe\" data-element_type=\"widget\" data-e-type=\"widget\" data-widget_type=\"spacer.default\">\n\t\t\t\t\t\t\t<div class=\"elementor-spacer\">\n\t\t\t<div class=\"elementor-spacer-inner\"><\/div>\n\t\t<\/div>\n\t\t\t\t\t\t<\/div>\n\t\t\t\t<\/div>\n\t\t\t\t<\/div>\n\t\t\t\t\t<\/div>\n\t\t\t\t<\/div>\n\t\t<div class=\"elementor-element elementor-element-d4531ad e-flex e-con-boxed e-con e-child\" data-id=\"d4531ad\" data-element_type=\"container\" data-e-type=\"container\">\n\t\t\t\t\t<div class=\"e-con-inner\">\n\t\t<div class=\"elementor-element elementor-element-84074fe e-con-full e-flex e-con e-child\" data-id=\"84074fe\" data-element_type=\"container\" data-e-type=\"container\">\n\t\t<div class=\"elementor-element elementor-element-9183430 e-con-full e-flex e-con e-child\" data-id=\"9183430\" data-element_type=\"container\" data-e-type=\"container\">\n\t\t\t\t<div class=\"elementor-element elementor-element-915ca7e elementor-widget elementor-widget-heading\" data-id=\"915ca7e\" data-element_type=\"widget\" data-e-type=\"widget\" data-widget_type=\"heading.default\">\n\t\t\t\t\t<h3 class=\"elementor-heading-title elementor-size-default\">El Palais des Congr\u00e8s  <\/h3>\t\t\t\t<\/div>\n\t\t\t\t<div class=\"elementor-element elementor-element-3e95d2f elementor-widget elementor-widget-image\" data-id=\"3e95d2f\" data-element_type=\"widget\" data-e-type=\"widget\" data-widget_type=\"image.default\">\n\t\t\t\t\t\t\t\t\t\t\t\t\t\t\t\t<a href=\"https:\/\/www.congres-perpignan.com\/palais-des-congres\/presentation-palais-des-congres\/\" palaisdescongr=\"\">\n\t\t\t\t\t\t\t<img fetchpriority=\"high\" decoding=\"async\" width=\"1024\" height=\"683\" src=\"https:\/\/www.congres-perpignan.com\/wp-content\/uploads\/2026\/01\/DSC_0049-1024x683.jpg\" class=\"attachment-large size-large wp-image-6849\" alt=\"\" srcset=\"https:\/\/www.congres-perpignan.com\/wp-content\/uploads\/2026\/01\/DSC_0049-1024x683.jpg 1024w, https:\/\/www.congres-perpignan.com\/wp-content\/uploads\/2026\/01\/DSC_0049-300x200.jpg 300w, https:\/\/www.congres-perpignan.com\/wp-content\/uploads\/2026\/01\/DSC_0049-768x512.jpg 768w, https:\/\/www.congres-perpignan.com\/wp-content\/uploads\/2026\/01\/DSC_0049-391x260.jpg 391w, https:\/\/www.congres-perpignan.com\/wp-content\/uploads\/2026\/01\/DSC_0049-1536x1024.jpg 1536w, https:\/\/www.congres-perpignan.com\/wp-content\/uploads\/2026\/01\/DSC_0049-2048x1365.jpg 2048w\" sizes=\"(max-width: 1024px) 100vw, 1024px\" \/>\t\t\t\t\t\t\t\t<\/a>\n\t\t\t\t\t\t\t\t\t\t\t\t\t\t\t<\/div>\n\t\t\t\t<div class=\"elementor-element elementor-element-a5e8dbd elementor-widget elementor-widget-text-editor\" data-id=\"a5e8dbd\" data-element_type=\"widget\" data-e-type=\"widget\" data-widget_type=\"text-editor.default\">\n\t\t\t\t\t\t\t\t\t<p>El Palais des Congr\u00e8s, situado en el centro de Perpi\u00f1\u00e1n, en el magn\u00edfico parque boscoso de Bir Hakeim, destaca por su arquitectura moderna y luminosa. Tiene una capacidad de 10.000 m\u00b2 en 7 niveles, incluyendo una terraza en la azotea de 450 m2 con vistas panor\u00e1micas de la ciudad, 2 anfiteatros con 300 y 1.045 asientos, 15 salas de comit\u00e9 para 25 a 200 personas, as\u00ed como una sala de 1.000 m2 que puede acomodar comidas para 900 personas sentadas. <\/p>\t\t\t\t\t\t\t\t<\/div>\n\t\t\t\t<\/div>\n\t\t<div class=\"elementor-element elementor-element-28f6de9 e-con-full e-flex e-con e-child\" data-id=\"28f6de9\" data-element_type=\"container\" data-e-type=\"container\">\n\t\t\t\t<div class=\"elementor-element elementor-element-3de466f elementor-widget elementor-widget-heading\" data-id=\"3de466f\" data-element_type=\"widget\" data-e-type=\"widget\" data-widget_type=\"heading.default\">\n\t\t\t\t\t<h3 class=\"elementor-heading-title elementor-size-default\">La Iglesia Dominica<\/h3>\t\t\t\t<\/div>\n\t\t\t\t<div class=\"elementor-element elementor-element-9969af1 elementor-widget elementor-widget-image\" data-id=\"9969af1\" data-element_type=\"widget\" data-e-type=\"widget\" data-widget_type=\"image.default\">\n\t\t\t\t\t\t\t\t\t\t\t\t\t\t\t\t<a href=\"https:\/\/www.congres-perpignan.com\/eglise-des-dominicains\/presentation-eglise-des-dominicains\/\">\n\t\t\t\t\t\t\t<img decoding=\"async\" width=\"1024\" height=\"512\" src=\"https:\/\/www.congres-perpignan.com\/wp-content\/uploads\/2026\/01\/2-83-1-1024x512.jpg\" class=\"attachment-large size-large wp-image-6850\" alt=\"\" srcset=\"https:\/\/www.congres-perpignan.com\/wp-content\/uploads\/2026\/01\/2-83-1-1024x512.jpg 1024w, https:\/\/www.congres-perpignan.com\/wp-content\/uploads\/2026\/01\/2-83-1-300x150.jpg 300w, https:\/\/www.congres-perpignan.com\/wp-content\/uploads\/2026\/01\/2-83-1-768x384.jpg 768w, https:\/\/www.congres-perpignan.com\/wp-content\/uploads\/2026\/01\/2-83-1.jpg 1200w\" sizes=\"(max-width: 1024px) 100vw, 1024px\" \/>\t\t\t\t\t\t\t\t<\/a>\n\t\t\t\t\t\t\t\t\t\t\t\t\t\t\t<\/div>\n\t\t\t\t<div class=\"elementor-element elementor-element-0707954 elementor-widget elementor-widget-text-editor\" data-id=\"0707954\" data-element_type=\"widget\" data-e-type=\"widget\" data-widget_type=\"text-editor.default\">\n\t\t\t\t\t\t\t\t\t<p>La Iglesia Dominicana, edificio catalogado de los siglos XIII-XIV, situada cerca del Palais des Congr\u00e8s, dar\u00e1 espacio a vuestra velada de gala, un momento inolvidable para vuestros invitados.<\/p>\t\t\t\t\t\t\t\t<\/div>\n\t\t\t\t<\/div>\n\t\t<div class=\"elementor-element elementor-element-b88a1dd e-con-full e-flex e-con e-child\" data-id=\"b88a1dd\" data-element_type=\"container\" data-e-type=\"container\">\n\t\t\t\t<div class=\"elementor-element elementor-element-5b33516 elementor-widget elementor-widget-heading\" data-id=\"5b33516\" data-element_type=\"widget\" data-e-type=\"widget\" data-widget_type=\"heading.default\">\n\t\t\t\t\t<h3 class=\"elementor-heading-title elementor-size-default\">El Centro de Exposiciones<\/h3>\t\t\t\t<\/div>\n\t\t\t\t<div class=\"elementor-element elementor-element-73ce072 elementor-widget elementor-widget-image\" data-id=\"73ce072\" data-element_type=\"widget\" data-e-type=\"widget\" data-widget_type=\"image.default\">\n\t\t\t\t\t\t\t\t\t\t\t\t\t\t\t\t<a href=\"https:\/\/www.congres-perpignan.com\/parc-des-expositions\/presentation-parc-des-expositions\/\">\n\t\t\t\t\t\t\t<img decoding=\"async\" width=\"900\" height=\"600\" src=\"https:\/\/www.congres-perpignan.com\/wp-content\/uploads\/2026\/01\/sous-rubrique-parc-expo.jpg\" class=\"attachment-large size-large wp-image-6573\" alt=\"\" srcset=\"https:\/\/www.congres-perpignan.com\/wp-content\/uploads\/2026\/01\/sous-rubrique-parc-expo.jpg 900w, https:\/\/www.congres-perpignan.com\/wp-content\/uploads\/2026\/01\/sous-rubrique-parc-expo-300x200.jpg 300w, https:\/\/www.congres-perpignan.com\/wp-content\/uploads\/2026\/01\/sous-rubrique-parc-expo-768x512.jpg 768w, https:\/\/www.congres-perpignan.com\/wp-content\/uploads\/2026\/01\/sous-rubrique-parc-expo-391x260.jpg 391w\" sizes=\"(max-width: 900px) 100vw, 900px\" \/>\t\t\t\t\t\t\t\t<\/a>\n\t\t\t\t\t\t\t\t\t\t\t\t\t\t\t<\/div>\n\t\t\t\t<div class=\"elementor-element elementor-element-0c02fe4 elementor-widget elementor-widget-text-editor\" data-id=\"0c02fe4\" data-element_type=\"widget\" data-e-type=\"widget\" data-widget_type=\"text-editor.default\">\n\t\t\t\t\t\t\t\t\t<p>Cada a\u00f1o, el Parc des Expositions acoge numerosos eventos: exposiciones profesionales, ferias, ferias p\u00fablicas y profesionales, as\u00ed como eventos deportivos locales, nacionales e internacionales. Consta de tres salas modulares que ofrecen m\u00faltiples posibilidades de distribuci\u00f3n. <\/p>\t\t\t\t\t\t\t\t<\/div>\n\t\t\t\t<\/div>\n\t\t\t\t<\/div>\n\t\t\t\t<div class=\"elementor-element elementor-element-8e9e193 elementor-widget elementor-widget-spacer\" data-id=\"8e9e193\" data-element_type=\"widget\" data-e-type=\"widget\" data-widget_type=\"spacer.default\">\n\t\t\t\t\t\t\t<div class=\"elementor-spacer\">\n\t\t\t<div class=\"elementor-spacer-inner\"><\/div>\n\t\t<\/div>\n\t\t\t\t\t\t<\/div>\n\t\t\t\t<div class=\"elementor-element elementor-element-b2ace6f elementor-widget-divider--view-line elementor-widget elementor-widget-global elementor-global-4277 elementor-widget-divider\" data-id=\"b2ace6f\" data-element_type=\"widget\" data-e-type=\"widget\" data-widget_type=\"divider.default\">\n\t\t\t\t\t\t\t<div class=\"elementor-divider\">\n\t\t\t<span class=\"elementor-divider-separator\">\n\t\t\t\t\t\t<\/span>\n\t\t<\/div>\n\t\t\t\t\t\t<\/div>\n\t\t<div class=\"elementor-element elementor-element-03b4e9e e-con-full e-flex e-con e-child\" data-id=\"03b4e9e\" data-element_type=\"container\" data-e-type=\"container\">\n\t\t<div class=\"elementor-element elementor-element-2163456 e-con-full e-flex e-con e-child\" data-id=\"2163456\" data-element_type=\"container\" data-e-type=\"container\">\n\t\t<div class=\"elementor-element elementor-element-6a1ee3e e-con-full e-flex e-con e-child\" data-id=\"6a1ee3e\" data-element_type=\"container\" data-e-type=\"container\">\n\t\t\t\t<div class=\"elementor-element elementor-element-0ae10fd elementor-widget elementor-widget-heading\" data-id=\"0ae10fd\" data-element_type=\"widget\" data-e-type=\"widget\" data-widget_type=\"heading.default\">\n\t\t\t\t\t<h3 class=\"elementor-heading-title elementor-size-default\">Perpi\u00f1\u00e1n, entre mar y monta\u00f1as<\/h3>\t\t\t\t<\/div>\n\t\t\t\t<div class=\"elementor-element elementor-element-f3cc498 elementor-widget elementor-widget-spacer\" data-id=\"f3cc498\" data-element_type=\"widget\" data-e-type=\"widget\" data-widget_type=\"spacer.default\">\n\t\t\t\t\t\t\t<div class=\"elementor-spacer\">\n\t\t\t<div class=\"elementor-spacer-inner\"><\/div>\n\t\t<\/div>\n\t\t\t\t\t\t<\/div>\n\t\t\t\t<div class=\"elementor-element elementor-element-2b739a4 elementor-widget elementor-widget-text-editor\" data-id=\"2b739a4\" data-element_type=\"widget\" data-e-type=\"widget\" data-widget_type=\"text-editor.default\">\n\t\t\t\t\t\t\t\t\t<p>Situada en el extremo sur de Francia, Perpi\u00f1\u00e1n cuenta con una ubicaci\u00f3n excepcional: a solo 10 minutos del mar Mediterr\u00e1neo, 20 minutos de los Pirineos y 30 minutos de la frontera espa\u00f1ola.<\/p><p> <\/p><p>Situada en medio de aut\u00e9nticos paisajes vitivin\u00edcolas, la ciudad ofrece un entorno \u00fanico donde la dulzura de la vida, la cultura y la naturaleza se unen en armon\u00eda.<\/p><p> <\/p><p>Su patrimonio arquitect\u00f3nico, influencias catalanas y colores soleados la convierten en un destino popular para quienes buscan un entorno vibrante y c\u00e1lido.<\/p><p> <\/p><p>Antigua capital del Reino de Mallorca, Ciudad de Arte e Historia desde 2001, es la ciudad m\u00e1s mediterr\u00e1nea de Francia.<\/p>\t\t\t\t\t\t\t\t<\/div>\n\t\t\t\t<\/div>\n\t\t<div class=\"elementor-element elementor-element-4ebf4d4 e-con-full e-flex e-con e-child\" data-id=\"4ebf4d4\" data-element_type=\"container\" data-e-type=\"container\">\n\t\t\t\t<div class=\"elementor-element elementor-element-445fe64 elementor-widget__width-initial elementor-widget elementor-widget-image\" data-id=\"445fe64\" data-element_type=\"widget\" data-e-type=\"widget\" data-widget_type=\"image.default\">\n\t\t\t\t\t\t\t\t\t\t\t\t\t\t\t<img loading=\"lazy\" decoding=\"async\" width=\"1917\" height=\"2560\" src=\"https:\/\/www.congres-perpignan.com\/wp-content\/uploads\/2026\/03\/Place-de-Verdun-Porte-Notre-Dame-2-scaled.jpg\" class=\"attachment-full size-full wp-image-6845\" alt=\"\" srcset=\"https:\/\/www.congres-perpignan.com\/wp-content\/uploads\/2026\/03\/Place-de-Verdun-Porte-Notre-Dame-2-scaled.jpg 1917w, https:\/\/www.congres-perpignan.com\/wp-content\/uploads\/2026\/03\/Place-de-Verdun-Porte-Notre-Dame-2-225x300.jpg 225w, https:\/\/www.congres-perpignan.com\/wp-content\/uploads\/2026\/03\/Place-de-Verdun-Porte-Notre-Dame-2-767x1024.jpg 767w, https:\/\/www.congres-perpignan.com\/wp-content\/uploads\/2026\/03\/Place-de-Verdun-Porte-Notre-Dame-2-768x1026.jpg 768w, https:\/\/www.congres-perpignan.com\/wp-content\/uploads\/2026\/03\/Place-de-Verdun-Porte-Notre-Dame-2-300x400.jpg 300w, https:\/\/www.congres-perpignan.com\/wp-content\/uploads\/2026\/03\/Place-de-Verdun-Porte-Notre-Dame-2-1150x1536.jpg 1150w, https:\/\/www.congres-perpignan.com\/wp-content\/uploads\/2026\/03\/Place-de-Verdun-Porte-Notre-Dame-2-1534x2048.jpg 1534w\" sizes=\"(max-width: 1917px) 100vw, 1917px\" \/>\t\t\t\t\t\t\t\t\t\t\t\t\t\t\t<\/div>\n\t\t\t\t<\/div>\n\t\t\t\t<div class=\"elementor-element elementor-element-770e6c6 elementor-widget elementor-widget-spacer\" data-id=\"770e6c6\" data-element_type=\"widget\" data-e-type=\"widget\" data-widget_type=\"spacer.default\">\n\t\t\t\t\t\t\t<div class=\"elementor-spacer\">\n\t\t\t<div class=\"elementor-spacer-inner\"><\/div>\n\t\t<\/div>\n\t\t\t\t\t\t<\/div>\n\t\t\t\t<\/div>\n\t\t\t\t<div class=\"elementor-element elementor-element-6d3d853 elementor-widget__width-initial elementor-widget elementor-widget-spacer\" data-id=\"6d3d853\" data-element_type=\"widget\" data-e-type=\"widget\" data-widget_type=\"spacer.default\">\n\t\t\t\t\t\t\t<div class=\"elementor-spacer\">\n\t\t\t<div class=\"elementor-spacer-inner\"><\/div>\n\t\t<\/div>\n\t\t\t\t\t\t<\/div>\n\t\t\t\t<div class=\"elementor-element elementor-element-fad5744 elementor-widget elementor-widget-spacer\" data-id=\"fad5744\" data-element_type=\"widget\" data-e-type=\"widget\" data-widget_type=\"spacer.default\">\n\t\t\t\t\t\t\t<div class=\"elementor-spacer\">\n\t\t\t<div class=\"elementor-spacer-inner\"><\/div>\n\t\t<\/div>\n\t\t\t\t\t\t<\/div>\n\t\t\t\t<\/div>\n\t\t<div class=\"elementor-element elementor-element-a296aac e-con-full e-flex e-con e-child\" data-id=\"a296aac\" data-element_type=\"container\" data-e-type=\"container\">\n\t\t<div class=\"elementor-element elementor-element-8c8584a e-con-full e-flex e-con e-child\" data-id=\"8c8584a\" data-element_type=\"container\" data-e-type=\"container\">\n\t\t\t\t<div class=\"elementor-element elementor-element-e4cb492 elementor-widget elementor-widget-image\" data-id=\"e4cb492\" data-element_type=\"widget\" data-e-type=\"widget\" data-widget_type=\"image.default\">\n\t\t\t\t\t\t\t\t\t\t\t\t\t\t\t<img loading=\"lazy\" decoding=\"async\" width=\"1024\" height=\"768\" src=\"https:\/\/www.congres-perpignan.com\/wp-content\/uploads\/2026\/03\/Pyrenees-Font-Romeu-@NicolasBerthet-1024x768.jpg\" class=\"attachment-large size-large wp-image-6836\" alt=\"\" srcset=\"https:\/\/www.congres-perpignan.com\/wp-content\/uploads\/2026\/03\/Pyrenees-Font-Romeu-@NicolasBerthet-1024x768.jpg 1024w, https:\/\/www.congres-perpignan.com\/wp-content\/uploads\/2026\/03\/Pyrenees-Font-Romeu-@NicolasBerthet-300x225.jpg 300w, https:\/\/www.congres-perpignan.com\/wp-content\/uploads\/2026\/03\/Pyrenees-Font-Romeu-@NicolasBerthet-768x576.jpg 768w, https:\/\/www.congres-perpignan.com\/wp-content\/uploads\/2026\/03\/Pyrenees-Font-Romeu-@NicolasBerthet-1536x1152.jpg 1536w, https:\/\/www.congres-perpignan.com\/wp-content\/uploads\/2026\/03\/Pyrenees-Font-Romeu-@NicolasBerthet-2048x1536.jpg 2048w\" sizes=\"(max-width: 1024px) 100vw, 1024px\" \/>\t\t\t\t\t\t\t\t\t\t\t\t\t\t\t<\/div>\n\t\t\t\t<\/div>\n\t\t<div class=\"elementor-element elementor-element-055d143 e-con-full e-flex e-con e-child\" data-id=\"055d143\" data-element_type=\"container\" data-e-type=\"container\">\n\t\t\t\t<div class=\"elementor-element elementor-element-33cb6b4 elementor-widget__width-initial elementor-widget elementor-widget-spacer\" data-id=\"33cb6b4\" data-element_type=\"widget\" data-e-type=\"widget\" data-widget_type=\"spacer.default\">\n\t\t\t\t\t\t\t<div class=\"elementor-spacer\">\n\t\t\t<div class=\"elementor-spacer-inner\"><\/div>\n\t\t<\/div>\n\t\t\t\t\t\t<\/div>\n\t\t\t\t<div class=\"elementor-element elementor-element-8fe5b12 elementor-widget elementor-widget-image\" data-id=\"8fe5b12\" data-element_type=\"widget\" data-e-type=\"widget\" data-widget_type=\"image.default\">\n\t\t\t\t\t\t\t\t\t\t\t\t\t\t\t<img decoding=\"async\" src=\"https:\/\/www.congres-perpignan.com\/wp-content\/uploads\/elementor\/thumbs\/Cote-Vermeille-Collioure-\u00a9NicolasBerthet-scaled-rk3s0te0f2h0zqg4mtxnjkjp40ec7jtfxyhqseyewc.jpg\" title=\"C\u00f4te Vermeille Collioure \u00a9Nicolas Berthet\" alt=\"C\u00f4te Vermeille Collioure \u00a9Nicolas Berthet\" loading=\"lazy\" \/>\t\t\t\t\t\t\t\t\t\t\t\t\t\t\t<\/div>\n\t\t\t\t<\/div>\n\t\t\t\t<\/div>\n\t\t\t\t<div class=\"elementor-element elementor-element-1fd0b0e elementor-widget elementor-widget-spacer\" data-id=\"1fd0b0e\" data-element_type=\"widget\" data-e-type=\"widget\" data-widget_type=\"spacer.default\">\n\t\t\t\t\t\t\t<div class=\"elementor-spacer\">\n\t\t\t<div class=\"elementor-spacer-inner\"><\/div>\n\t\t<\/div>\n\t\t\t\t\t\t<\/div>\n\t\t\t\t<div class=\"elementor-element elementor-element-4277 elementor-widget-divider--view-line elementor-widget elementor-widget-global elementor-global-4277 elementor-widget-divider\" data-id=\"4277\" data-element_type=\"widget\" data-e-type=\"widget\" data-widget_type=\"divider.default\">\n\t\t\t\t\t\t\t<div class=\"elementor-divider\">\n\t\t\t<span class=\"elementor-divider-separator\">\n\t\t\t\t\t\t<\/span>\n\t\t<\/div>\n\t\t\t\t\t\t<\/div>\n\t\t\t\t<div class=\"elementor-element elementor-element-94767c1 elementor-widget elementor-widget-heading\" data-id=\"94767c1\" data-element_type=\"widget\" data-e-type=\"widget\" data-widget_type=\"heading.default\">\n\t\t\t\t\t<h2 class=\"elementor-heading-title elementor-size-default\">Un destino soleado y\n de f\u00e1cil acceso<\/h2>\t\t\t\t<\/div>\n\t\t\t\t<div class=\"elementor-element elementor-element-a2f3820 elementor-widget elementor-widget-spacer\" data-id=\"a2f3820\" data-element_type=\"widget\" data-e-type=\"widget\" data-widget_type=\"spacer.default\">\n\t\t\t\t\t\t\t<div class=\"elementor-spacer\">\n\t\t\t<div class=\"elementor-spacer-inner\"><\/div>\n\t\t<\/div>\n\t\t\t\t\t\t<\/div>\n\t\t\t\t<div class=\"elementor-element elementor-element-ee7fb67 elementor-widget__width-initial elementor-widget elementor-widget-text-editor\" data-id=\"ee7fb67\" data-element_type=\"widget\" data-e-type=\"widget\" data-widget_type=\"text-editor.default\">\n\t\t\t\t\t\t\t\t\t<p>Perfectamente conectada, Perpi\u00f1\u00e1n cuenta con el aeropuerto Perpi\u00f1\u00e1n\u2013Rivasaltas, situado a solo 6,2 km del centro de la ciudad, as\u00ed como una estaci\u00f3n de TGV que facilita viajes a las principales capitales europeas y grandes ciudades (Par\u00eds, Nantes, Lille, Londres, Bruselas, Dubl\u00edn, Marrakech, etc.).<br>Gracias a esta infraestructura, la ciudad confirma su papel estrat\u00e9gico como cruce de caminos entre el norte y el sur de Europa, reforzando su atractivo econ\u00f3mico, tur\u00edstico y cultural.<\/p>\t\t\t\t\t\t\t\t<\/div>\n\t\t\t\t\t<\/div>\n\t\t\t\t<\/div>\n\t\t\t\t<div class=\"elementor-element elementor-element-58996cb elementor-widget elementor-widget-spacer\" data-id=\"58996cb\" data-element_type=\"widget\" data-e-type=\"widget\" data-widget_type=\"spacer.default\">\n\t\t\t\t\t\t\t<div class=\"elementor-spacer\">\n\t\t\t<div class=\"elementor-spacer-inner\"><\/div>\n\t\t<\/div>\n\t\t\t\t\t\t<\/div>\n\t\t\t\t<\/div>\n\t\t<div class=\"elementor-element elementor-element-8ff356b e-flex e-con-boxed e-con e-parent\" data-id=\"8ff356b\" data-element_type=\"container\" data-e-type=\"container\">\n\t\t\t\t\t<div class=\"e-con-inner\">\n\t\t\t\t<div class=\"elementor-element elementor-element-274f3ea elementor-widget elementor-widget-image\" data-id=\"274f3ea\" data-element_type=\"widget\" data-e-type=\"widget\" data-widget_type=\"image.default\">\n\t\t\t\t\t\t\t\t\t\t\t\t\t\t\t<img decoding=\"async\" src=\"https:\/\/www.congres-perpignan.com\/wp-content\/uploads\/elementor\/thumbs\/Flower-Page-Border-A3-Landscape-Poster-rk3sowywh7fo7vzjktvhmckisuygj4kaofczwau1kg.png\" title=\"Cartel de paisaje A3 con borde de la p\u00e1gina de flores\" alt=\"Cartel de paisaje A3 con borde de la p\u00e1gina de flores\" loading=\"lazy\" \/>\t\t\t\t\t\t\t\t\t\t\t\t\t\t\t<\/div>\n\t\t\t\t<div class=\"elementor-element elementor-element-0aa6221 elementor-widget elementor-widget-spacer\" data-id=\"0aa6221\" data-element_type=\"widget\" data-e-type=\"widget\" data-widget_type=\"spacer.default\">\n\t\t\t\t\t\t\t<div class=\"elementor-spacer\">\n\t\t\t<div class=\"elementor-spacer-inner\"><\/div>\n\t\t<\/div>\n\t\t\t\t\t\t<\/div>\n\t\t\t\t\t<\/div>\n\t\t\t\t<\/div>\n\t\t<div class=\"elementor-element elementor-element-153cc951 e-con-full e-flex e-con e-child\" data-id=\"153cc951\" data-element_type=\"container\" data-e-type=\"container\" data-settings=\"{&quot;background_background&quot;:&quot;classic&quot;}\">\n\t\t\t\t<div class=\"elementor-element elementor-element-2006d2cf elementor-widget elementor-widget-spacer\" data-id=\"2006d2cf\" data-element_type=\"widget\" data-e-type=\"widget\" data-widget_type=\"spacer.default\">\n\t\t\t\t\t\t\t<div class=\"elementor-spacer\">\n\t\t\t<div class=\"elementor-spacer-inner\"><\/div>\n\t\t<\/div>\n\t\t\t\t\t\t<\/div>\n\t\t<div class=\"elementor-element elementor-element-3d963240 e-flex e-con-boxed e-con e-child\" data-id=\"3d963240\" data-element_type=\"container\" data-e-type=\"container\">\n\t\t\t\t\t<div class=\"e-con-inner\">\n\t\t<div class=\"elementor-element elementor-element-4c9b7236 e-con-full e-flex e-con e-child\" data-id=\"4c9b7236\" data-element_type=\"container\" data-e-type=\"container\">\n\t\t\t\t<div class=\"elementor-element elementor-element-2b0d0948 elementor-widget elementor-widget-heading\" data-id=\"2b0d0948\" data-element_type=\"widget\" data-e-type=\"widget\" data-widget_type=\"heading.default\">\n\t\t\t\t\t<p class=\"elementor-heading-title elementor-size-default\">Cont\u00e1ctanos<\/p>\t\t\t\t<\/div>\n\t\t\t\t<div class=\"elementor-element elementor-element-1981561d elementor-widget elementor-widget-text-editor\" data-id=\"1981561d\" data-element_type=\"widget\" data-e-type=\"widget\" data-widget_type=\"text-editor.default\">\n\t\t\t\t\t\t\t\t\t<p>Para m\u00e1s informaci\u00f3n<br>congrexpo@congres-perpignan.com<\/p>\t\t\t\t\t\t\t\t<\/div>\n\t\t\t\t<div class=\"elementor-element elementor-element-5c18a707 elementor-widget elementor-widget-spacer\" data-id=\"5c18a707\" data-element_type=\"widget\" data-e-type=\"widget\" data-widget_type=\"spacer.default\">\n\t\t\t\t\t\t\t<div class=\"elementor-spacer\">\n\t\t\t<div class=\"elementor-spacer-inner\"><\/div>\n\t\t<\/div>\n\t\t\t\t\t\t<\/div>\n\t\t\t\t<div class=\"elementor-element elementor-element-74887a22 elementor-align-right elementor-widget elementor-widget-button\" data-id=\"74887a22\" data-element_type=\"widget\" data-e-type=\"widget\" data-widget_type=\"button.default\">\n\t\t\t\t\t\t\t\t\t\t<a class=\"elementor-button elementor-button-link elementor-size-sm\" href=\"mailto:congrexpo@congres-perpignan.com\" target=\"_blank\">\n\t\t\t\t\t\t<span class=\"elementor-button-content-wrapper\">\n\t\t\t\t\t\t\t\t\t<span class=\"elementor-button-text\">Contacto<\/span>\n\t\t\t\t\t<\/span>\n\t\t\t\t\t<\/a>\n\t\t\t\t\t\t\t\t<\/div>\n\t\t\t\t<\/div>\n\t\t<div class=\"elementor-element elementor-element-61504a60 e-con-full e-flex e-con e-child\" data-id=\"61504a60\" data-element_type=\"container\" data-e-type=\"container\">\n\t\t\t\t<div class=\"elementor-element elementor-element-1c1ecfdb elementor-hidden-mobile elementor-widget elementor-widget-image\" data-id=\"1c1ecfdb\" data-element_type=\"widget\" data-e-type=\"widget\" data-widget_type=\"image.default\">\n\t\t\t\t\t\t\t\t\t\t\t\t\t\t\t<img loading=\"lazy\" decoding=\"async\" width=\"1024\" height=\"1024\" src=\"https:\/\/www.congres-perpignan.com\/wp-content\/uploads\/2025\/12\/Favicon.png\" class=\"attachment-large size-large wp-image-6327\" alt=\"\" srcset=\"https:\/\/www.congres-perpignan.com\/wp-content\/uploads\/2025\/12\/Favicon.png 1024w, https:\/\/www.congres-perpignan.com\/wp-content\/uploads\/2025\/12\/Favicon-300x300.png 300w, https:\/\/www.congres-perpignan.com\/wp-content\/uploads\/2025\/12\/Favicon-150x150.png 150w, https:\/\/www.congres-perpignan.com\/wp-content\/uploads\/2025\/12\/Favicon-768x768.png 768w\" sizes=\"(max-width: 1024px) 100vw, 1024px\" \/>\t\t\t\t\t\t\t\t\t\t\t\t\t\t\t<\/div>\n\t\t\t\t<\/div>\n\t\t\t\t\t<\/div>\n\t\t\t\t<\/div>\n\t\t\t\t<div class=\"elementor-element elementor-element-227e6aa6 elementor-widget elementor-widget-spacer\" data-id=\"227e6aa6\" data-element_type=\"widget\" data-e-type=\"widget\" data-widget_type=\"spacer.default\">\n\t\t\t\t\t\t\t<div class=\"elementor-spacer\">\n\t\t\t<div class=\"elementor-spacer-inner\"><\/div>\n\t\t<\/div>\n\t\t\t\t\t\t<\/div>\n\t\t\t\t<\/div>\n\t\t\t\t<\/div>\n\t\t","protected":false},"excerpt":{"rendered":"<p>\u00bfQui\u00e9nessomos? Perpi\u00f1\u00e1n Congr\u00e8s Expo, organizadora y gestora de 3 establecimientos excepcionales, te ofrece espacios de calidad para acoger congresos, seminarios, ferias p\u00fablicas, ferias, veladas de gala, exposiciones o eventos deportivos, con tarifas competitivas y servicios personalizados adaptados a tus necesidades. Tres ubicaciones, posibilidades infinitas El Palais des Congr\u00e8s El Palais des Congr\u00e8s, situado en el [&hellip;]<\/p>\n","protected":false},"author":1,"featured_media":5965,"parent":6816,"menu_order":0,"comment_status":"closed","ping_status":"closed","template":"","meta":{"inline_featured_image":false,"footnotes":""},"class_list":["post-6823","page","type-page","status-publish","has-post-thumbnail","hentry"],"_links":{"self":[{"href":"https:\/\/www.congres-perpignan.com\/es\/wp-json\/wp\/v2\/pages\/6823","targetHints":{"allow":["GET"]}}],"collection":[{"href":"https:\/\/www.congres-perpignan.com\/es\/wp-json\/wp\/v2\/pages"}],"about":[{"href":"https:\/\/www.congres-perpignan.com\/es\/wp-json\/wp\/v2\/types\/page"}],"author":[{"embeddable":true,"href":"https:\/\/www.congres-perpignan.com\/es\/wp-json\/wp\/v2\/users\/1"}],"replies":[{"embeddable":true,"href":"https:\/\/www.congres-perpignan.com\/es\/wp-json\/wp\/v2\/comments?post=6823"}],"version-history":[{"count":4,"href":"https:\/\/www.congres-perpignan.com\/es\/wp-json\/wp\/v2\/pages\/6823\/revisions"}],"predecessor-version":[{"id":7729,"href":"https:\/\/www.congres-perpignan.com\/es\/wp-json\/wp\/v2\/pages\/6823\/revisions\/7729"}],"up":[{"embeddable":true,"href":"https:\/\/www.congres-perpignan.com\/es\/wp-json\/wp\/v2\/pages\/6816"}],"wp:featuredmedia":[{"embeddable":true,"href":"https:\/\/www.congres-perpignan.com\/es\/wp-json\/wp\/v2\/media\/5965"}],"wp:attachment":[{"href":"https:\/\/www.congres-perpignan.com\/es\/wp-json\/wp\/v2\/media?parent=6823"}],"curies":[{"name":"wp","href":"https:\/\/api.w.org\/{rel}","templated":true}]}}