{"id":6493,"date":"2026-01-30T09:53:18","date_gmt":"2026-01-30T08:53:18","guid":{"rendered":"https:\/\/www.congres-perpignan.com\/sala-de-prensa\/"},"modified":"2026-04-01T09:28:57","modified_gmt":"2026-04-01T07:28:57","slug":"sala-de-prensa","status":"publish","type":"page","link":"https:\/\/www.congres-perpignan.com\/es\/sala-de-prensa\/","title":{"rendered":"Sala de prensa"},"content":{"rendered":"\t\t<div data-elementor-type=\"wp-page\" data-elementor-id=\"6493\" class=\"elementor elementor-6493 elementor-2324\" data-elementor-post-type=\"page\">\n\t\t\t\t<div class=\"elementor-element elementor-element-46eb212d e-flex e-con-boxed e-con e-parent\" data-id=\"46eb212d\" data-element_type=\"container\" data-e-type=\"container\">\n\t\t\t\t\t<div class=\"e-con-inner\">\n\t\t\t\t<div class=\"elementor-element elementor-element-6c7475d elementor-widget elementor-widget-spacer\" data-id=\"6c7475d\" data-element_type=\"widget\" data-e-type=\"widget\" data-widget_type=\"spacer.default\">\n\t\t\t\t\t\t\t<div class=\"elementor-spacer\">\n\t\t\t<div class=\"elementor-spacer-inner\"><\/div>\n\t\t<\/div>\n\t\t\t\t\t\t<\/div>\n\t\t\t\t<div class=\"elementor-element elementor-element-8bf845f elementor-widget elementor-widget-heading\" data-id=\"8bf845f\" data-element_type=\"widget\" data-e-type=\"widget\" data-widget_type=\"heading.default\">\n\t\t\t\t\t<h2 class=\"elementor-heading-title elementor-size-default\">\u00c1rea de prensa<\/h2>\t\t\t\t<\/div>\n\t\t\t\t<div class=\"elementor-element elementor-element-2fa4cfe elementor-widget elementor-widget-spacer\" data-id=\"2fa4cfe\" data-element_type=\"widget\" data-e-type=\"widget\" data-widget_type=\"spacer.default\">\n\t\t\t\t\t\t\t<div class=\"elementor-spacer\">\n\t\t\t<div class=\"elementor-spacer-inner\"><\/div>\n\t\t<\/div>\n\t\t\t\t\t\t<\/div>\n\t\t\t\t<div class=\"elementor-element elementor-element-581caed elementor-widget elementor-widget-text-editor\" data-id=\"581caed\" data-element_type=\"widget\" data-e-type=\"widget\" data-widget_type=\"text-editor.default\">\n\t\t\t\t\t\t\t\t\t<p data-start=\"227\" data-end=\"458\">Este espacio est\u00e1 dedicado a periodistas, medios de comunicaci\u00f3n y socios que desean conocer las noticias, eventos y momentos destacados organizados en nuestros establecimientos.<\/p>\n<p data-start=\"460\" data-end=\"556\">Encontrar\u00e1s todos los <strong data-start=\"492\" data-end=\"513\">recursos \u00fatiles<\/strong> para preparar tus art\u00edculos e informes:<\/p>\n<ul data-start=\"557\" data-end=\"743\">\n<li data-start=\"557\" data-end=\"594\">\n<p data-start=\"559\" data-end=\"594\">Notas de prensa y kits de prensa<\/p>\n<\/li>\n<li data-start=\"595\" data-end=\"633\">\n<p data-start=\"597\" data-end=\"633\">Noticias y anuncios oficiales<\/p>\n<\/li>\n<li data-start=\"634\" data-end=\"677\">\n<p data-start=\"636\" data-end=\"677\">Informaci\u00f3n clave sobre la Expo del Congr\u00e8s de Perpi\u00f1\u00e1n<\/p>\n<\/li>\n<li data-start=\"678\" data-end=\"725\">\n<p data-start=\"680\" data-end=\"725\">Im\u00e1genes, logotipos y materiales de comunicaci\u00f3n<\/p>\n<\/li>\n<li data-start=\"726\" data-end=\"743\">\n<p data-start=\"728\" data-end=\"743\">Contactos de prensa<\/p>\n<\/li>\n<\/ul>\n<p data-start=\"745\" data-end=\"1073\">Situada en el coraz\u00f3n de los Pirineos Orientales, <strong data-start=\"784\" data-end=\"805\">la Expo Congr\u00e8s de Perpi\u00f1\u00e1n<\/strong> es un actor principal en los eventos profesionales, culturales e institucionales de la regi\u00f3n. Cada a\u00f1o, organizamos congresos, ferias, ferias y eventos de gran envergadura, contribuyendo a la influencia econ\u00f3mica y tur\u00edstica de Perpi\u00f1\u00e1n y su regi\u00f3n. <\/p>\n<p data-start=\"1075\" data-end=\"1186\">Nuestro equipo est\u00e1 a su disposici\u00f3n para cualquier <strong data-start=\"1128\" data-end=\"1185\">solicitud de informaci\u00f3n, entrevistas o acreditaci\u00f3n<\/strong>.<\/p>\t\t\t\t\t\t\t\t<\/div>\n\t\t\t\t\t<\/div>\n\t\t\t\t<\/div>\n\t\t\t\t<\/div>\n\t\t","protected":false},"excerpt":{"rendered":"<p>\u00c1rea de prensa Este espacio est\u00e1 dedicado a periodistas, medios de comunicaci\u00f3n y socios que desean conocer las noticias, eventos y momentos destacados organizados en nuestros establecimientos. Encontrar\u00e1s todos los recursos \u00fatiles para preparar tus art\u00edculos e informes: Notas de prensa y kits de prensa Noticias y anuncios oficiales Informaci\u00f3n clave sobre la Expo del [&hellip;]<\/p>\n","protected":false},"author":2,"featured_media":0,"parent":0,"menu_order":0,"comment_status":"closed","ping_status":"closed","template":"","meta":{"inline_featured_image":false,"footnotes":""},"class_list":["post-6493","page","type-page","status-publish","hentry"],"_links":{"self":[{"href":"https:\/\/www.congres-perpignan.com\/es\/wp-json\/wp\/v2\/pages\/6493","targetHints":{"allow":["GET"]}}],"collection":[{"href":"https:\/\/www.congres-perpignan.com\/es\/wp-json\/wp\/v2\/pages"}],"about":[{"href":"https:\/\/www.congres-perpignan.com\/es\/wp-json\/wp\/v2\/types\/page"}],"author":[{"embeddable":true,"href":"https:\/\/www.congres-perpignan.com\/es\/wp-json\/wp\/v2\/users\/2"}],"replies":[{"embeddable":true,"href":"https:\/\/www.congres-perpignan.com\/es\/wp-json\/wp\/v2\/comments?post=6493"}],"version-history":[{"count":2,"href":"https:\/\/www.congres-perpignan.com\/es\/wp-json\/wp\/v2\/pages\/6493\/revisions"}],"predecessor-version":[{"id":6499,"href":"https:\/\/www.congres-perpignan.com\/es\/wp-json\/wp\/v2\/pages\/6493\/revisions\/6499"}],"wp:attachment":[{"href":"https:\/\/www.congres-perpignan.com\/es\/wp-json\/wp\/v2\/media?parent=6493"}],"curies":[{"name":"wp","href":"https:\/\/api.w.org\/{rel}","templated":true}]}}