{"id":6428,"date":"2026-01-30T09:57:30","date_gmt":"2026-01-30T08:57:30","guid":{"rendered":"https:\/\/www.congres-perpignan.com\/prm\/"},"modified":"2026-04-01T09:27:56","modified_gmt":"2026-04-01T07:27:56","slug":"prm","status":"publish","type":"page","link":"https:\/\/www.congres-perpignan.com\/es\/prm\/","title":{"rendered":"PRM"},"content":{"rendered":"\t\t<div data-elementor-type=\"wp-page\" data-elementor-id=\"6428\" class=\"elementor elementor-6428 elementor-2328\" data-elementor-post-type=\"page\">\n\t\t\t\t<div class=\"elementor-element elementor-element-5b35c62b e-flex e-con-boxed e-con e-parent\" data-id=\"5b35c62b\" data-element_type=\"container\" data-e-type=\"container\">\n\t\t\t\t\t<div class=\"e-con-inner\">\n\t\t\t\t<div class=\"elementor-element elementor-element-03beda0 elementor-widget elementor-widget-spacer\" data-id=\"03beda0\" data-element_type=\"widget\" data-e-type=\"widget\" data-widget_type=\"spacer.default\">\n\t\t\t\t\t\t\t<div class=\"elementor-spacer\">\n\t\t\t<div class=\"elementor-spacer-inner\"><\/div>\n\t\t<\/div>\n\t\t\t\t\t\t<\/div>\n\t\t\t\t<div class=\"elementor-element elementor-element-4f79d48 elementor-widget elementor-widget-heading\" data-id=\"4f79d48\" data-element_type=\"widget\" data-e-type=\"widget\" data-widget_type=\"heading.default\">\n\t\t\t\t\t<h2 class=\"elementor-heading-title elementor-size-default\">Acceso PRM<\/h2>\t\t\t\t<\/div>\n\t\t\t\t<div class=\"elementor-element elementor-element-e7308fb elementor-widget elementor-widget-spacer\" data-id=\"e7308fb\" data-element_type=\"widget\" data-e-type=\"widget\" data-widget_type=\"spacer.default\">\n\t\t\t\t\t\t\t<div class=\"elementor-spacer\">\n\t\t\t<div class=\"elementor-spacer-inner\"><\/div>\n\t\t<\/div>\n\t\t\t\t\t\t<\/div>\n\t\t\t\t<div class=\"elementor-element elementor-element-79cc3bde elementor-widget elementor-widget-text-editor\" data-id=\"79cc3bde\" data-element_type=\"widget\" data-e-type=\"widget\" data-widget_type=\"text-editor.default\">\n\t\t\t\t\t\t\t\t\t<p data-start=\"156\" data-end=\"369\"><strong data-start=\"156\" data-end=\"177\">Perpignan Congr\u00e8s Expo<\/strong> est\u00e1 comprometido a dar la bienvenida a todos los p\u00fablicos en las mejores condiciones. Todos nuestros espacios est\u00e1n dise\u00f1ados para garantizar una <strong data-start=\"303\" data-end=\"368\">accesibilidad \u00f3ptima para personas con movilidad reducida (PRM).<\/strong><\/p>\r\n<p data-start=\"371\" data-end=\"411\">Nuestro equipo incluye:<\/p>\r\n\r\n<ul data-start=\"412\" data-end=\"624\">\r\n \t<li data-start=\"412\" data-end=\"458\">\r\n<p data-start=\"414\" data-end=\"458\">Acceso en el mismo nivel o por rampas adaptadas<\/p>\r\n<\/li>\r\n \t<li data-start=\"459\" data-end=\"501\">\r\n<p data-start=\"461\" data-end=\"501\">Ascensores accesibles y circulaci\u00f3n<\/p>\r\n<\/li>\r\n \t<li data-start=\"502\" data-end=\"524\">\r\n<p data-start=\"504\" data-end=\"524\">Instalaciones sanitarias adaptadas<\/p>\r\n<\/li>\r\n \t<li data-start=\"525\" data-end=\"561\">\r\n<p data-start=\"527\" data-end=\"561\">Plazas reservadas en las habitaciones<\/p>\r\n<\/li>\r\n \t<li data-start=\"562\" data-end=\"624\">\r\n<p data-start=\"564\" data-end=\"624\">Personal capacitado disponible para acompa\u00f1ar a los visitantes<\/p>\r\n<\/li>\r\n<\/ul>\r\n<p data-start=\"626\" data-end=\"766\">Nuestro equipo est\u00e1 a su disposici\u00f3n para cualquier <strong data-start=\"676\" data-end=\"698\">solicitud<\/strong> espec\u00edfica que facilite su llegada y su recepci\u00f3n durante los eventos.<\/p>\r\n<p data-start=\"768\" data-end=\"841\">\ud83d\udce9 Para cualquier informaci\u00f3n adicional, no dudes en ponerte en contacto con nosotros.<\/p>\t\t\t\t\t\t\t\t<\/div>\n\t\t\t\t\t<\/div>\n\t\t\t\t<\/div>\n\t\t\t\t<\/div>\n\t\t","protected":false},"excerpt":{"rendered":"<p>Acceso PRM Perpignan Congr\u00e8s Expo est\u00e1 comprometido a dar la bienvenida a todos los p\u00fablicos en las mejores condiciones. Todos nuestros espacios est\u00e1n dise\u00f1ados para garantizar una accesibilidad \u00f3ptima para personas con movilidad reducida (PRM). Nuestro equipo incluye: Acceso en el mismo nivel o por rampas adaptadas Ascensores accesibles y circulaci\u00f3n Instalaciones sanitarias adaptadas Plazas [&hellip;]<\/p>\n","protected":false},"author":2,"featured_media":0,"parent":0,"menu_order":0,"comment_status":"closed","ping_status":"closed","template":"","meta":{"inline_featured_image":false,"footnotes":""},"class_list":["post-6428","page","type-page","status-publish","hentry"],"_links":{"self":[{"href":"https:\/\/www.congres-perpignan.com\/es\/wp-json\/wp\/v2\/pages\/6428","targetHints":{"allow":["GET"]}}],"collection":[{"href":"https:\/\/www.congres-perpignan.com\/es\/wp-json\/wp\/v2\/pages"}],"about":[{"href":"https:\/\/www.congres-perpignan.com\/es\/wp-json\/wp\/v2\/types\/page"}],"author":[{"embeddable":true,"href":"https:\/\/www.congres-perpignan.com\/es\/wp-json\/wp\/v2\/users\/2"}],"replies":[{"embeddable":true,"href":"https:\/\/www.congres-perpignan.com\/es\/wp-json\/wp\/v2\/comments?post=6428"}],"version-history":[{"count":2,"href":"https:\/\/www.congres-perpignan.com\/es\/wp-json\/wp\/v2\/pages\/6428\/revisions"}],"predecessor-version":[{"id":6430,"href":"https:\/\/www.congres-perpignan.com\/es\/wp-json\/wp\/v2\/pages\/6428\/revisions\/6430"}],"wp:attachment":[{"href":"https:\/\/www.congres-perpignan.com\/es\/wp-json\/wp\/v2\/media?parent=6428"}],"curies":[{"name":"wp","href":"https:\/\/api.w.org\/{rel}","templated":true}]}}