{"id":8725,"date":"2026-01-15T11:27:22","date_gmt":"2026-01-15T10:27:22","guid":{"rendered":"https:\/\/www.congres-perpignan.com\/avis-legal\/"},"modified":"2026-04-28T16:48:21","modified_gmt":"2026-04-28T14:48:21","slug":"avis-legal","status":"publish","type":"page","link":"https:\/\/www.congres-perpignan.com\/ca\/avis-legal\/","title":{"rendered":"Av\u00eds legal"},"content":{"rendered":"\t\t<div data-elementor-type=\"wp-page\" data-elementor-id=\"8725\" class=\"elementor elementor-8725 elementor-1271\" data-elementor-post-type=\"page\">\n\t\t\t\t<div class=\"elementor-element elementor-element-8574fef e-flex e-con-boxed e-con e-parent\" data-id=\"8574fef\" data-element_type=\"container\" data-e-type=\"container\">\n\t\t\t\t\t<div class=\"e-con-inner\">\n\t\t\t\t<div class=\"elementor-element elementor-element-60cc0ed elementor-widget elementor-widget-spacer\" data-id=\"60cc0ed\" data-element_type=\"widget\" data-e-type=\"widget\" data-widget_type=\"spacer.default\">\n\t\t\t\t\t\t\t<div class=\"elementor-spacer\">\n\t\t\t<div class=\"elementor-spacer-inner\"><\/div>\n\t\t<\/div>\n\t\t\t\t\t\t<\/div>\n\t\t\t\t<div class=\"elementor-element elementor-element-ddfef46 elementor-widget elementor-widget-heading\" data-id=\"ddfef46\" data-element_type=\"widget\" data-e-type=\"widget\" data-widget_type=\"heading.default\">\n\t\t\t\t\t<h1 class=\"elementor-heading-title elementor-size-default\">Av\u00eds legal<\/h1>\t\t\t\t<\/div>\n\t\t\t\t<div class=\"elementor-element elementor-element-1d7cf78 elementor-widget elementor-widget-spacer\" data-id=\"1d7cf78\" data-element_type=\"widget\" data-e-type=\"widget\" data-widget_type=\"spacer.default\">\n\t\t\t\t\t\t\t<div class=\"elementor-spacer\">\n\t\t\t<div class=\"elementor-spacer-inner\"><\/div>\n\t\t<\/div>\n\t\t\t\t\t\t<\/div>\n\t\t\t\t<div class=\"elementor-element elementor-element-89801f8 elementor-widget elementor-widget-text-editor\" data-id=\"89801f8\" data-element_type=\"widget\" data-e-type=\"widget\" data-widget_type=\"text-editor.default\">\n\t\t\t\t\t\t\t\t\t<p><span style=\"font-weight: 400;\">Si us plau, llegiu atentament els diferents termes i condicions d&#8217;\u00fas d&#8217;aquest lloc abans de navegar per les seves p\u00e0gines. En connectar-te a aquest lloc, acceptes sense reserves aquests termes i condicions. A m\u00e9s, d&#8217;acord amb l&#8217;article n\u00fam. 6 de la Llei n\u00fam. 2004-575 de 21 de juny de 2004 sobre confian\u00e7a en l&#8217;economia digital, les persones responsables d&#8217;aquest <span style=\"color: #000000;\"><strong>www.congres-perpignan.com<\/strong><\/span> lloc web<\/span><span style=\"font-weight: 400;\"><span style=\"color: #000000;\"> <\/span>s\u00f3n:<\/span><\/p><h2> <\/h2><h2><span style=\"font-weight: 400;\">Editor del lloc web:<\/span><\/h2><p><span style=\"font-weight: 400;\"><span style=\"color: #000000;\"><strong>N\u00famero SIRET de l&#8217;Expo Congr\u00e8s de Perpiny\u00e0<\/strong><\/span> : 200 028 470 000 17<\/span><span style=\"font-weight: 400;\"> Adre\u00e7a: Place Armand Lanoux 66000 PERPINY\u00c0 <\/span> <\/p><p><span style=\"font-weight: 400;\">Tel\u00e8fon: <a class=\"\" href=\"tel:0468682626\" aria-label=\"T\u00e9l\u00e9phone 04 68 68 26 26\">04 68 68 26 26 Correu electr\u00f2nic<\/a> : <strong><a href=\"mailto:congrexpo@congres-perpignan.com\">congrexpo@congres-perpignan.com<\/a><\/strong> Lloc web: <a href=\"http:\/\/www.congres-perpignan.com\/ca\/\"><span style=\"color: #000000;\"><strong>www.congres-perpignan.com<\/strong><\/span><\/a><\/span><\/p><h2> <\/h2><h2><span style=\"font-weight: 400;\">Allotjament:<\/span><\/h2><p><span style=\"font-weight: 400;\"><strong>Presentador:<\/strong> Consells h\u00edbrids per construir Espadon Veler 1 bd. Lloc web de Kennedy 66100 Perpiny\u00e0: <a href=\"https:\/\/www.hybride-conseil.fr\" target=\"_blank\" rel=\"noopener\">www.hybride-conseil.fr<\/a> <\/span><\/p><h2> <\/h2><h2><span style=\"font-weight: 400;\">Desenvolupament:<\/span><\/h2><p><span style=\"font-weight: 400;\">Hybride Conseil, Adre\u00e7a: Espadon Voilier edifici 1 dormitori. Lloc web de Kennedy 66100 Perpiny\u00e0: <a href=\"https:\/\/www.hybride-conseil.fr\" target=\"_blank\" rel=\"noopener\">www.hybride-conseil.fr<\/a> <\/span><\/p><h2> <\/h2><h2><span style=\"font-weight: 400;\">Termes d&#8217;\u00fas:<\/span><\/h2><p><span style=\"font-weight: 400;\">Aquest lloc (<span style=\"color: #000000;\"><strong>www.congres-perpignan.com<\/strong><\/span><\/span><span style=\"font-weight: 400;\">) s&#8217;ofereix en diferents llenguatges web (HTML, HTML5, Javascript, CSS, etc.) per a una millor comoditat d&#8217;\u00fas i uns gr\u00e0fics m\u00e9s agradables, recomanem que utilitzis navegadors moderns com Edge, Safari, Firefox, Google Chrome, etc&#8230; L&#8217;av\u00eds legal es va generar al generador d&#8217;av\u00eds legal, ofert per DeeZigne. <\/span><strong><span style=\"color: #000000;\">L&#8217;Expo Congr\u00e8s de Perpiny\u00e0<\/span><\/strong><span style=\"font-weight: 400;\"> implementa tots els mitjans al seu abast per garantir informaci\u00f3 fiable i una actualitzaci\u00f3 fiable del seu lloc web. Tanmateix, poden produir-se errors o omissions. Per tant, l&#8217;usuari d&#8217;Internet ha de garantir l&#8217;exactitud de la informaci\u00f3 i informar de qualsevol canvi al lloc que consideri \u00fatil. <\/span><span style=\"color: #000000;\"><strong>L&#8217;Expo Congr\u00e8s de Perpiny\u00e0<\/strong><\/span> <span style=\"font-weight: 400;\">no<span style=\"color: #000000;\"><strong> <\/strong><\/span>\u00e9s en cap cas responsable de l&#8217;\u00fas d&#8217;aquesta informaci\u00f3, ni de qualsevol dany directe o indirecte que en pugui derivar. <\/span> <\/p><p><span style=\"font-weight: 400;\"><strong>Galetes:<\/strong> El www.congres-perpignan.com del lloc <span style=\"color: #000000;\"><strong>pot demanar-te<\/strong><\/span><\/span><span style=\"font-weight: 400;\"> que acceptis galetes per a finalitats estad\u00edstiques i de visualitzaci\u00f3. Una galeta \u00e9s una informaci\u00f3 col\u00b7locada al teu disc dur pel servidor del lloc que est\u00e0s visitant. Cont\u00e9 diverses dades que s&#8217;emmagatzemen al teu ordinador en un simple fitxer de text al qual un servidor accedeix per llegir i desar la informaci\u00f3. Algunes parts d&#8217;aquest lloc web no poden funcionar sense l&#8217;acceptaci\u00f3 de galetes. <\/span> <\/p><p><span style=\"font-weight: 400;\"><strong>Enlla\u00e7os d&#8217;hipertext:<\/strong> El <span style=\"color: #000000;\">lloc web <strong>de l&#8217;Expo del Congr\u00e8s de Perpiny\u00e0 <\/strong><\/span> <\/span><span style=\"font-weight: 400;\">pot proporcionar enlla\u00e7os a altres llocs web o altres recursos disponibles a Internet. <span style=\"color: #000000;\"><strong>Expo de Congr\u00e9s de Perpiny\u00e0<\/strong><\/span><\/span><span style=\"font-weight: 400;\"> no t\u00e9 cap mitj\u00e0 per controlar els llocs connectats al seu lloc web. <\/span><span style=\"color: #000000;\"><strong>Perpiny\u00e0 Congr\u00e8s Expo<\/strong><\/span><span style=\"font-weight: 400;\"> no \u00e9s responsable de la disponibilitat d&#8217;aquests llocs i fonts externes, ni ho garanteix. No es pot fer responsable de cap dany de cap mena resultant del contingut d&#8217;aquests llocs o fonts externes, i en particular de la informaci\u00f3, productes o serveis que ofereixen, ni de qualsevol \u00fas que es pugui fer d&#8217;aquests elements. Els riscos associats a aquest \u00fas s\u00f3n completament responsabilitat de l&#8217;usuari d&#8217;Internet, que ha de complir els seus termes d&#8217;\u00fas. Els usuaris, subscriptors i visitants dels llocs web no poden establir un enlla\u00e7 a aquest lloc sense l&#8217;autoritzaci\u00f3 pr\u00e8via expressa de <span style=\"color: #000000;\"><strong>Perpignan Congr\u00e8s Expo<\/strong><\/span><\/span><span style=\"font-weight: 400;\">. En cas que un usuari o visitant vulgui crear un enlla\u00e7 al <span style=\"color: #000000;\">lloc web <strong>de l&#8217;Expo Congr\u00e8s de Perpiny\u00e0<\/strong><\/span><\/span><span style=\"font-weight: 400;\">, ser\u00e0 responsabilitat de l&#8217;usuari enviar un correu electr\u00f2nic accessible al lloc per sol\u00b7licitar la creaci\u00f3 d&#8217;un enlla\u00e7. <span style=\"color: #000000;\"><strong>Expo de Congr\u00e9s de Perpiny\u00e0<\/strong><\/span><\/span><span style=\"font-weight: 400;\"> es reserva el dret d&#8217;acceptar o rebutjar un hipervincle sense haver de justificar la seva decisi\u00f3.<\/span><\/p><h2> <\/h2><h2><span style=\"font-weight: 400;\">Serveis proporcionats:<\/span><\/h2><p><span style=\"font-weight: 400;\">Tota la informaci\u00f3 sobre <span style=\"color: #000000;\"><strong>l&#8217;Expo Congr\u00e8s de Perpiny\u00e0<\/strong><\/span><\/span><span style=\"font-weight: 400;\"> , aix\u00ed com la seva informaci\u00f3, es presenta al nostre lloc <span style=\"color: #000000;\"><strong>web www.congres-perpignan.com<\/strong><\/span><\/span><span style=\"font-weight: 400;\">.<\/span><\/p><p><span style=\"font-weight: 400;\"><span style=\"color: #000000;\"><strong>L&#8217;Expo Congr\u00e8s de Perpiny\u00e0<\/strong><\/span> s&#8217;esfor\u00e7a per proporcionar al <span style=\"color: #000000;\"><strong>lloc www.congres-perpignan.com<\/strong><\/span><\/span><span style=\"font-weight: 400;\"> informaci\u00f3 tan precisa com sigui possible. La informaci\u00f3 que apareix al <span style=\"color: #000000;\"><strong>www.congres-perpignan.com<\/strong><\/span><\/span><span style=\"font-weight: 400;\"> no \u00e9s exhaustiva i les fotos no s\u00f3n contractuals. Estan subjectes a canvis que s&#8217;han fet des que es van posar en l\u00ednia. A m\u00e9s, tota la informaci\u00f3 indicada al <span style=\"color: #000000;\"><strong>www.congres-perpignan.com<\/strong><\/span> web<\/span><span style=\"font-weight: 400;\"> es proporciona nom\u00e9s amb finalitats informatives i pot canviar o evolucionar sense av\u00eds previ.<\/span><\/p><h2> <\/h2><h2><span style=\"font-weight: 400;\">Limitacions contractuals sobre les dades:<\/span><\/h2><p><span style=\"font-weight: 400;\">La informaci\u00f3 continguda en aquest lloc \u00e9s tan precisa com \u00e9s possible i el lloc s&#8217;actualitza en diferents \u00e8poques de l&#8217;any, per\u00f2 pot contenir inexactituds o omissions. Si notes un buit, error o el que sembla ser una avaria, si us plau, informa-ho per correu electr\u00f2nic, a <strong><a href=\"mailto:congrexpo@congres-perpignan.com\">l&#8217;adre\u00e7a congrexpo@congres-perpignan.com<\/a><\/strong> , descrivint el problema amb la m\u00e0xima precisi\u00f3 possible (p\u00e0gina que causa el problema, tipus d&#8217;ordinador i navegador utilitzat, etc.). Qualsevol contingut descarregat es fa sota la responsabilitat de l&#8217;usuari i sota la seva exclusiva responsabilitat. Per tant, no es pot fer responsable de cap dany patit per l&#8217;ordinador de l&#8217;usuari ni de cap p\u00e8rdua de dades despr\u00e9s de la desc\u00e0rrega. A m\u00e9s, l&#8217;usuari del lloc web es compromet a accedir-hi utilitzant equips recents, que no cont\u00e9 virus i amb un navegador de darrera generaci\u00f3 actualitzat. Els enlla\u00e7os d&#8217;hipertext establerts dins del marc d&#8217;aquest lloc web a altres recursos d&#8217;Internet no assumeixen la responsabilitat de <span style=\"color: #000000;\"><strong>Perpignan Congr\u00e8s Expo<\/strong><\/span>     <\/span><span style=\"font-weight: 400;\">.<\/span><\/p><h2> <\/h2><h2><span style=\"font-weight: 400;\">Propietat intel\u00b7lectual:<\/span><\/h2><p><span style=\"font-weight: 400;\">Tot el contingut d&#8217;aquest document al <span style=\"color: #000000;\"><strong>www.congres-perpignan.com<\/strong><\/span> web<\/span><span style=\"font-weight: 400;\">, incloent, per\u00f2 no limitant-se a, gr\u00e0fics, imatges, textos, v\u00eddeos, animacions, sons, logotips, gifs i icones, aix\u00ed com el seu format, \u00e9s propietat exclusiva de <\/span><span style=\"color: #000000;\"><strong>Perpignan Congr\u00e8s Expo<\/strong><\/span><span style=\"font-weight: 400;\">, excepte marques comercials, logotips o contingut que pertany a organitzacions o empreses o autors socis. Qualsevol reproducci\u00f3, distribuci\u00f3, modificaci\u00f3, adaptaci\u00f3, retransmissi\u00f3 o publicaci\u00f3, encara que sigui parcial, d&#8217;aquests diversos elements est\u00e0 estrictament prohibida sense el consentiment expr\u00e9s i escrit de <span style=\"color: #000000;\"><strong>l&#8217;Expo de Perpiny\u00e0<\/strong><\/span><\/span><span style=\"font-weight: 400;\">. Aquesta representaci\u00f3 o reproducci\u00f3, per qualsevol proc\u00e9s, constitueix una infracci\u00f3 castigada pels articles L.3335-2 i seg\u00fcents del Codi de Propietat Intel\u00b7lectual. El no compliment d&#8217;aquesta prohibici\u00f3 constitueix una infracci\u00f3 que pot implicar la responsabilitat civil i penal del falsificador. A m\u00e9s, els propietaris del contingut Copycat poden emprendre accions legals contra tu.<\/span><\/p><h2> <\/h2><h2><span style=\"font-weight: 400;\">Declaraci\u00f3 a la CNIL:<\/span><\/h2><p><span style=\"font-weight: 400;\">D&#8217;acord amb la Llei 78-17 de 6 de gener de 1978 (modificada per la Llei 2004-801 de 6 d&#8217;agost de 2004 sobre la protecci\u00f3 de les persones en relaci\u00f3 amb el tractament de dades personals) relativa a la tecnologia de la informaci\u00f3, fitxers i llibertats, aquest lloc no ha estat declarat a la Commission nationale de l&#8217;informatique et des libert\u00e9s (www.cnil.fr).<\/span><\/p><h2> <\/h2><h2><span style=\"font-weight: 400;\">Disputes:<\/span><\/h2><p><span style=\"font-weight: 400;\">Aquests termes i condicions del <span style=\"color: #000000;\"><strong>www.congres-perpignan.com<\/strong><\/span> web<\/span><span style=\"font-weight: 400;\"> estan regits per la legislaci\u00f3 francesa i qualsevol disputa o disputa que pugui sorgir per la interpretaci\u00f3 o execuci\u00f3 d&#8217;aquests termes estar\u00e0 subjecta a la jurisdicci\u00f3 exclusiva dels tribunals als quals pertany la seu social de l&#8217;empresa. La llengua de refer\u00e8ncia per resoldre qualsevol disputa \u00e9s el franc\u00e8s.<\/span><\/p><h2> <\/h2><h2><span style=\"font-weight: 400;\">Dades personals:<\/span><\/h2><p><span style=\"font-weight: 400;\">En general, no esteu obligats a proporcionar-nos les vostres dades personals quan visiteu el nostre lloc <span style=\"color: #000000;\"><strong>web www.congres-perpignan.com<\/strong><\/span><\/span><span style=\"font-weight: 400;\">. Tanmateix, hi ha algunes excepcions a aquest principi. De fet, per a certs serveis que ofereix el nostre lloc, potser se t&#8217;exigeix que ens proporcionis certes dades com ara: el teu nom, la teva adre\u00e7a de correu electr\u00f2nic i el teu n\u00famero de tel\u00e8fon. Aquest \u00e9s el cas quan omples el formulari que t&#8217;ofereixen en l\u00ednia, a la secci\u00f3 de &#8220;contacte&#8221;. En qualsevol cas, pots negar-te a proporcionar les teves dades personals. En aquest cas, no podr\u00e0s utilitzar els serveis del lloc, especialment el de sol\u00b7licitar informaci\u00f3 sobre <span style=\"color: #000000;\"><strong>l&#8217;Expo Congr\u00e8s de Perpiny\u00e0<\/strong><\/span>    <\/span><span style=\"font-weight: 400;\">, o per rebre butlletins. Finalment, podem recollir autom\u00e0ticament certa informaci\u00f3 sobre tu quan simplement navegues pel nostre lloc web, incloent-hi: informaci\u00f3 sobre l&#8217;\u00fas del nostre lloc, com ara les zones que visites i els serveis als quals accedeixes, la teva adre\u00e7a IP, el tipus de navegador i els teus temps d&#8217;acc\u00e9s. Aquesta informaci\u00f3 s&#8217;utilitza exclusivament per a finalitats estad\u00edstiques internes, per tal de millorar la qualitat dels serveis que s&#8217;ofereixen. Les bases de dades estan protegides per les disposicions de la Llei de l&#8217;1 de juliol de 1998 que transposa la Directiva 96\/9 de l&#8217;11 de mar\u00e7 de 1996 sobre la protecci\u00f3 legal de les bases de dades.   <\/span><\/p>\t\t\t\t\t\t\t\t<\/div>\n\t\t\t\t<div class=\"elementor-element elementor-element-e988bb8 elementor-widget elementor-widget-spacer\" data-id=\"e988bb8\" data-element_type=\"widget\" data-e-type=\"widget\" data-widget_type=\"spacer.default\">\n\t\t\t\t\t\t\t<div class=\"elementor-spacer\">\n\t\t\t<div class=\"elementor-spacer-inner\"><\/div>\n\t\t<\/div>\n\t\t\t\t\t\t<\/div>\n\t\t\t\t\t<\/div>\n\t\t\t\t<\/div>\n\t\t\t\t<\/div>\n\t\t","protected":false},"excerpt":{"rendered":"<p>Av\u00eds legal Si us plau, llegiu atentament els diferents termes i condicions d&#8217;\u00fas d&#8217;aquest lloc abans de navegar per les seves p\u00e0gines. En connectar-te a aquest lloc, acceptes sense reserves aquests termes i condicions. A m\u00e9s, d&#8217;acord amb l&#8217;article n\u00fam. 6 de la Llei n\u00fam. 2004-575 de 21 de juny de 2004 sobre confian\u00e7a en [&hellip;]<\/p>\n","protected":false},"author":1,"featured_media":0,"parent":0,"menu_order":0,"comment_status":"closed","ping_status":"closed","template":"","meta":{"inline_featured_image":false,"footnotes":""},"class_list":["post-8725","page","type-page","status-publish","hentry"],"_links":{"self":[{"href":"https:\/\/www.congres-perpignan.com\/ca\/wp-json\/wp\/v2\/pages\/8725","targetHints":{"allow":["GET"]}}],"collection":[{"href":"https:\/\/www.congres-perpignan.com\/ca\/wp-json\/wp\/v2\/pages"}],"about":[{"href":"https:\/\/www.congres-perpignan.com\/ca\/wp-json\/wp\/v2\/types\/page"}],"author":[{"embeddable":true,"href":"https:\/\/www.congres-perpignan.com\/ca\/wp-json\/wp\/v2\/users\/1"}],"replies":[{"embeddable":true,"href":"https:\/\/www.congres-perpignan.com\/ca\/wp-json\/wp\/v2\/comments?post=8725"}],"version-history":[{"count":2,"href":"https:\/\/www.congres-perpignan.com\/ca\/wp-json\/wp\/v2\/pages\/8725\/revisions"}],"predecessor-version":[{"id":8727,"href":"https:\/\/www.congres-perpignan.com\/ca\/wp-json\/wp\/v2\/pages\/8725\/revisions\/8727"}],"wp:attachment":[{"href":"https:\/\/www.congres-perpignan.com\/ca\/wp-json\/wp\/v2\/media?parent=8725"}],"curies":[{"name":"wp","href":"https:\/\/api.w.org\/{rel}","templated":true}]}}