{"id":8710,"date":"2026-01-30T09:53:18","date_gmt":"2026-01-30T08:53:18","guid":{"rendered":"https:\/\/www.congres-perpignan.com\/sala-de-premsa\/"},"modified":"2026-04-28T16:48:06","modified_gmt":"2026-04-28T14:48:06","slug":"sala-de-premsa","status":"publish","type":"page","link":"https:\/\/www.congres-perpignan.com\/ca\/sala-de-premsa\/","title":{"rendered":"Sala de premsa"},"content":{"rendered":"\t\t<div data-elementor-type=\"wp-page\" data-elementor-id=\"8710\" class=\"elementor elementor-8710 elementor-2324\" data-elementor-post-type=\"page\">\n\t\t\t\t<div class=\"elementor-element elementor-element-46eb212d e-flex e-con-boxed e-con e-parent\" data-id=\"46eb212d\" data-element_type=\"container\" data-e-type=\"container\">\n\t\t\t\t\t<div class=\"e-con-inner\">\n\t\t\t\t<div class=\"elementor-element elementor-element-6c7475d elementor-widget elementor-widget-spacer\" data-id=\"6c7475d\" data-element_type=\"widget\" data-e-type=\"widget\" data-widget_type=\"spacer.default\">\n\t\t\t\t\t\t\t<div class=\"elementor-spacer\">\n\t\t\t<div class=\"elementor-spacer-inner\"><\/div>\n\t\t<\/div>\n\t\t\t\t\t\t<\/div>\n\t\t\t\t<div class=\"elementor-element elementor-element-8bf845f elementor-widget elementor-widget-heading\" data-id=\"8bf845f\" data-element_type=\"widget\" data-e-type=\"widget\" data-widget_type=\"heading.default\">\n\t\t\t\t\t<h2 class=\"elementor-heading-title elementor-size-default\">\u00c0rea de premsa<\/h2>\t\t\t\t<\/div>\n\t\t\t\t<div class=\"elementor-element elementor-element-2fa4cfe elementor-widget elementor-widget-spacer\" data-id=\"2fa4cfe\" data-element_type=\"widget\" data-e-type=\"widget\" data-widget_type=\"spacer.default\">\n\t\t\t\t\t\t\t<div class=\"elementor-spacer\">\n\t\t\t<div class=\"elementor-spacer-inner\"><\/div>\n\t\t<\/div>\n\t\t\t\t\t\t<\/div>\n\t\t\t\t<div class=\"elementor-element elementor-element-581caed elementor-widget elementor-widget-text-editor\" data-id=\"581caed\" data-element_type=\"widget\" data-e-type=\"widget\" data-widget_type=\"text-editor.default\">\n\t\t\t\t\t\t\t\t\t<p data-start=\"227\" data-end=\"458\">Aquest espai est\u00e0 dedicat a periodistes, mitjans de comunicaci\u00f3 i socis que vulguin con\u00e8ixer les not\u00edcies, esdeveniments i moments destacats organitzats dins dels nostres establiments.<\/p>\n<p data-start=\"460\" data-end=\"556\">Trobar\u00e0s tots els <strong data-start=\"492\" data-end=\"513\">recursos \u00fatils<\/strong> per preparar els teus articles i informes:<\/p>\n<ul data-start=\"557\" data-end=\"743\">\n<li data-start=\"557\" data-end=\"594\">\n<p data-start=\"559\" data-end=\"594\">Notes de premsa i kits de premsa<\/p>\n<\/li>\n<li data-start=\"595\" data-end=\"633\">\n<p data-start=\"597\" data-end=\"633\">Not\u00edcies i anuncis oficials<\/p>\n<\/li>\n<li data-start=\"634\" data-end=\"677\">\n<p data-start=\"636\" data-end=\"677\">Informaci\u00f3 clau sobre l&#8217;Expo del Congr\u00e8s de Perpiny\u00e0<\/p>\n<\/li>\n<li data-start=\"678\" data-end=\"725\">\n<p data-start=\"680\" data-end=\"725\">Visuals, logotips i materials de comunicaci\u00f3<\/p>\n<\/li>\n<li data-start=\"726\" data-end=\"743\">\n<p data-start=\"728\" data-end=\"743\">Contactes de premsa<\/p>\n<\/li>\n<\/ul>\n<p data-start=\"745\" data-end=\"1073\">Situada al cor dels Pirineus Orientals, <strong data-start=\"784\" data-end=\"805\">l&#8217;Expo Congr\u00e8s de Perpiny\u00e0<\/strong> \u00e9s un actor clau en els esdeveniments professionals, culturals i institucionals de la regi\u00f3. Cada any, organitzem congressos, fires comercials, fires i esdeveniments a gran escala, contribuint a la influ\u00e8ncia econ\u00f2mica i tur\u00edstica de Perpiny\u00e0 i la seva regi\u00f3. <\/p>\n<p data-start=\"1075\" data-end=\"1186\">El nostre equip est\u00e0 a la vostra disposici\u00f3 per a qualsevol <strong data-start=\"1128\" data-end=\"1185\">sol\u00b7licitud d&#8217;informaci\u00f3, entrevistes o acreditacions<\/strong>.<\/p>\t\t\t\t\t\t\t\t<\/div>\n\t\t\t\t\t<\/div>\n\t\t\t\t<\/div>\n\t\t\t\t<\/div>\n\t\t","protected":false},"excerpt":{"rendered":"<p>\u00c0rea de premsa Aquest espai est\u00e0 dedicat a periodistes, mitjans de comunicaci\u00f3 i socis que vulguin con\u00e8ixer les not\u00edcies, esdeveniments i moments destacats organitzats dins dels nostres establiments. Trobar\u00e0s tots els recursos \u00fatils per preparar els teus articles i informes: Notes de premsa i kits de premsa Not\u00edcies i anuncis oficials Informaci\u00f3 clau sobre l&#8217;Expo [&hellip;]<\/p>\n","protected":false},"author":2,"featured_media":0,"parent":0,"menu_order":0,"comment_status":"closed","ping_status":"closed","template":"","meta":{"inline_featured_image":false,"footnotes":""},"class_list":["post-8710","page","type-page","status-publish","hentry"],"_links":{"self":[{"href":"https:\/\/www.congres-perpignan.com\/ca\/wp-json\/wp\/v2\/pages\/8710","targetHints":{"allow":["GET"]}}],"collection":[{"href":"https:\/\/www.congres-perpignan.com\/ca\/wp-json\/wp\/v2\/pages"}],"about":[{"href":"https:\/\/www.congres-perpignan.com\/ca\/wp-json\/wp\/v2\/types\/page"}],"author":[{"embeddable":true,"href":"https:\/\/www.congres-perpignan.com\/ca\/wp-json\/wp\/v2\/users\/2"}],"replies":[{"embeddable":true,"href":"https:\/\/www.congres-perpignan.com\/ca\/wp-json\/wp\/v2\/comments?post=8710"}],"version-history":[{"count":2,"href":"https:\/\/www.congres-perpignan.com\/ca\/wp-json\/wp\/v2\/pages\/8710\/revisions"}],"predecessor-version":[{"id":8712,"href":"https:\/\/www.congres-perpignan.com\/ca\/wp-json\/wp\/v2\/pages\/8710\/revisions\/8712"}],"wp:attachment":[{"href":"https:\/\/www.congres-perpignan.com\/ca\/wp-json\/wp\/v2\/media?parent=8710"}],"curies":[{"name":"wp","href":"https:\/\/api.w.org\/{rel}","templated":true}]}}