{"id":8534,"date":"2026-01-30T09:57:30","date_gmt":"2026-01-30T08:57:30","guid":{"rendered":"https:\/\/www.congres-perpignan.com\/prm\/"},"modified":"2026-04-28T16:47:54","modified_gmt":"2026-04-28T14:47:54","slug":"prm","status":"publish","type":"page","link":"https:\/\/www.congres-perpignan.com\/ca\/prm\/","title":{"rendered":"PRM"},"content":{"rendered":"\t\t<div data-elementor-type=\"wp-page\" data-elementor-id=\"8534\" class=\"elementor elementor-8534 elementor-2328\" data-elementor-post-type=\"page\">\n\t\t\t\t<div class=\"elementor-element elementor-element-5b35c62b e-flex e-con-boxed e-con e-parent\" data-id=\"5b35c62b\" data-element_type=\"container\" data-e-type=\"container\">\n\t\t\t\t\t<div class=\"e-con-inner\">\n\t\t\t\t<div class=\"elementor-element elementor-element-03beda0 elementor-widget elementor-widget-spacer\" data-id=\"03beda0\" data-element_type=\"widget\" data-e-type=\"widget\" data-widget_type=\"spacer.default\">\n\t\t\t\t\t\t\t<div class=\"elementor-spacer\">\n\t\t\t<div class=\"elementor-spacer-inner\"><\/div>\n\t\t<\/div>\n\t\t\t\t\t\t<\/div>\n\t\t\t\t<div class=\"elementor-element elementor-element-4f79d48 elementor-widget elementor-widget-heading\" data-id=\"4f79d48\" data-element_type=\"widget\" data-e-type=\"widget\" data-widget_type=\"heading.default\">\n\t\t\t\t\t<h2 class=\"elementor-heading-title elementor-size-default\">Acc\u00e9s PRM<\/h2>\t\t\t\t<\/div>\n\t\t\t\t<div class=\"elementor-element elementor-element-e7308fb elementor-widget elementor-widget-spacer\" data-id=\"e7308fb\" data-element_type=\"widget\" data-e-type=\"widget\" data-widget_type=\"spacer.default\">\n\t\t\t\t\t\t\t<div class=\"elementor-spacer\">\n\t\t\t<div class=\"elementor-spacer-inner\"><\/div>\n\t\t<\/div>\n\t\t\t\t\t\t<\/div>\n\t\t\t\t<div class=\"elementor-element elementor-element-79cc3bde elementor-widget elementor-widget-text-editor\" data-id=\"79cc3bde\" data-element_type=\"widget\" data-e-type=\"widget\" data-widget_type=\"text-editor.default\">\n\t\t\t\t\t\t\t\t\t<p data-start=\"156\" data-end=\"369\"><strong data-start=\"156\" data-end=\"177\">L&#8217;Expo del Congr\u00e8s de Perpiny\u00e0<\/strong> est\u00e0 compromesa a donar la benvinguda a tot el p\u00fablic en les millors condicions. Tots els nostres espais estan dissenyats per garantir una <strong data-start=\"303\" data-end=\"368\">accessibilitat \u00f2ptima per a persones amb mobilitat redu\u00efda (PRM).<\/strong> <\/p>\r\n<p data-start=\"371\" data-end=\"411\">El nostre equipament inclou:<\/p>\r\n\r\n<ul data-start=\"412\" data-end=\"624\">\r\n \t<li data-start=\"412\" data-end=\"458\">\r\n<p data-start=\"414\" data-end=\"458\">Acc\u00e9s al mateix nivell o per rampes adaptades<\/p>\r\n<\/li>\r\n \t<li data-start=\"459\" data-end=\"501\">\r\n<p data-start=\"461\" data-end=\"501\">Ascensors accessibles i circulaci\u00f3<\/p>\r\n<\/li>\r\n \t<li data-start=\"502\" data-end=\"524\">\r\n<p data-start=\"504\" data-end=\"524\">Instal\u00b7lacions sanit\u00e0ries adaptades<\/p>\r\n<\/li>\r\n \t<li data-start=\"525\" data-end=\"561\">\r\n<p data-start=\"527\" data-end=\"561\">Espais reservats a les habitacions<\/p>\r\n<\/li>\r\n \t<li data-start=\"562\" data-end=\"624\">\r\n<p data-start=\"564\" data-end=\"624\">Personal format disponible per acompanyar els visitants<\/p>\r\n<\/li>\r\n<\/ul>\r\n<p data-start=\"626\" data-end=\"766\">El nostre equip est\u00e0 a la vostra disposici\u00f3 per a qualsevol <strong data-start=\"676\" data-end=\"698\">petici\u00f3 espec\u00edfica<\/strong> per facilitar la vostra arribada i la vostra recepci\u00f3 durant els esdeveniments.<\/p>\r\n<p data-start=\"768\" data-end=\"841\">\ud83d\udce9 Per a m\u00e9s informaci\u00f3, no dubteu a contactar amb nosaltres.<\/p>\t\t\t\t\t\t\t\t<\/div>\n\t\t\t\t\t<\/div>\n\t\t\t\t<\/div>\n\t\t\t\t<\/div>\n\t\t","protected":false},"excerpt":{"rendered":"<p>Acc\u00e9s PRM L&#8217;Expo del Congr\u00e8s de Perpiny\u00e0 est\u00e0 compromesa a donar la benvinguda a tot el p\u00fablic en les millors condicions. Tots els nostres espais estan dissenyats per garantir una accessibilitat \u00f2ptima per a persones amb mobilitat redu\u00efda (PRM). El nostre equipament inclou: Acc\u00e9s al mateix nivell o per rampes adaptades Ascensors accessibles i circulaci\u00f3 [&hellip;]<\/p>\n","protected":false},"author":2,"featured_media":0,"parent":0,"menu_order":0,"comment_status":"closed","ping_status":"closed","template":"","meta":{"inline_featured_image":false,"footnotes":""},"class_list":["post-8534","page","type-page","status-publish","hentry"],"_links":{"self":[{"href":"https:\/\/www.congres-perpignan.com\/ca\/wp-json\/wp\/v2\/pages\/8534","targetHints":{"allow":["GET"]}}],"collection":[{"href":"https:\/\/www.congres-perpignan.com\/ca\/wp-json\/wp\/v2\/pages"}],"about":[{"href":"https:\/\/www.congres-perpignan.com\/ca\/wp-json\/wp\/v2\/types\/page"}],"author":[{"embeddable":true,"href":"https:\/\/www.congres-perpignan.com\/ca\/wp-json\/wp\/v2\/users\/2"}],"replies":[{"embeddable":true,"href":"https:\/\/www.congres-perpignan.com\/ca\/wp-json\/wp\/v2\/comments?post=8534"}],"version-history":[{"count":2,"href":"https:\/\/www.congres-perpignan.com\/ca\/wp-json\/wp\/v2\/pages\/8534\/revisions"}],"predecessor-version":[{"id":8546,"href":"https:\/\/www.congres-perpignan.com\/ca\/wp-json\/wp\/v2\/pages\/8534\/revisions\/8546"}],"wp:attachment":[{"href":"https:\/\/www.congres-perpignan.com\/ca\/wp-json\/wp\/v2\/media?parent=8534"}],"curies":[{"name":"wp","href":"https:\/\/api.w.org\/{rel}","templated":true}]}}