{"id":8416,"date":"2026-01-08T15:15:08","date_gmt":"2026-01-08T14:15:08","guid":{"rendered":"https:\/\/www.congres-perpignan.com\/centre-dexposicions\/presentacio\/"},"modified":"2026-04-24T11:17:18","modified_gmt":"2026-04-24T09:17:18","slug":"presentacio","status":"publish","type":"page","link":"https:\/\/www.congres-perpignan.com\/ca\/centre-dexposicions\/presentacio\/","title":{"rendered":"Presentaci\u00f3"},"content":{"rendered":"\t\t<div data-elementor-type=\"wp-page\" data-elementor-id=\"8416\" class=\"elementor elementor-8416 elementor-607\" data-elementor-post-type=\"page\">\n\t\t\t\t<div class=\"elementor-element elementor-element-5206eaa5 hc-header-page e-flex e-con-boxed e-con e-child\" data-id=\"5206eaa5\" data-element_type=\"container\" data-e-type=\"container\" data-settings=\"{&quot;background_background&quot;:&quot;classic&quot;}\">\n\t\t\t\t\t<div class=\"e-con-inner\">\n\t\t<div class=\"elementor-element elementor-element-4ba8e69c e-con-full e-flex e-con e-child\" data-id=\"4ba8e69c\" data-element_type=\"container\" data-e-type=\"container\" data-settings=\"{&quot;background_background&quot;:&quot;classic&quot;}\">\n\t\t<div class=\"elementor-element elementor-element-d23f01f e-con-full e-flex e-con e-child\" data-id=\"d23f01f\" data-element_type=\"container\" data-e-type=\"container\">\n\t\t\t\t<div class=\"elementor-element elementor-element-187b0786 elementor-widget elementor-widget-heading\" data-id=\"187b0786\" data-element_type=\"widget\" data-e-type=\"widget\" data-widget_type=\"heading.default\">\n\t\t\t\t\t<p class=\"elementor-heading-title elementor-size-default\">Parc<br>Exposicions<\/p>\t\t\t\t<\/div>\n\t\t\t\t<div class=\"elementor-element elementor-element-241cafbc elementor-widget elementor-widget-image\" data-id=\"241cafbc\" data-element_type=\"widget\" data-e-type=\"widget\" data-widget_type=\"image.default\">\n\t\t\t\t\t\t\t\t\t\t\t\t\t\t\t<img decoding=\"async\" width=\"113\" height=\"112\" src=\"https:\/\/www.congres-perpignan.com\/wp-content\/uploads\/2026\/01\/Union-2.png\" class=\"attachment-large size-large wp-image-8162\" alt=\"\" \/>\t\t\t\t\t\t\t\t\t\t\t\t\t\t\t<\/div>\n\t\t\t\t<\/div>\n\t\t\t\t<\/div>\n\t\t\t\t\t<\/div>\n\t\t\t\t<\/div>\n\t\t<div class=\"elementor-element elementor-element-8abf61d e-con-full e-flex e-con e-child\" data-id=\"8abf61d\" data-element_type=\"container\" data-e-type=\"container\" data-settings=\"{&quot;background_background&quot;:&quot;classic&quot;}\">\n\t\t\t\t<div class=\"elementor-element elementor-element-25baf0b elementor-widget elementor-widget-spacer\" data-id=\"25baf0b\" data-element_type=\"widget\" data-e-type=\"widget\" data-widget_type=\"spacer.default\">\n\t\t\t\t\t\t\t<div class=\"elementor-spacer\">\n\t\t\t<div class=\"elementor-spacer-inner\"><\/div>\n\t\t<\/div>\n\t\t\t\t\t\t<\/div>\n\t\t<div class=\"elementor-element elementor-element-61470594 e-flex e-con-boxed e-con e-child\" data-id=\"61470594\" data-element_type=\"container\" data-e-type=\"container\">\n\t\t\t\t\t<div class=\"e-con-inner\">\n\t\t\t\t<div class=\"elementor-element elementor-element-32297b7f elementor-nav-menu__align-center elementor-nav-menu--dropdown-none elementor-widget elementor-widget-nav-menu\" data-id=\"32297b7f\" data-element_type=\"widget\" data-e-type=\"widget\" data-settings=\"{&quot;submenu_icon&quot;:{&quot;value&quot;:&quot;&lt;i aria-hidden=\\&quot;true\\&quot; class=\\&quot;\\&quot;&gt;&lt;\\\/i&gt;&quot;,&quot;library&quot;:&quot;&quot;},&quot;layout&quot;:&quot;horizontal&quot;}\" data-widget_type=\"nav-menu.default\">\n\t\t\t\t\t\t\t\t<nav aria-label=\"Menu\" class=\"elementor-nav-menu--main elementor-nav-menu__container elementor-nav-menu--layout-horizontal e--pointer-underline e--animation-fade\">\n\t\t\t\t<ul id=\"menu-1-32297b7f\" class=\"elementor-nav-menu\"><li class=\"menu-item menu-item-type-post_type menu-item-object-page menu-item-8475\"><a href=\"https:\/\/www.congres-perpignan.com\/ca\/centre-dexposicions\/presentacio\/\" class=\"elementor-item\">Presentaci\u00f3<\/a><\/li>\n<li class=\"menu-item menu-item-type-post_type menu-item-object-page menu-item-8473\"><a href=\"https:\/\/www.congres-perpignan.com\/ca\/centre-dexposicions\/habitacions\/\" class=\"elementor-item\">Habitacions<\/a><\/li>\n<li class=\"menu-item menu-item-type-post_type menu-item-object-page menu-item-8472\"><a href=\"https:\/\/www.congres-perpignan.com\/ca\/centre-dexposicions\/fotos-i-videos\/\" class=\"elementor-item\">Fotos i v\u00eddeos<\/a><\/li>\n<li class=\"menu-item menu-item-type-post_type menu-item-object-page menu-item-8474\"><a href=\"https:\/\/www.congres-perpignan.com\/ca\/centre-dexposicions\/ordre-del-dia\/\" class=\"elementor-item\">Ordre del dia<\/a><\/li>\n<li class=\"menu-item menu-item-type-post_type menu-item-object-page menu-item-8471\"><a href=\"https:\/\/www.congres-perpignan.com\/ca\/centre-dexposicions\/demana-un-pressupost\/\" class=\"elementor-item\">Demana un pressupost<\/a><\/li>\n<\/ul>\t\t\t<\/nav>\n\t\t\t\t\t\t<nav class=\"elementor-nav-menu--dropdown elementor-nav-menu__container\" aria-hidden=\"true\">\n\t\t\t\t<ul id=\"menu-2-32297b7f\" class=\"elementor-nav-menu\"><li class=\"menu-item menu-item-type-post_type menu-item-object-page menu-item-8475\"><a href=\"https:\/\/www.congres-perpignan.com\/ca\/centre-dexposicions\/presentacio\/\" class=\"elementor-item\" tabindex=\"-1\">Presentaci\u00f3<\/a><\/li>\n<li class=\"menu-item menu-item-type-post_type menu-item-object-page menu-item-8473\"><a href=\"https:\/\/www.congres-perpignan.com\/ca\/centre-dexposicions\/habitacions\/\" class=\"elementor-item\" tabindex=\"-1\">Habitacions<\/a><\/li>\n<li class=\"menu-item menu-item-type-post_type menu-item-object-page menu-item-8472\"><a href=\"https:\/\/www.congres-perpignan.com\/ca\/centre-dexposicions\/fotos-i-videos\/\" class=\"elementor-item\" tabindex=\"-1\">Fotos i v\u00eddeos<\/a><\/li>\n<li class=\"menu-item menu-item-type-post_type menu-item-object-page menu-item-8474\"><a href=\"https:\/\/www.congres-perpignan.com\/ca\/centre-dexposicions\/ordre-del-dia\/\" class=\"elementor-item\" tabindex=\"-1\">Ordre del dia<\/a><\/li>\n<li class=\"menu-item menu-item-type-post_type menu-item-object-page menu-item-8471\"><a href=\"https:\/\/www.congres-perpignan.com\/ca\/centre-dexposicions\/demana-un-pressupost\/\" class=\"elementor-item\" tabindex=\"-1\">Demana un pressupost<\/a><\/li>\n<\/ul>\t\t\t<\/nav>\n\t\t\t\t\t\t<\/div>\n\t\t\t\t\t<\/div>\n\t\t\t\t<\/div>\n\t\t\t\t<div class=\"elementor-element elementor-element-117f3317 elementor-widget elementor-widget-spacer\" data-id=\"117f3317\" data-element_type=\"widget\" data-e-type=\"widget\" data-widget_type=\"spacer.default\">\n\t\t\t\t\t\t\t<div class=\"elementor-spacer\">\n\t\t\t<div class=\"elementor-spacer-inner\"><\/div>\n\t\t<\/div>\n\t\t\t\t\t\t<\/div>\n\t\t\t\t<\/div>\n\t\t<div class=\"elementor-element elementor-element-5ea03a61 e-con-full e-flex e-con e-child\" data-id=\"5ea03a61\" data-element_type=\"container\" data-e-type=\"container\" data-settings=\"{&quot;background_background&quot;:&quot;classic&quot;}\">\n\t\t\t\t<div class=\"elementor-element elementor-element-53bcd9a elementor-widget elementor-widget-spacer\" data-id=\"53bcd9a\" data-element_type=\"widget\" data-e-type=\"widget\" data-widget_type=\"spacer.default\">\n\t\t\t\t\t\t\t<div class=\"elementor-spacer\">\n\t\t\t<div class=\"elementor-spacer-inner\"><\/div>\n\t\t<\/div>\n\t\t\t\t\t\t<\/div>\n\t\t<div class=\"elementor-element elementor-element-133bab2c e-flex e-con-boxed e-con e-child\" data-id=\"133bab2c\" data-element_type=\"container\" data-e-type=\"container\">\n\t\t\t\t\t<div class=\"e-con-inner\">\n\t\t<div class=\"elementor-element elementor-element-19fd8700 e-con-full e-flex e-con e-child\" data-id=\"19fd8700\" data-element_type=\"container\" data-e-type=\"container\">\n\t\t\t\t<div class=\"elementor-element elementor-element-57784800 elementor-widget elementor-widget-heading\" data-id=\"57784800\" data-element_type=\"widget\" data-e-type=\"widget\" data-widget_type=\"heading.default\">\n\t\t\t\t\t<p class=\"elementor-heading-title elementor-size-default\">Contacta'ns<\/p>\t\t\t\t<\/div>\n\t\t\t\t<div class=\"elementor-element elementor-element-4725eeea elementor-widget elementor-widget-text-editor\" data-id=\"4725eeea\" data-element_type=\"widget\" data-e-type=\"widget\" data-widget_type=\"text-editor.default\">\n\t\t\t\t\t\t\t\t\t<p>Per a m\u00e9s informaci\u00f3<br>congrexpo@congres-perpignan.com<\/p>\t\t\t\t\t\t\t\t<\/div>\n\t\t\t\t<div class=\"elementor-element elementor-element-19a673fd elementor-widget elementor-widget-spacer\" data-id=\"19a673fd\" data-element_type=\"widget\" data-e-type=\"widget\" data-widget_type=\"spacer.default\">\n\t\t\t\t\t\t\t<div class=\"elementor-spacer\">\n\t\t\t<div class=\"elementor-spacer-inner\"><\/div>\n\t\t<\/div>\n\t\t\t\t\t\t<\/div>\n\t\t\t\t<div class=\"elementor-element elementor-element-47b0b992 elementor-align-right elementor-widget elementor-widget-button\" data-id=\"47b0b992\" data-element_type=\"widget\" data-e-type=\"widget\" data-widget_type=\"button.default\">\n\t\t\t\t\t\t\t\t\t\t<a class=\"elementor-button elementor-button-link elementor-size-sm\" href=\"mailto:congrexpo@congres-perpignan.com\" target=\"_blank\">\n\t\t\t\t\t\t<span class=\"elementor-button-content-wrapper\">\n\t\t\t\t\t\t\t\t\t<span class=\"elementor-button-text\">Contacte<\/span>\n\t\t\t\t\t<\/span>\n\t\t\t\t\t<\/a>\n\t\t\t\t\t\t\t\t<\/div>\n\t\t\t\t<\/div>\n\t\t<div class=\"elementor-element elementor-element-150dc9da e-con-full e-flex e-con e-child\" data-id=\"150dc9da\" data-element_type=\"container\" data-e-type=\"container\">\n\t\t\t\t<div class=\"elementor-element elementor-element-4b5e95a5 elementor-hidden-mobile elementor-widget elementor-widget-image\" data-id=\"4b5e95a5\" data-element_type=\"widget\" data-e-type=\"widget\" data-widget_type=\"image.default\">\n\t\t\t\t\t\t\t\t\t\t\t\t\t\t\t<img fetchpriority=\"high\" decoding=\"async\" width=\"1024\" height=\"1024\" src=\"https:\/\/www.congres-perpignan.com\/wp-content\/uploads\/2025\/12\/Favicon.png\" class=\"attachment-large size-large wp-image-8131\" alt=\"\" srcset=\"https:\/\/www.congres-perpignan.com\/wp-content\/uploads\/2025\/12\/Favicon.png 1024w, https:\/\/www.congres-perpignan.com\/wp-content\/uploads\/2025\/12\/Favicon-300x300.png 300w, https:\/\/www.congres-perpignan.com\/wp-content\/uploads\/2025\/12\/Favicon-150x150.png 150w, https:\/\/www.congres-perpignan.com\/wp-content\/uploads\/2025\/12\/Favicon-768x768.png 768w\" sizes=\"(max-width: 1024px) 100vw, 1024px\" \/>\t\t\t\t\t\t\t\t\t\t\t\t\t\t\t<\/div>\n\t\t\t\t<\/div>\n\t\t\t\t\t<\/div>\n\t\t\t\t<\/div>\n\t\t\t\t<div class=\"elementor-element elementor-element-10381302 elementor-widget elementor-widget-spacer\" data-id=\"10381302\" data-element_type=\"widget\" data-e-type=\"widget\" data-widget_type=\"spacer.default\">\n\t\t\t\t\t\t\t<div class=\"elementor-spacer\">\n\t\t\t<div class=\"elementor-spacer-inner\"><\/div>\n\t\t<\/div>\n\t\t\t\t\t\t<\/div>\n\t\t\t\t<\/div>\n\t\t<div class=\"elementor-element elementor-element-b159b45 e-flex e-con-boxed e-con e-parent\" data-id=\"b159b45\" data-element_type=\"container\" data-e-type=\"container\">\n\t\t\t\t\t<div class=\"e-con-inner\">\n\t\t\t\t<div class=\"elementor-element elementor-element-ab5230e elementor-widget elementor-widget-spacer\" data-id=\"ab5230e\" data-element_type=\"widget\" data-e-type=\"widget\" data-widget_type=\"spacer.default\">\n\t\t\t\t\t\t\t<div class=\"elementor-spacer\">\n\t\t\t<div class=\"elementor-spacer-inner\"><\/div>\n\t\t<\/div>\n\t\t\t\t\t\t<\/div>\n\t\t\t\t\t<\/div>\n\t\t\t\t<\/div>\n\t\t<div class=\"elementor-element elementor-element-53a06563 e-flex e-con-boxed e-con e-child\" data-id=\"53a06563\" data-element_type=\"container\" data-e-type=\"container\">\n\t\t\t\t\t<div class=\"e-con-inner\">\n\t\t<div class=\"elementor-element elementor-element-2bdb86b4 e-con-full e-flex e-con e-child\" data-id=\"2bdb86b4\" data-element_type=\"container\" data-e-type=\"container\">\n\t\t\t\t<div class=\"elementor-element elementor-element-5433cf58 elementor-widget elementor-widget-spacer\" data-id=\"5433cf58\" data-element_type=\"widget\" data-e-type=\"widget\" data-widget_type=\"spacer.default\">\n\t\t\t\t\t\t\t<div class=\"elementor-spacer\">\n\t\t\t<div class=\"elementor-spacer-inner\"><\/div>\n\t\t<\/div>\n\t\t\t\t\t\t<\/div>\n\t\t\t\t<div class=\"elementor-element elementor-element-56beaddb elementor-widget elementor-widget-heading\" data-id=\"56beaddb\" data-element_type=\"widget\" data-e-type=\"widget\" data-widget_type=\"heading.default\">\n\t\t\t\t\t<h2 class=\"elementor-heading-title elementor-size-default\">Un lloc essencial per als teus esdeveniments a Perpiny\u00e0<\/h2>\t\t\t\t<\/div>\n\t\t\t\t<div class=\"elementor-element elementor-element-891d9c5 elementor-widget elementor-widget-spacer\" data-id=\"891d9c5\" data-element_type=\"widget\" data-e-type=\"widget\" data-widget_type=\"spacer.default\">\n\t\t\t\t\t\t\t<div class=\"elementor-spacer\">\n\t\t\t<div class=\"elementor-spacer-inner\"><\/div>\n\t\t<\/div>\n\t\t\t\t\t\t<\/div>\n\t\t\t\t<div class=\"elementor-element elementor-element-27a2d455 elementor-widget elementor-widget-text-editor\" data-id=\"27a2d455\" data-element_type=\"widget\" data-e-type=\"widget\" data-widget_type=\"text-editor.default\">\n\t\t\t\t\t\t\t\t\t<p>Inaugurat el 1984, el Centre d&#8217;Exposicions de Perpiny\u00e0 \u00e9s una infraestructura important dedicada a l&#8217;organitzaci\u00f3 de fires, exposicions i grans esdeveniments. Va ser dissenyat per acollir grans esdeveniments comercials. <\/p><p> <\/p><p>Cada any, el Parc des Expositions acull fires comercials, fires p\u00fabliques, exposicions especialitzades, fires i nombrosos esdeveniments locals, nacionals i internacionals. Amb m\u00e9s de 450.000 visitants anuals, \u00e9s un centre econ\u00f2mic i d&#8217;esdeveniments estrat\u00e8gic als Pirineus Orientals i a Occit\u00e0nia. <\/p>\t\t\t\t\t\t\t\t<\/div>\n\t\t\t\t<div class=\"elementor-element elementor-element-4bce9a0 elementor-widget elementor-widget-spacer\" data-id=\"4bce9a0\" data-element_type=\"widget\" data-e-type=\"widget\" data-widget_type=\"spacer.default\">\n\t\t\t\t\t\t\t<div class=\"elementor-spacer\">\n\t\t\t<div class=\"elementor-spacer-inner\"><\/div>\n\t\t<\/div>\n\t\t\t\t\t\t<\/div>\n\t\t\t\t<div class=\"elementor-element elementor-element-55c0baf elementor-widget elementor-widget-heading\" data-id=\"55c0baf\" data-element_type=\"widget\" data-e-type=\"widget\" data-widget_type=\"heading.default\">\n\t\t\t\t\t<h4 class=\"elementor-heading-title elementor-size-default\"><p><b>Espais modulars adaptats a tots els formats<\/b><span style=\"font-size: 1.5rem\"><\/span><\/p><\/h4>\t\t\t\t<\/div>\n\t\t\t\t<div class=\"elementor-element elementor-element-2bbf73f elementor-widget elementor-widget-spacer\" data-id=\"2bbf73f\" data-element_type=\"widget\" data-e-type=\"widget\" data-widget_type=\"spacer.default\">\n\t\t\t\t\t\t\t<div class=\"elementor-spacer\">\n\t\t\t<div class=\"elementor-spacer-inner\"><\/div>\n\t\t<\/div>\n\t\t\t\t\t\t<\/div>\n\t\t\t\t<div class=\"elementor-element elementor-element-4f57256 elementor-widget elementor-widget-text-editor\" data-id=\"4f57256\" data-element_type=\"widget\" data-e-type=\"widget\" data-widget_type=\"text-editor.default\">\n\t\t\t\t\t\t\t\t\t<p data-start=\"21\" data-end=\"326\">El recinte consta de tres sales modulars que ofereixen una gran flexibilitat en la distribuci\u00f3. Aquesta modularitat permet adaptar les configuracions a les necessitats espec\u00edfiques dels organitzadors: fires, congressos, convencions, exposicions tem\u00e0tiques, llan\u00e7aments de productes o esdeveniments culturals. <\/p>\n<p data-start=\"328\" data-end=\"501\">Els dos aparcaments, amb un total de 40.000 m\u00b2, faciliten l&#8217;acollida del p\u00fablic i garanteixen una accessibilitat \u00f2ptima, un actiu essencial per a esdeveniments amb una gran assist\u00e8ncia.<\/p>\t\t\t\t\t\t\t\t<\/div>\n\t\t\t\t<\/div>\n\t\t<div class=\"elementor-element elementor-element-66989dfa e-con-full e-flex e-con e-child\" data-id=\"66989dfa\" data-element_type=\"container\" data-e-type=\"container\">\n\t\t\t\t<div class=\"elementor-element elementor-element-9e75976 elementor-widget elementor-widget-spacer\" data-id=\"9e75976\" data-element_type=\"widget\" data-e-type=\"widget\" data-widget_type=\"spacer.default\">\n\t\t\t\t\t\t\t<div class=\"elementor-spacer\">\n\t\t\t<div class=\"elementor-spacer-inner\"><\/div>\n\t\t<\/div>\n\t\t\t\t\t\t<\/div>\n\t\t\t\t<div class=\"elementor-element elementor-element-5e2a161e elementor-arrows-position-inside elementor-widget elementor-widget-image-carousel\" data-id=\"5e2a161e\" data-element_type=\"widget\" data-e-type=\"widget\" data-settings=\"{&quot;slides_to_show&quot;:&quot;1&quot;,&quot;navigation&quot;:&quot;arrows&quot;,&quot;effect&quot;:&quot;slide&quot;,&quot;speed&quot;:500}\" data-widget_type=\"image-carousel.default\">\n\t\t\t\t\t\t\t<div class=\"elementor-image-carousel-wrapper swiper\" role=\"region\" aria-roledescription=\"carousel\" aria-label=\"Carrousel d\u2019images\" dir=\"ltr\">\n\t\t\t<div class=\"elementor-image-carousel swiper-wrapper\" aria-live=\"polite\">\n\t\t\t\t\t\t\t\t<div class=\"swiper-slide\" role=\"group\" aria-roledescription=\"slide\" aria-label=\"1 de 7\"><figure class=\"swiper-slide-inner\"><img decoding=\"async\" class=\"swiper-slide-image\" src=\"https:\/\/www.congres-perpignan.com\/wp-content\/uploads\/2026\/01\/IMG_3004.jpeg\" alt=\"IMG_3004\" \/><\/figure><\/div><div class=\"swiper-slide\" role=\"group\" aria-roledescription=\"slide\" aria-label=\"2 de 7\"><figure class=\"swiper-slide-inner\"><img decoding=\"async\" class=\"swiper-slide-image\" src=\"https:\/\/www.congres-perpignan.com\/wp-content\/uploads\/2026\/01\/sous-rubrique-parc-expo.jpg\" alt=\"Centre d&#039;Exposicions de Perpiny\u00e0\" \/><\/figure><\/div><div class=\"swiper-slide\" role=\"group\" aria-roledescription=\"slide\" aria-label=\"3 de 7\"><figure class=\"swiper-slide-inner\"><img decoding=\"async\" class=\"swiper-slide-image\" src=\"https:\/\/www.congres-perpignan.com\/wp-content\/uploads\/2026\/01\/vue-den-haut-2.jpg\" alt=\"Vista des de dalt 2\" \/><\/figure><\/div><div class=\"swiper-slide\" role=\"group\" aria-roledescription=\"slide\" aria-label=\"4 de 7\"><figure class=\"swiper-slide-inner\"><img decoding=\"async\" class=\"swiper-slide-image\" src=\"https:\/\/www.congres-perpignan.com\/wp-content\/uploads\/2026\/01\/IMG_2860-scaled.jpg\" alt=\"IMG_2860\" \/><\/figure><\/div><div class=\"swiper-slide\" role=\"group\" aria-roledescription=\"slide\" aria-label=\"5 de 7\"><figure class=\"swiper-slide-inner\"><img decoding=\"async\" class=\"swiper-slide-image\" src=\"https:\/\/www.congres-perpignan.com\/wp-content\/uploads\/2026\/01\/IMG_6141-scaled.jpeg\" alt=\"IMG_6141\" \/><\/figure><\/div><div class=\"swiper-slide\" role=\"group\" aria-roledescription=\"slide\" aria-label=\"6 de 7\"><figure class=\"swiper-slide-inner\"><img decoding=\"async\" class=\"swiper-slide-image\" src=\"https:\/\/www.congres-perpignan.com\/wp-content\/uploads\/2026\/01\/WhatsApp-Image-2025-04-16-at-11.54.14-2.jpeg\" alt=\"Imatge de WhatsApp 2025-04-16 a 11.54.14 (2)\" \/><\/figure><\/div><div class=\"swiper-slide\" role=\"group\" aria-roledescription=\"slide\" aria-label=\"7 de 7\"><figure class=\"swiper-slide-inner\"><img decoding=\"async\" class=\"swiper-slide-image\" src=\"https:\/\/www.congres-perpignan.com\/wp-content\/uploads\/2026\/01\/IMG_0146-1-scaled.jpg\" alt=\"Centre d&#039;Exposicions de Perpiny\u00e0\" \/><\/figure><\/div>\t\t\t<\/div>\n\t\t\t\t\t\t\t\t\t\t\t\t<div class=\"elementor-swiper-button elementor-swiper-button-prev\" role=\"button\" tabindex=\"0\">\n\t\t\t\t\t\t<svg aria-hidden=\"true\" class=\"e-font-icon-svg e-eicon-chevron-left\" viewBox=\"0 0 1000 1000\" xmlns=\"http:\/\/www.w3.org\/2000\/svg\"><path d=\"M646 125C629 125 613 133 604 142L308 442C296 454 292 471 292 487 292 504 296 521 308 533L604 854C617 867 629 875 646 875 663 875 679 871 692 858 704 846 713 829 713 812 713 796 708 779 692 767L438 487 692 225C700 217 708 204 708 187 708 171 704 154 692 142 675 129 663 125 646 125Z\"><\/path><\/svg>\t\t\t\t\t<\/div>\n\t\t\t\t\t<div class=\"elementor-swiper-button elementor-swiper-button-next\" role=\"button\" tabindex=\"0\">\n\t\t\t\t\t\t<svg aria-hidden=\"true\" class=\"e-font-icon-svg e-eicon-chevron-right\" viewBox=\"0 0 1000 1000\" xmlns=\"http:\/\/www.w3.org\/2000\/svg\"><path d=\"M696 533C708 521 713 504 713 487 713 471 708 454 696 446L400 146C388 133 375 125 354 125 338 125 325 129 313 142 300 154 292 171 292 187 292 204 296 221 308 233L563 492 304 771C292 783 288 800 288 817 288 833 296 850 308 863 321 871 338 875 354 875 371 875 388 867 400 854L696 533Z\"><\/path><\/svg>\t\t\t\t\t<\/div>\n\t\t\t\t\n\t\t\t\t\t\t\t\t\t<\/div>\n\t\t\t\t\t\t<\/div>\n\t\t\t\t<\/div>\n\t\t\t\t\t<\/div>\n\t\t\t\t<\/div>\n\t\t<div class=\"elementor-element elementor-element-31da55ee e-flex e-con-boxed e-con e-child\" data-id=\"31da55ee\" data-element_type=\"container\" data-e-type=\"container\">\n\t\t\t\t\t<div class=\"e-con-inner\">\n\t\t\t\t<div class=\"elementor-element elementor-element-eb2b9ca elementor-widget elementor-widget-spacer\" data-id=\"eb2b9ca\" data-element_type=\"widget\" data-e-type=\"widget\" data-widget_type=\"spacer.default\">\n\t\t\t\t\t\t\t<div class=\"elementor-spacer\">\n\t\t\t<div class=\"elementor-spacer-inner\"><\/div>\n\t\t<\/div>\n\t\t\t\t\t\t<\/div>\n\t\t\t\t<div class=\"elementor-element elementor-element-6c35fe22 elementor-widget elementor-widget-heading\" data-id=\"6c35fe22\" data-element_type=\"widget\" data-e-type=\"widget\" data-widget_type=\"heading.default\">\n\t\t\t\t\t<h2 class=\"elementor-heading-title elementor-size-default\">Un marc funcional i eficient<\/h2>\t\t\t\t<\/div>\n\t\t\t\t<div class=\"elementor-element elementor-element-86013f5 elementor-widget elementor-widget-spacer\" data-id=\"86013f5\" data-element_type=\"widget\" data-e-type=\"widget\" data-widget_type=\"spacer.default\">\n\t\t\t\t\t\t\t<div class=\"elementor-spacer\">\n\t\t\t<div class=\"elementor-spacer-inner\"><\/div>\n\t\t<\/div>\n\t\t\t\t\t\t<\/div>\n\t\t\t\t<div class=\"elementor-element elementor-element-3b27edb elementor-widget elementor-widget-text-editor\" data-id=\"3b27edb\" data-element_type=\"widget\" data-e-type=\"widget\" data-widget_type=\"text-editor.default\">\n\t\t\t\t\t\t\t\t\t<p>Gr\u00e0cies a la diversitat dels seus espais i a la seva reconeguda experi\u00e8ncia en l&#8217;organitzaci\u00f3 d&#8217;esdeveniments, el Centre d&#8217;Exposicions de Perpiny\u00e0 ofereix un entorn professional, amable i eficient. Cada projecte es beneficia d&#8217;una soluci\u00f3 a mida, dissenyada per optimitzar la circulaci\u00f3, la comoditat dels expositors i la qualitat de la recepci\u00f3 als visitants. <\/p>\t\t\t\t\t\t\t\t<\/div>\n\t\t\t\t<div class=\"elementor-element elementor-element-d573a5f elementor-widget elementor-widget-spacer\" data-id=\"d573a5f\" data-element_type=\"widget\" data-e-type=\"widget\" data-widget_type=\"spacer.default\">\n\t\t\t\t\t\t\t<div class=\"elementor-spacer\">\n\t\t\t<div class=\"elementor-spacer-inner\"><\/div>\n\t\t<\/div>\n\t\t\t\t\t\t<\/div>\n\t\t<div class=\"elementor-element elementor-element-741b2321 e-con-full e-flex e-con e-child\" data-id=\"741b2321\" data-element_type=\"container\" data-e-type=\"container\">\n\t\t<div class=\"elementor-element elementor-element-1b6ff896 e-con-full e-flex e-con e-child\" data-id=\"1b6ff896\" data-element_type=\"container\" data-e-type=\"container\">\n\t\t\t\t<div class=\"elementor-element elementor-element-167e1769 elementor-widget elementor-widget-image\" data-id=\"167e1769\" data-element_type=\"widget\" data-e-type=\"widget\" data-widget_type=\"image.default\">\n\t\t\t\t\t\t\t\t\t\t\t\t\t\t\t<img decoding=\"async\" width=\"70\" height=\"55\" src=\"https:\/\/www.congres-perpignan.com\/wp-content\/uploads\/2026\/01\/Parc-spectacles_1-8.png\" class=\"attachment-full size-full wp-image-8165\" alt=\"\" \/>\t\t\t\t\t\t\t\t\t\t\t\t\t\t\t<\/div>\n\t\t\t\t<div class=\"elementor-element elementor-element-3a06f9e6 elementor-widget elementor-widget-spacer\" data-id=\"3a06f9e6\" data-element_type=\"widget\" data-e-type=\"widget\" data-widget_type=\"spacer.default\">\n\t\t\t\t\t\t\t<div class=\"elementor-spacer\">\n\t\t\t<div class=\"elementor-spacer-inner\"><\/div>\n\t\t<\/div>\n\t\t\t\t\t\t<\/div>\n\t\t\t\t<div class=\"elementor-element elementor-element-5f899b36 elementor-widget elementor-widget-text-editor\" data-id=\"5f899b36\" data-element_type=\"widget\" data-e-type=\"widget\" data-widget_type=\"text-editor.default\">\n\t\t\t\t\t\t\t\t\t<p><span style=\"color: #000000;\">Tres sales modulars<\/span><\/p>\t\t\t\t\t\t\t\t<\/div>\n\t\t\t\t<\/div>\n\t\t<div class=\"elementor-element elementor-element-268770e4 e-con-full e-flex e-con e-child\" data-id=\"268770e4\" data-element_type=\"container\" data-e-type=\"container\">\n\t\t\t\t<div class=\"elementor-element elementor-element-408baae0 elementor-widget elementor-widget-image\" data-id=\"408baae0\" data-element_type=\"widget\" data-e-type=\"widget\" data-widget_type=\"image.default\">\n\t\t\t\t\t\t\t\t\t\t\t\t\t\t\t<img loading=\"lazy\" decoding=\"async\" width=\"62\" height=\"62\" src=\"https:\/\/www.congres-perpignan.com\/wp-content\/uploads\/2026\/01\/Parc-salles-8.png\" class=\"attachment-large size-large wp-image-8164\" alt=\"\" \/>\t\t\t\t\t\t\t\t\t\t\t\t\t\t\t<\/div>\n\t\t\t\t<div class=\"elementor-element elementor-element-eb89675 elementor-widget elementor-widget-spacer\" data-id=\"eb89675\" data-element_type=\"widget\" data-e-type=\"widget\" data-widget_type=\"spacer.default\">\n\t\t\t\t\t\t\t<div class=\"elementor-spacer\">\n\t\t\t<div class=\"elementor-spacer-inner\"><\/div>\n\t\t<\/div>\n\t\t\t\t\t\t<\/div>\n\t\t\t\t<div class=\"elementor-element elementor-element-576b0f6d elementor-widget elementor-widget-text-editor\" data-id=\"576b0f6d\" data-element_type=\"widget\" data-e-type=\"widget\" data-widget_type=\"text-editor.default\">\n\t\t\t\t\t\t\t\t\t<p><span style=\"color: #000000;\">20.000 m\u00b2<\/span><\/p>\t\t\t\t\t\t\t\t<\/div>\n\t\t\t\t<\/div>\n\t\t<div class=\"elementor-element elementor-element-4004baf1 e-con-full e-flex e-con e-child\" data-id=\"4004baf1\" data-element_type=\"container\" data-e-type=\"container\">\n\t\t\t\t<div class=\"elementor-element elementor-element-29c05a28 elementor-widget elementor-widget-image\" data-id=\"29c05a28\" data-element_type=\"widget\" data-e-type=\"widget\" data-widget_type=\"image.default\">\n\t\t\t\t\t\t\t\t\t\t\t\t\t\t\t<img loading=\"lazy\" decoding=\"async\" width=\"61\" height=\"64\" src=\"https:\/\/www.congres-perpignan.com\/wp-content\/uploads\/2026\/01\/Parc-Ext-8.png\" class=\"attachment-large size-large wp-image-8424\" alt=\"\" \/>\t\t\t\t\t\t\t\t\t\t\t\t\t\t\t<\/div>\n\t\t\t\t<div class=\"elementor-element elementor-element-62dc elementor-widget elementor-widget-spacer\" data-id=\"62dc\" data-element_type=\"widget\" data-e-type=\"widget\" data-widget_type=\"spacer.default\">\n\t\t\t\t\t\t\t<div class=\"elementor-spacer\">\n\t\t\t<div class=\"elementor-spacer-inner\"><\/div>\n\t\t<\/div>\n\t\t\t\t\t\t<\/div>\n\t\t\t\t<div class=\"elementor-element elementor-element-4293ad7e elementor-widget elementor-widget-text-editor\" data-id=\"4293ad7e\" data-element_type=\"widget\" data-e-type=\"widget\" data-widget_type=\"text-editor.default\">\n\t\t\t\t\t\t\t\t\t<p><span style=\"color: #000000;\">Espai exterior<\/span><\/p>\t\t\t\t\t\t\t\t<\/div>\n\t\t\t\t<\/div>\n\t\t<div class=\"elementor-element elementor-element-2d4fdd94 e-con-full e-flex e-con e-child\" data-id=\"2d4fdd94\" data-element_type=\"container\" data-e-type=\"container\">\n\t\t\t\t<div class=\"elementor-element elementor-element-6cdde533 elementor-widget elementor-widget-image\" data-id=\"6cdde533\" data-element_type=\"widget\" data-e-type=\"widget\" data-widget_type=\"image.default\">\n\t\t\t\t\t\t\t\t\t\t\t\t\t\t\t<img loading=\"lazy\" decoding=\"async\" width=\"47\" height=\"60\" src=\"https:\/\/www.congres-perpignan.com\/wp-content\/uploads\/2026\/01\/Parc-Amphi-1.png\" class=\"attachment-large size-large wp-image-8426\" alt=\"\" \/>\t\t\t\t\t\t\t\t\t\t\t\t\t\t\t<\/div>\n\t\t\t\t<div class=\"elementor-element elementor-element-55fa70fb elementor-widget elementor-widget-spacer\" data-id=\"55fa70fb\" data-element_type=\"widget\" data-e-type=\"widget\" data-widget_type=\"spacer.default\">\n\t\t\t\t\t\t\t<div class=\"elementor-spacer\">\n\t\t\t<div class=\"elementor-spacer-inner\"><\/div>\n\t\t<\/div>\n\t\t\t\t\t\t<\/div>\n\t\t\t\t<div class=\"elementor-element elementor-element-1141210d elementor-widget elementor-widget-text-editor\" data-id=\"1141210d\" data-element_type=\"widget\" data-e-type=\"widget\" data-widget_type=\"text-editor.default\">\n\t\t\t\t\t\t\t\t\t<p><span style=\"color: #000000;\">Congr\u00e9s, convencions<\/span><\/p>\t\t\t\t\t\t\t\t<\/div>\n\t\t\t\t<\/div>\n\t\t<div class=\"elementor-element elementor-element-610d00aa e-con-full e-flex e-con e-child\" data-id=\"610d00aa\" data-element_type=\"container\" data-e-type=\"container\">\n\t\t\t\t<div class=\"elementor-element elementor-element-5ad7abcb elementor-widget elementor-widget-image\" data-id=\"5ad7abcb\" data-element_type=\"widget\" data-e-type=\"widget\" data-widget_type=\"image.default\">\n\t\t\t\t\t\t\t\t\t\t\t\t\t\t\t<img loading=\"lazy\" decoding=\"async\" width=\"88\" height=\"59\" src=\"https:\/\/www.congres-perpignan.com\/wp-content\/uploads\/2026\/01\/Parc-Buffet-8.png\" class=\"attachment-large size-large wp-image-8166\" alt=\"\" \/>\t\t\t\t\t\t\t\t\t\t\t\t\t\t\t<\/div>\n\t\t\t\t<div class=\"elementor-element elementor-element-febf84e elementor-widget elementor-widget-spacer\" data-id=\"febf84e\" data-element_type=\"widget\" data-e-type=\"widget\" data-widget_type=\"spacer.default\">\n\t\t\t\t\t\t\t<div class=\"elementor-spacer\">\n\t\t\t<div class=\"elementor-spacer-inner\"><\/div>\n\t\t<\/div>\n\t\t\t\t\t\t<\/div>\n\t\t\t\t<div class=\"elementor-element elementor-element-4ea77556 elementor-widget elementor-widget-text-editor\" data-id=\"4ea77556\" data-element_type=\"widget\" data-e-type=\"widget\" data-widget_type=\"text-editor.default\">\n\t\t\t\t\t\t\t\t\t<p><span style=\"color: #000000;\">Fires comercials, exposicions, esdeveniments culturals<\/span><\/p>\t\t\t\t\t\t\t\t<\/div>\n\t\t\t\t<div class=\"elementor-element elementor-element-e2fc0f5 elementor-widget elementor-widget-spacer\" data-id=\"e2fc0f5\" data-element_type=\"widget\" data-e-type=\"widget\" data-widget_type=\"spacer.default\">\n\t\t\t\t\t\t\t<div class=\"elementor-spacer\">\n\t\t\t<div class=\"elementor-spacer-inner\"><\/div>\n\t\t<\/div>\n\t\t\t\t\t\t<\/div>\n\t\t\t\t<\/div>\n\t\t\t\t<\/div>\n\t\t\t\t\t<\/div>\n\t\t\t\t<\/div>\n\t\t<div class=\"elementor-element elementor-element-6f9faa2b e-flex e-con-boxed e-con e-child\" data-id=\"6f9faa2b\" data-element_type=\"container\" data-e-type=\"container\" data-settings=\"{&quot;background_background&quot;:&quot;classic&quot;}\">\n\t\t\t\t\t<div class=\"e-con-inner\">\n\t\t\t\t<div class=\"elementor-element elementor-element-296d032e elementor-widget elementor-widget-spacer\" data-id=\"296d032e\" data-element_type=\"widget\" data-e-type=\"widget\" data-widget_type=\"spacer.default\">\n\t\t\t\t\t\t\t<div class=\"elementor-spacer\">\n\t\t\t<div class=\"elementor-spacer-inner\"><\/div>\n\t\t<\/div>\n\t\t\t\t\t\t<\/div>\n\t\t<div class=\"elementor-element elementor-element-32b5b87 e-con-full e-flex e-con e-child\" data-id=\"32b5b87\" data-element_type=\"container\" data-e-type=\"container\">\n\t\t<div class=\"elementor-element elementor-element-5fe645cf e-con-full e-flex e-con e-child\" data-id=\"5fe645cf\" data-element_type=\"container\" data-e-type=\"container\">\n\t\t\t\t<div class=\"elementor-element elementor-element-65ed086a elementor-widget elementor-widget-html\" data-id=\"65ed086a\" data-element_type=\"widget\" data-e-type=\"widget\" data-widget_type=\"html.default\">\n\t\t\t\t\t<iframe src=\"https:\/\/www.google.com\/maps\/embed?pb=!1m18!1m12!1m3!1d2931.770883085204!2d2.899781076632765!3d42.70857191301174!2m3!1f0!2f0!3f0!3m2!1i1024!2i768!4f13.1!3m3!1m2!1s0x12b06faa21445a97%3A0x7f3442db87a78158!2sParc%20des%20Expositions%20de%20Perpignan!5e0!3m2!1sfr!2sfr!4v1772113707546!5m2!1sfr!2sfr\" width=\"600\" height=\"265\" style=\"border:0;\" allowfullscreen=\"\" loading=\"lazy\" referrerpolicy=\"no-referrer-when-downgrade\"><\/iframe>\t\t\t\t<\/div>\n\t\t\t\t<\/div>\n\t\t<div class=\"elementor-element elementor-element-1f667b2b e-con-full e-flex e-con e-child\" data-id=\"1f667b2b\" data-element_type=\"container\" data-e-type=\"container\">\n\t\t\t\t<div class=\"elementor-element elementor-element-22d6e38c elementor-widget elementor-widget-heading\" data-id=\"22d6e38c\" data-element_type=\"widget\" data-e-type=\"widget\" data-widget_type=\"heading.default\">\n\t\t\t\t\t<h2 class=\"elementor-heading-title elementor-size-default\">Adre\u00e7a<\/h2>\t\t\t\t<\/div>\n\t\t\t\t<div class=\"elementor-element elementor-element-65278d80 elementor-widget elementor-widget-spacer\" data-id=\"65278d80\" data-element_type=\"widget\" data-e-type=\"widget\" data-widget_type=\"spacer.default\">\n\t\t\t\t\t\t\t<div class=\"elementor-spacer\">\n\t\t\t<div class=\"elementor-spacer-inner\"><\/div>\n\t\t<\/div>\n\t\t\t\t\t\t<\/div>\n\t\t\t\t<div class=\"elementor-element elementor-element-106c20d6 elementor-widget elementor-widget-text-editor\" data-id=\"106c20d6\" data-element_type=\"widget\" data-e-type=\"widget\" data-widget_type=\"text-editor.default\">\n\t\t\t\t\t\t\t\t\t<div class=\"Tolbie\"><div class=\"F2yIXb\"><span style=\"color: #ffffff;\">Av. du Palais des Expositions<\/span><\/div><div class=\"F2yIXb\"><span style=\"color: #ffffff;\">66000 Perpiny\u00e0<\/span><\/div><\/div>\t\t\t\t\t\t\t\t<\/div>\n\t\t\t\t<\/div>\n\t\t\t\t<\/div>\n\t\t\t\t<div class=\"elementor-element elementor-element-58d6c2e5 elementor-widget elementor-widget-spacer\" data-id=\"58d6c2e5\" data-element_type=\"widget\" data-e-type=\"widget\" data-widget_type=\"spacer.default\">\n\t\t\t\t\t\t\t<div class=\"elementor-spacer\">\n\t\t\t<div class=\"elementor-spacer-inner\"><\/div>\n\t\t<\/div>\n\t\t\t\t\t\t<\/div>\n\t\t\t\t\t<\/div>\n\t\t\t\t<\/div>\n\t\t\t\t<\/div>\n\t\t","protected":false},"excerpt":{"rendered":"<p>ParcExposicions Contacta&#8217;ns Per a m\u00e9s informaci\u00f3congrexpo@congres-perpignan.com Contacte Un lloc essencial per als teus esdeveniments a Perpiny\u00e0 Inaugurat el 1984, el Centre d&#8217;Exposicions de Perpiny\u00e0 \u00e9s una infraestructura important dedicada a l&#8217;organitzaci\u00f3 de fires, exposicions i grans esdeveniments. Va ser dissenyat per acollir grans esdeveniments comercials. Cada any, el Parc des Expositions acull fires comercials, fires [&hellip;]<\/p>\n","protected":false},"author":1,"featured_media":8161,"parent":8300,"menu_order":0,"comment_status":"closed","ping_status":"closed","template":"","meta":{"inline_featured_image":false,"footnotes":""},"class_list":["post-8416","page","type-page","status-publish","has-post-thumbnail","hentry"],"_links":{"self":[{"href":"https:\/\/www.congres-perpignan.com\/ca\/wp-json\/wp\/v2\/pages\/8416","targetHints":{"allow":["GET"]}}],"collection":[{"href":"https:\/\/www.congres-perpignan.com\/ca\/wp-json\/wp\/v2\/pages"}],"about":[{"href":"https:\/\/www.congres-perpignan.com\/ca\/wp-json\/wp\/v2\/types\/page"}],"author":[{"embeddable":true,"href":"https:\/\/www.congres-perpignan.com\/ca\/wp-json\/wp\/v2\/users\/1"}],"replies":[{"embeddable":true,"href":"https:\/\/www.congres-perpignan.com\/ca\/wp-json\/wp\/v2\/comments?post=8416"}],"version-history":[{"count":2,"href":"https:\/\/www.congres-perpignan.com\/ca\/wp-json\/wp\/v2\/pages\/8416\/revisions"}],"predecessor-version":[{"id":8429,"href":"https:\/\/www.congres-perpignan.com\/ca\/wp-json\/wp\/v2\/pages\/8416\/revisions\/8429"}],"up":[{"embeddable":true,"href":"https:\/\/www.congres-perpignan.com\/ca\/wp-json\/wp\/v2\/pages\/8300"}],"wp:featuredmedia":[{"embeddable":true,"href":"https:\/\/www.congres-perpignan.com\/ca\/wp-json\/wp\/v2\/media\/8161"}],"wp:attachment":[{"href":"https:\/\/www.congres-perpignan.com\/ca\/wp-json\/wp\/v2\/media?parent=8416"}],"curies":[{"name":"wp","href":"https:\/\/api.w.org\/{rel}","templated":true}]}}