{"id":8269,"date":"2026-01-13T16:18:08","date_gmt":"2026-01-13T15:18:08","guid":{"rendered":"https:\/\/www.congres-perpignan.com\/presentacio-dels-tres-llocs\/"},"modified":"2026-04-24T11:17:19","modified_gmt":"2026-04-24T09:17:19","slug":"presentacio-dels-tres-llocs","status":"publish","type":"page","link":"https:\/\/www.congres-perpignan.com\/ca\/qui-som\/presentacio-dels-tres-llocs\/","title":{"rendered":"Presentaci\u00f3 dels tres llocs"},"content":{"rendered":"\t\t<div data-elementor-type=\"wp-page\" data-elementor-id=\"8269\" class=\"elementor elementor-8269 elementor-1053\" data-elementor-post-type=\"page\">\n\t\t\t\t<div class=\"elementor-element elementor-element-3b0c5be e-con-full e-flex e-con e-parent\" data-id=\"3b0c5be\" data-element_type=\"container\" data-e-type=\"container\">\n\t\t<div class=\"elementor-element elementor-element-7da097b7 hc-header-page e-con-full e-flex e-con e-child\" data-id=\"7da097b7\" data-element_type=\"container\" data-e-type=\"container\" data-settings=\"{&quot;background_background&quot;:&quot;classic&quot;}\">\n\t\t<div class=\"elementor-element elementor-element-23568d9b e-con-full e-flex e-con e-child\" data-id=\"23568d9b\" data-element_type=\"container\" data-e-type=\"container\" data-settings=\"{&quot;background_background&quot;:&quot;classic&quot;}\">\n\t\t<div class=\"elementor-element elementor-element-302c20ab e-con-full e-flex e-con e-child\" data-id=\"302c20ab\" data-element_type=\"container\" data-e-type=\"container\">\n\t\t\t\t<div class=\"elementor-element elementor-element-7c366119 elementor-widget elementor-widget-heading\" data-id=\"7c366119\" data-element_type=\"widget\" data-e-type=\"widget\" data-widget_type=\"heading.default\">\n\t\t\t\t\t<h1 class=\"elementor-heading-title elementor-size-default\">Qui<br>Qui som?<\/h1>\t\t\t\t<\/div>\n\t\t\t\t<\/div>\n\t\t\t\t<\/div>\n\t\t\t\t<\/div>\n\t\t\t\t<div class=\"elementor-element elementor-element-2467766 elementor-widget elementor-widget-spacer\" data-id=\"2467766\" data-element_type=\"widget\" data-e-type=\"widget\" data-widget_type=\"spacer.default\">\n\t\t\t\t\t\t\t<div class=\"elementor-spacer\">\n\t\t\t<div class=\"elementor-spacer-inner\"><\/div>\n\t\t<\/div>\n\t\t\t\t\t\t<\/div>\n\t\t\t\t<div class=\"elementor-element elementor-element-8dad051 elementor-widget elementor-widget-spacer\" data-id=\"8dad051\" data-element_type=\"widget\" data-e-type=\"widget\" data-widget_type=\"spacer.default\">\n\t\t\t\t\t\t\t<div class=\"elementor-spacer\">\n\t\t\t<div class=\"elementor-spacer-inner\"><\/div>\n\t\t<\/div>\n\t\t\t\t\t\t<\/div>\n\t\t\t\t<div class=\"elementor-element elementor-element-15a9d2e elementor-widget__width-initial elementor-widget elementor-widget-text-editor\" data-id=\"15a9d2e\" data-element_type=\"widget\" data-e-type=\"widget\" data-widget_type=\"text-editor.default\">\n\t\t\t\t\t\t\t\t\t<p>L&#8217;Expo Congr\u00e8s de Perpiny\u00e0, organitzadora i gestora de 3 establiments excepcionals, t&#8217;ofereix espais de qualitat per acollir congressos, seminaris, fires p\u00fabliques, fires, vetllades de gala, exposicions o esdeveniments esportius, amb preus competitius i serveis a mida adaptats a les teves necessitats.<\/p>\t\t\t\t\t\t\t\t<\/div>\n\t\t<div class=\"elementor-element elementor-element-4968746 e-flex e-con-boxed e-con e-child\" data-id=\"4968746\" data-element_type=\"container\" data-e-type=\"container\">\n\t\t\t\t\t<div class=\"e-con-inner\">\n\t\t<div class=\"elementor-element elementor-element-05677ba e-con-full e-flex e-con e-child\" data-id=\"05677ba\" data-element_type=\"container\" data-e-type=\"container\">\n\t\t<div class=\"elementor-element elementor-element-6a3364d e-con-full e-flex e-con e-child\" data-id=\"6a3364d\" data-element_type=\"container\" data-e-type=\"container\">\n\t\t\t\t<div class=\"elementor-element elementor-element-b035d1d elementor-widget elementor-widget-spacer\" data-id=\"b035d1d\" data-element_type=\"widget\" data-e-type=\"widget\" data-widget_type=\"spacer.default\">\n\t\t\t\t\t\t\t<div class=\"elementor-spacer\">\n\t\t\t<div class=\"elementor-spacer-inner\"><\/div>\n\t\t<\/div>\n\t\t\t\t\t\t<\/div>\n\t\t\t\t<div class=\"elementor-element elementor-element-3efcef8 elementor-widget elementor-widget-spacer\" data-id=\"3efcef8\" data-element_type=\"widget\" data-e-type=\"widget\" data-widget_type=\"spacer.default\">\n\t\t\t\t\t\t\t<div class=\"elementor-spacer\">\n\t\t\t<div class=\"elementor-spacer-inner\"><\/div>\n\t\t<\/div>\n\t\t\t\t\t\t<\/div>\n\t\t\t\t<div class=\"elementor-element elementor-element-0255fd7 elementor-widget elementor-widget-heading\" data-id=\"0255fd7\" data-element_type=\"widget\" data-e-type=\"widget\" data-widget_type=\"heading.default\">\n\t\t\t\t\t<h3 class=\"elementor-heading-title elementor-size-default\">Tres ubicacions, possibilitats infinites<\/h3>\t\t\t\t<\/div>\n\t\t\t\t<div class=\"elementor-element elementor-element-2134ebe elementor-widget elementor-widget-spacer\" data-id=\"2134ebe\" data-element_type=\"widget\" data-e-type=\"widget\" data-widget_type=\"spacer.default\">\n\t\t\t\t\t\t\t<div class=\"elementor-spacer\">\n\t\t\t<div class=\"elementor-spacer-inner\"><\/div>\n\t\t<\/div>\n\t\t\t\t\t\t<\/div>\n\t\t\t\t<\/div>\n\t\t\t\t<\/div>\n\t\t\t\t\t<\/div>\n\t\t\t\t<\/div>\n\t\t<div class=\"elementor-element elementor-element-d4531ad e-flex e-con-boxed e-con e-child\" data-id=\"d4531ad\" data-element_type=\"container\" data-e-type=\"container\">\n\t\t\t\t\t<div class=\"e-con-inner\">\n\t\t<div class=\"elementor-element elementor-element-84074fe e-con-full e-flex e-con e-child\" data-id=\"84074fe\" data-element_type=\"container\" data-e-type=\"container\">\n\t\t<div class=\"elementor-element elementor-element-9183430 e-con-full e-flex e-con e-child\" data-id=\"9183430\" data-element_type=\"container\" data-e-type=\"container\">\n\t\t\t\t<div class=\"elementor-element elementor-element-915ca7e elementor-widget elementor-widget-heading\" data-id=\"915ca7e\" data-element_type=\"widget\" data-e-type=\"widget\" data-widget_type=\"heading.default\">\n\t\t\t\t\t<h3 class=\"elementor-heading-title elementor-size-default\">El Palais des Congr\u00e8s  <\/h3>\t\t\t\t<\/div>\n\t\t\t\t<div class=\"elementor-element elementor-element-3e95d2f elementor-widget elementor-widget-image\" data-id=\"3e95d2f\" data-element_type=\"widget\" data-e-type=\"widget\" data-widget_type=\"image.default\">\n\t\t\t\t\t\t\t\t\t\t\t\t\t\t\t\t<a href=\"https:\/\/www.congres-perpignan.com\/ca\/?page_id=8303\" palaisdescongr=\"\">\n\t\t\t\t\t\t\t<img fetchpriority=\"high\" decoding=\"async\" width=\"1024\" height=\"683\" src=\"https:\/\/www.congres-perpignan.com\/wp-content\/uploads\/2026\/01\/DSC_0049-1024x683.jpg\" class=\"attachment-large size-large wp-image-8298\" alt=\"\" srcset=\"https:\/\/www.congres-perpignan.com\/wp-content\/uploads\/2026\/01\/DSC_0049-1024x683.jpg 1024w, https:\/\/www.congres-perpignan.com\/wp-content\/uploads\/2026\/01\/DSC_0049-300x200.jpg 300w, https:\/\/www.congres-perpignan.com\/wp-content\/uploads\/2026\/01\/DSC_0049-768x512.jpg 768w, https:\/\/www.congres-perpignan.com\/wp-content\/uploads\/2026\/01\/DSC_0049-391x260.jpg 391w, https:\/\/www.congres-perpignan.com\/wp-content\/uploads\/2026\/01\/DSC_0049-1536x1024.jpg 1536w, https:\/\/www.congres-perpignan.com\/wp-content\/uploads\/2026\/01\/DSC_0049-2048x1365.jpg 2048w\" sizes=\"(max-width: 1024px) 100vw, 1024px\" \/>\t\t\t\t\t\t\t\t<\/a>\n\t\t\t\t\t\t\t\t\t\t\t\t\t\t\t<\/div>\n\t\t\t\t<div class=\"elementor-element elementor-element-a5e8dbd elementor-widget elementor-widget-text-editor\" data-id=\"a5e8dbd\" data-element_type=\"widget\" data-e-type=\"widget\" data-widget_type=\"text-editor.default\">\n\t\t\t\t\t\t\t\t\t<p>El Palais des Congr\u00e8s, situat al centre de Perpiny\u00e0, al magn\u00edfic parc bosc\u00f3s de Bir Hakeim, destaca per la seva arquitectura moderna i lluminosa. T\u00e9 una capacitat de 10.000 m\u00b2 en 7 nivells, incloent-hi una terrassa de 450 m2 amb una vista panor\u00e0mica de la ciutat, 2 amfiteatres amb 300 i 1.045 seients, 15 sales de comit\u00e8 per a 25 a 200 persones, aix\u00ed com una sala de 1.000 m2 que pot acollir \u00e0pats per a 900 persones assegudes. <\/p>\t\t\t\t\t\t\t\t<\/div>\n\t\t\t\t<\/div>\n\t\t<div class=\"elementor-element elementor-element-28f6de9 e-con-full e-flex e-con e-child\" data-id=\"28f6de9\" data-element_type=\"container\" data-e-type=\"container\">\n\t\t\t\t<div class=\"elementor-element elementor-element-3de466f elementor-widget elementor-widget-heading\" data-id=\"3de466f\" data-element_type=\"widget\" data-e-type=\"widget\" data-widget_type=\"heading.default\">\n\t\t\t\t\t<h3 class=\"elementor-heading-title elementor-size-default\">L'Esgl\u00e9sia Dominica<\/h3>\t\t\t\t<\/div>\n\t\t\t\t<div class=\"elementor-element elementor-element-9969af1 elementor-widget elementor-widget-image\" data-id=\"9969af1\" data-element_type=\"widget\" data-e-type=\"widget\" data-widget_type=\"image.default\">\n\t\t\t\t\t\t\t\t\t\t\t\t\t\t\t\t<a href=\"https:\/\/www.congres-perpignan.com\/ca\/?page_id=8196\">\n\t\t\t\t\t\t\t<img decoding=\"async\" width=\"1024\" height=\"512\" src=\"https:\/\/www.congres-perpignan.com\/wp-content\/uploads\/2026\/01\/2-83-1-1024x512.jpg\" class=\"attachment-large size-large wp-image-8205\" alt=\"\" srcset=\"https:\/\/www.congres-perpignan.com\/wp-content\/uploads\/2026\/01\/2-83-1-1024x512.jpg 1024w, https:\/\/www.congres-perpignan.com\/wp-content\/uploads\/2026\/01\/2-83-1-300x150.jpg 300w, https:\/\/www.congres-perpignan.com\/wp-content\/uploads\/2026\/01\/2-83-1-768x384.jpg 768w, https:\/\/www.congres-perpignan.com\/wp-content\/uploads\/2026\/01\/2-83-1.jpg 1200w\" sizes=\"(max-width: 1024px) 100vw, 1024px\" \/>\t\t\t\t\t\t\t\t<\/a>\n\t\t\t\t\t\t\t\t\t\t\t\t\t\t\t<\/div>\n\t\t\t\t<div class=\"elementor-element elementor-element-0707954 elementor-widget elementor-widget-text-editor\" data-id=\"0707954\" data-element_type=\"widget\" data-e-type=\"widget\" data-widget_type=\"text-editor.default\">\n\t\t\t\t\t\t\t\t\t<p>L&#8217;esgl\u00e9sia dominicana, un edifici catalogat dels segles XIII-XIV, situada a prop del Palais des Congr\u00e8s, donar\u00e0 espai a la vostra vetllada de gala, un moment inoblidable per als vostres convidats.<\/p>\t\t\t\t\t\t\t\t<\/div>\n\t\t\t\t<\/div>\n\t\t<div class=\"elementor-element elementor-element-b88a1dd e-con-full e-flex e-con e-child\" data-id=\"b88a1dd\" data-element_type=\"container\" data-e-type=\"container\">\n\t\t\t\t<div class=\"elementor-element elementor-element-5b33516 elementor-widget elementor-widget-heading\" data-id=\"5b33516\" data-element_type=\"widget\" data-e-type=\"widget\" data-widget_type=\"heading.default\">\n\t\t\t\t\t<h3 class=\"elementor-heading-title elementor-size-default\">El Centre d'Exposicions<\/h3>\t\t\t\t<\/div>\n\t\t\t\t<div class=\"elementor-element elementor-element-73ce072 elementor-widget elementor-widget-image\" data-id=\"73ce072\" data-element_type=\"widget\" data-e-type=\"widget\" data-widget_type=\"image.default\">\n\t\t\t\t\t\t\t\t\t\t\t\t\t\t\t\t<a href=\"https:\/\/www.congres-perpignan.com\/ca\/?page_id=8416\">\n\t\t\t\t\t\t\t<img decoding=\"async\" width=\"900\" height=\"600\" src=\"https:\/\/www.congres-perpignan.com\/wp-content\/uploads\/2026\/01\/sous-rubrique-parc-expo.jpg\" class=\"attachment-large size-large wp-image-8161\" alt=\"\" srcset=\"https:\/\/www.congres-perpignan.com\/wp-content\/uploads\/2026\/01\/sous-rubrique-parc-expo.jpg 900w, https:\/\/www.congres-perpignan.com\/wp-content\/uploads\/2026\/01\/sous-rubrique-parc-expo-300x200.jpg 300w, https:\/\/www.congres-perpignan.com\/wp-content\/uploads\/2026\/01\/sous-rubrique-parc-expo-768x512.jpg 768w, https:\/\/www.congres-perpignan.com\/wp-content\/uploads\/2026\/01\/sous-rubrique-parc-expo-391x260.jpg 391w\" sizes=\"(max-width: 900px) 100vw, 900px\" \/>\t\t\t\t\t\t\t\t<\/a>\n\t\t\t\t\t\t\t\t\t\t\t\t\t\t\t<\/div>\n\t\t\t\t<div class=\"elementor-element elementor-element-0c02fe4 elementor-widget elementor-widget-text-editor\" data-id=\"0c02fe4\" data-element_type=\"widget\" data-e-type=\"widget\" data-widget_type=\"text-editor.default\">\n\t\t\t\t\t\t\t\t\t<p>Cada any, el Parc des Expositions acull nombrosos esdeveniments: exposicions professionals, fires, fires comercials per al p\u00fablic general i professionals, aix\u00ed com esdeveniments esportius locals, nacionals i internacionals. Consta de tres sales modulars que ofereixen m\u00faltiples possibilitats de distribuci\u00f3. <\/p>\t\t\t\t\t\t\t\t<\/div>\n\t\t\t\t<\/div>\n\t\t\t\t<\/div>\n\t\t\t\t<div class=\"elementor-element elementor-element-8e9e193 elementor-widget elementor-widget-spacer\" data-id=\"8e9e193\" data-element_type=\"widget\" data-e-type=\"widget\" data-widget_type=\"spacer.default\">\n\t\t\t\t\t\t\t<div class=\"elementor-spacer\">\n\t\t\t<div class=\"elementor-spacer-inner\"><\/div>\n\t\t<\/div>\n\t\t\t\t\t\t<\/div>\n\t\t\t\t<div class=\"elementor-element elementor-element-b2ace6f elementor-widget-divider--view-line elementor-widget elementor-widget-global elementor-global-4277 elementor-widget-divider\" data-id=\"b2ace6f\" data-element_type=\"widget\" data-e-type=\"widget\" data-widget_type=\"divider.default\">\n\t\t\t\t\t\t\t<div class=\"elementor-divider\">\n\t\t\t<span class=\"elementor-divider-separator\">\n\t\t\t\t\t\t<\/span>\n\t\t<\/div>\n\t\t\t\t\t\t<\/div>\n\t\t<div class=\"elementor-element elementor-element-03b4e9e e-con-full e-flex e-con e-child\" data-id=\"03b4e9e\" data-element_type=\"container\" data-e-type=\"container\">\n\t\t<div class=\"elementor-element elementor-element-2163456 e-con-full e-flex e-con e-child\" data-id=\"2163456\" data-element_type=\"container\" data-e-type=\"container\">\n\t\t<div class=\"elementor-element elementor-element-6a1ee3e e-con-full e-flex e-con e-child\" data-id=\"6a1ee3e\" data-element_type=\"container\" data-e-type=\"container\">\n\t\t\t\t<div class=\"elementor-element elementor-element-0ae10fd elementor-widget elementor-widget-heading\" data-id=\"0ae10fd\" data-element_type=\"widget\" data-e-type=\"widget\" data-widget_type=\"heading.default\">\n\t\t\t\t\t<h3 class=\"elementor-heading-title elementor-size-default\">Perpiny\u00e0, entre mar i muntanyes<\/h3>\t\t\t\t<\/div>\n\t\t\t\t<div class=\"elementor-element elementor-element-f3cc498 elementor-widget elementor-widget-spacer\" data-id=\"f3cc498\" data-element_type=\"widget\" data-e-type=\"widget\" data-widget_type=\"spacer.default\">\n\t\t\t\t\t\t\t<div class=\"elementor-spacer\">\n\t\t\t<div class=\"elementor-spacer-inner\"><\/div>\n\t\t<\/div>\n\t\t\t\t\t\t<\/div>\n\t\t\t\t<div class=\"elementor-element elementor-element-2b739a4 elementor-widget elementor-widget-text-editor\" data-id=\"2b739a4\" data-element_type=\"widget\" data-e-type=\"widget\" data-widget_type=\"text-editor.default\">\n\t\t\t\t\t\t\t\t\t<p>Situada a l&#8217;extrem sud de Fran\u00e7a, Perpiny\u00e0 gaudeix d&#8217;una ubicaci\u00f3 excepcional: nom\u00e9s a 10 minuts del mar Mediterrani, 20 minuts dels Pirineus i 30 minuts de la frontera espanyola.<\/p><p> <\/p><p>Situada enmig de paisatges aut\u00e8ntics de vin\u00edcola, la ciutat ofereix un entorn \u00fanic on la dol\u00e7or de la vida, la cultura i la natura es combinen harm\u00f2nicament.<\/p><p> <\/p><p>El seu patrimoni arquitect\u00f2nic, les influ\u00e8ncies catalanes i els colors assolellats el converteixen en una destinaci\u00f3 popular per a aquells que busquen un entorn vibrant i c\u00e0lid.<\/p><p> <\/p><p>Antiga capital del Regne de Mallorca, Ciutat de l&#8217;Art i la Hist\u00f2ria des del 2001, \u00e9s la ciutat m\u00e9s mediterr\u00e0nia de Fran\u00e7a.<\/p>\t\t\t\t\t\t\t\t<\/div>\n\t\t\t\t<\/div>\n\t\t<div class=\"elementor-element elementor-element-4ebf4d4 e-con-full e-flex e-con e-child\" data-id=\"4ebf4d4\" data-element_type=\"container\" data-e-type=\"container\">\n\t\t\t\t<div class=\"elementor-element elementor-element-445fe64 elementor-widget__width-initial elementor-widget elementor-widget-image\" data-id=\"445fe64\" data-element_type=\"widget\" data-e-type=\"widget\" data-widget_type=\"image.default\">\n\t\t\t\t\t\t\t\t\t\t\t\t\t\t\t<img loading=\"lazy\" decoding=\"async\" width=\"1917\" height=\"2560\" src=\"https:\/\/www.congres-perpignan.com\/wp-content\/uploads\/2026\/03\/Place-de-Verdun-Porte-Notre-Dame-2-scaled.jpg\" class=\"attachment-full size-full wp-image-8294\" alt=\"\" srcset=\"https:\/\/www.congres-perpignan.com\/wp-content\/uploads\/2026\/03\/Place-de-Verdun-Porte-Notre-Dame-2-scaled.jpg 1917w, https:\/\/www.congres-perpignan.com\/wp-content\/uploads\/2026\/03\/Place-de-Verdun-Porte-Notre-Dame-2-225x300.jpg 225w, https:\/\/www.congres-perpignan.com\/wp-content\/uploads\/2026\/03\/Place-de-Verdun-Porte-Notre-Dame-2-767x1024.jpg 767w, https:\/\/www.congres-perpignan.com\/wp-content\/uploads\/2026\/03\/Place-de-Verdun-Porte-Notre-Dame-2-768x1026.jpg 768w, https:\/\/www.congres-perpignan.com\/wp-content\/uploads\/2026\/03\/Place-de-Verdun-Porte-Notre-Dame-2-300x400.jpg 300w, https:\/\/www.congres-perpignan.com\/wp-content\/uploads\/2026\/03\/Place-de-Verdun-Porte-Notre-Dame-2-1150x1536.jpg 1150w, https:\/\/www.congres-perpignan.com\/wp-content\/uploads\/2026\/03\/Place-de-Verdun-Porte-Notre-Dame-2-1534x2048.jpg 1534w\" sizes=\"(max-width: 1917px) 100vw, 1917px\" \/>\t\t\t\t\t\t\t\t\t\t\t\t\t\t\t<\/div>\n\t\t\t\t<\/div>\n\t\t\t\t<div class=\"elementor-element elementor-element-770e6c6 elementor-widget elementor-widget-spacer\" data-id=\"770e6c6\" data-element_type=\"widget\" data-e-type=\"widget\" data-widget_type=\"spacer.default\">\n\t\t\t\t\t\t\t<div class=\"elementor-spacer\">\n\t\t\t<div class=\"elementor-spacer-inner\"><\/div>\n\t\t<\/div>\n\t\t\t\t\t\t<\/div>\n\t\t\t\t<\/div>\n\t\t\t\t<div class=\"elementor-element elementor-element-6d3d853 elementor-widget__width-initial elementor-widget elementor-widget-spacer\" data-id=\"6d3d853\" data-element_type=\"widget\" data-e-type=\"widget\" data-widget_type=\"spacer.default\">\n\t\t\t\t\t\t\t<div class=\"elementor-spacer\">\n\t\t\t<div class=\"elementor-spacer-inner\"><\/div>\n\t\t<\/div>\n\t\t\t\t\t\t<\/div>\n\t\t\t\t<div class=\"elementor-element elementor-element-fad5744 elementor-widget elementor-widget-spacer\" data-id=\"fad5744\" data-element_type=\"widget\" data-e-type=\"widget\" data-widget_type=\"spacer.default\">\n\t\t\t\t\t\t\t<div class=\"elementor-spacer\">\n\t\t\t<div class=\"elementor-spacer-inner\"><\/div>\n\t\t<\/div>\n\t\t\t\t\t\t<\/div>\n\t\t\t\t<\/div>\n\t\t<div class=\"elementor-element elementor-element-a296aac e-con-full e-flex e-con e-child\" data-id=\"a296aac\" data-element_type=\"container\" data-e-type=\"container\">\n\t\t<div class=\"elementor-element elementor-element-8c8584a e-con-full e-flex e-con e-child\" data-id=\"8c8584a\" data-element_type=\"container\" data-e-type=\"container\">\n\t\t\t\t<div class=\"elementor-element elementor-element-e4cb492 elementor-widget elementor-widget-image\" data-id=\"e4cb492\" data-element_type=\"widget\" data-e-type=\"widget\" data-widget_type=\"image.default\">\n\t\t\t\t\t\t\t\t\t\t\t\t\t\t\t<img loading=\"lazy\" decoding=\"async\" width=\"1024\" height=\"768\" src=\"https:\/\/www.congres-perpignan.com\/wp-content\/uploads\/2026\/03\/Pyrenees-Font-Romeu-@NicolasBerthet-1024x768.jpg\" class=\"attachment-large size-large wp-image-8286\" alt=\"\" srcset=\"https:\/\/www.congres-perpignan.com\/wp-content\/uploads\/2026\/03\/Pyrenees-Font-Romeu-@NicolasBerthet-1024x768.jpg 1024w, https:\/\/www.congres-perpignan.com\/wp-content\/uploads\/2026\/03\/Pyrenees-Font-Romeu-@NicolasBerthet-300x225.jpg 300w, https:\/\/www.congres-perpignan.com\/wp-content\/uploads\/2026\/03\/Pyrenees-Font-Romeu-@NicolasBerthet-768x576.jpg 768w, https:\/\/www.congres-perpignan.com\/wp-content\/uploads\/2026\/03\/Pyrenees-Font-Romeu-@NicolasBerthet-1536x1152.jpg 1536w, https:\/\/www.congres-perpignan.com\/wp-content\/uploads\/2026\/03\/Pyrenees-Font-Romeu-@NicolasBerthet-2048x1536.jpg 2048w\" sizes=\"(max-width: 1024px) 100vw, 1024px\" \/>\t\t\t\t\t\t\t\t\t\t\t\t\t\t\t<\/div>\n\t\t\t\t<\/div>\n\t\t<div class=\"elementor-element elementor-element-055d143 e-con-full e-flex e-con e-child\" data-id=\"055d143\" data-element_type=\"container\" data-e-type=\"container\">\n\t\t\t\t<div class=\"elementor-element elementor-element-33cb6b4 elementor-widget__width-initial elementor-widget elementor-widget-spacer\" data-id=\"33cb6b4\" data-element_type=\"widget\" data-e-type=\"widget\" data-widget_type=\"spacer.default\">\n\t\t\t\t\t\t\t<div class=\"elementor-spacer\">\n\t\t\t<div class=\"elementor-spacer-inner\"><\/div>\n\t\t<\/div>\n\t\t\t\t\t\t<\/div>\n\t\t\t\t<div class=\"elementor-element elementor-element-8fe5b12 elementor-widget elementor-widget-image\" data-id=\"8fe5b12\" data-element_type=\"widget\" data-e-type=\"widget\" data-widget_type=\"image.default\">\n\t\t\t\t\t\t\t\t\t\t\t\t\t\t\t<img decoding=\"async\" src=\"https:\/\/www.congres-perpignan.com\/wp-content\/uploads\/elementor\/thumbs\/Cote-Vermeille-Collioure-\u00a9NicolasBerthet-scaled-rk3s0te0f2h0zqg4mtxnjkjp40ec7jtfxyhqseyewc.jpg\" title=\"C\u00f4te Vermeille Collioure \u00a9Nicolas Berthet\" alt=\"C\u00f4te Vermeille Collioure \u00a9Nicolas Berthet\" loading=\"lazy\" \/>\t\t\t\t\t\t\t\t\t\t\t\t\t\t\t<\/div>\n\t\t\t\t<\/div>\n\t\t\t\t<\/div>\n\t\t\t\t<div class=\"elementor-element elementor-element-1fd0b0e elementor-widget elementor-widget-spacer\" data-id=\"1fd0b0e\" data-element_type=\"widget\" data-e-type=\"widget\" data-widget_type=\"spacer.default\">\n\t\t\t\t\t\t\t<div class=\"elementor-spacer\">\n\t\t\t<div class=\"elementor-spacer-inner\"><\/div>\n\t\t<\/div>\n\t\t\t\t\t\t<\/div>\n\t\t\t\t<div class=\"elementor-element elementor-element-4277 elementor-widget-divider--view-line elementor-widget elementor-widget-global elementor-global-4277 elementor-widget-divider\" data-id=\"4277\" data-element_type=\"widget\" data-e-type=\"widget\" data-widget_type=\"divider.default\">\n\t\t\t\t\t\t\t<div class=\"elementor-divider\">\n\t\t\t<span class=\"elementor-divider-separator\">\n\t\t\t\t\t\t<\/span>\n\t\t<\/div>\n\t\t\t\t\t\t<\/div>\n\t\t\t\t<div class=\"elementor-element elementor-element-94767c1 elementor-widget elementor-widget-heading\" data-id=\"94767c1\" data-element_type=\"widget\" data-e-type=\"widget\" data-widget_type=\"heading.default\">\n\t\t\t\t\t<h2 class=\"elementor-heading-title elementor-size-default\">Una destinaci\u00f3 assolellada i\n f\u00e0cil d'arribar<\/h2>\t\t\t\t<\/div>\n\t\t\t\t<div class=\"elementor-element elementor-element-a2f3820 elementor-widget elementor-widget-spacer\" data-id=\"a2f3820\" data-element_type=\"widget\" data-e-type=\"widget\" data-widget_type=\"spacer.default\">\n\t\t\t\t\t\t\t<div class=\"elementor-spacer\">\n\t\t\t<div class=\"elementor-spacer-inner\"><\/div>\n\t\t<\/div>\n\t\t\t\t\t\t<\/div>\n\t\t\t\t<div class=\"elementor-element elementor-element-ee7fb67 elementor-widget__width-initial elementor-widget elementor-widget-text-editor\" data-id=\"ee7fb67\" data-element_type=\"widget\" data-e-type=\"widget\" data-widget_type=\"text-editor.default\">\n\t\t\t\t\t\t\t\t\t<p>Perfectament connectada, Perpiny\u00e0 disposa de l&#8217;aeroport de Perpiny\u00e0\u2013Rivassaltes, situat a nom\u00e9s 6,2 km del centre de la ciutat, aix\u00ed com d&#8217;una estaci\u00f3 TGV que facilita viatges cap a les principals capitals europees i ciutats importants (Par\u00eds, Nantes, Lilla, Londres, Brussel\u00b7les, Dubl\u00edn, Marr\u00e0queix, etc.).<br>Gr\u00e0cies a aquesta infraestructura, la ciutat confirma el seu paper estrat\u00e8gic com a cru\u00eflla entre el nord i el sud d&#8217;Europa, refor\u00e7ant el seu atractiu econ\u00f2mic, tur\u00edstic i cultural.<\/p>\t\t\t\t\t\t\t\t<\/div>\n\t\t\t\t\t<\/div>\n\t\t\t\t<\/div>\n\t\t\t\t<div class=\"elementor-element elementor-element-58996cb elementor-widget elementor-widget-spacer\" data-id=\"58996cb\" data-element_type=\"widget\" data-e-type=\"widget\" data-widget_type=\"spacer.default\">\n\t\t\t\t\t\t\t<div class=\"elementor-spacer\">\n\t\t\t<div class=\"elementor-spacer-inner\"><\/div>\n\t\t<\/div>\n\t\t\t\t\t\t<\/div>\n\t\t\t\t<\/div>\n\t\t<div class=\"elementor-element elementor-element-8ff356b e-flex e-con-boxed e-con e-parent\" data-id=\"8ff356b\" data-element_type=\"container\" data-e-type=\"container\">\n\t\t\t\t\t<div class=\"e-con-inner\">\n\t\t\t\t<div class=\"elementor-element elementor-element-274f3ea elementor-widget elementor-widget-image\" data-id=\"274f3ea\" data-element_type=\"widget\" data-e-type=\"widget\" data-widget_type=\"image.default\">\n\t\t\t\t\t\t\t\t\t\t\t\t\t\t\t<img decoding=\"async\" src=\"https:\/\/www.congres-perpignan.com\/wp-content\/uploads\/elementor\/thumbs\/Flower-Page-Border-A3-Landscape-Poster-rk3sowywh7fo7vzjktvhmckisuygj4kaofczwau1kg.png\" title=\"Cartell de paisatge A3 amb vora de flors\" alt=\"Cartell de paisatge A3 amb vora de flors\" loading=\"lazy\" \/>\t\t\t\t\t\t\t\t\t\t\t\t\t\t\t<\/div>\n\t\t\t\t<div class=\"elementor-element elementor-element-0aa6221 elementor-widget elementor-widget-spacer\" data-id=\"0aa6221\" data-element_type=\"widget\" data-e-type=\"widget\" data-widget_type=\"spacer.default\">\n\t\t\t\t\t\t\t<div class=\"elementor-spacer\">\n\t\t\t<div class=\"elementor-spacer-inner\"><\/div>\n\t\t<\/div>\n\t\t\t\t\t\t<\/div>\n\t\t\t\t\t<\/div>\n\t\t\t\t<\/div>\n\t\t<div class=\"elementor-element elementor-element-153cc951 e-con-full e-flex e-con e-child\" data-id=\"153cc951\" data-element_type=\"container\" data-e-type=\"container\" data-settings=\"{&quot;background_background&quot;:&quot;classic&quot;}\">\n\t\t\t\t<div class=\"elementor-element elementor-element-2006d2cf elementor-widget elementor-widget-spacer\" data-id=\"2006d2cf\" data-element_type=\"widget\" data-e-type=\"widget\" data-widget_type=\"spacer.default\">\n\t\t\t\t\t\t\t<div class=\"elementor-spacer\">\n\t\t\t<div class=\"elementor-spacer-inner\"><\/div>\n\t\t<\/div>\n\t\t\t\t\t\t<\/div>\n\t\t<div class=\"elementor-element elementor-element-3d963240 e-flex e-con-boxed e-con e-child\" data-id=\"3d963240\" data-element_type=\"container\" data-e-type=\"container\">\n\t\t\t\t\t<div class=\"e-con-inner\">\n\t\t<div class=\"elementor-element elementor-element-4c9b7236 e-con-full e-flex e-con e-child\" data-id=\"4c9b7236\" data-element_type=\"container\" data-e-type=\"container\">\n\t\t\t\t<div class=\"elementor-element elementor-element-2b0d0948 elementor-widget elementor-widget-heading\" data-id=\"2b0d0948\" data-element_type=\"widget\" data-e-type=\"widget\" data-widget_type=\"heading.default\">\n\t\t\t\t\t<p class=\"elementor-heading-title elementor-size-default\">Contacta'ns<\/p>\t\t\t\t<\/div>\n\t\t\t\t<div class=\"elementor-element elementor-element-1981561d elementor-widget elementor-widget-text-editor\" data-id=\"1981561d\" data-element_type=\"widget\" data-e-type=\"widget\" data-widget_type=\"text-editor.default\">\n\t\t\t\t\t\t\t\t\t<p>Per a m\u00e9s informaci\u00f3<br>congrexpo@congres-perpignan.com<\/p>\t\t\t\t\t\t\t\t<\/div>\n\t\t\t\t<div class=\"elementor-element elementor-element-5c18a707 elementor-widget elementor-widget-spacer\" data-id=\"5c18a707\" data-element_type=\"widget\" data-e-type=\"widget\" data-widget_type=\"spacer.default\">\n\t\t\t\t\t\t\t<div class=\"elementor-spacer\">\n\t\t\t<div class=\"elementor-spacer-inner\"><\/div>\n\t\t<\/div>\n\t\t\t\t\t\t<\/div>\n\t\t\t\t<div class=\"elementor-element elementor-element-74887a22 elementor-align-right elementor-widget elementor-widget-button\" data-id=\"74887a22\" data-element_type=\"widget\" data-e-type=\"widget\" data-widget_type=\"button.default\">\n\t\t\t\t\t\t\t\t\t\t<a class=\"elementor-button elementor-button-link elementor-size-sm\" href=\"mailto:congrexpo@congres-perpignan.com\" target=\"_blank\">\n\t\t\t\t\t\t<span class=\"elementor-button-content-wrapper\">\n\t\t\t\t\t\t\t\t\t<span class=\"elementor-button-text\">Contacte<\/span>\n\t\t\t\t\t<\/span>\n\t\t\t\t\t<\/a>\n\t\t\t\t\t\t\t\t<\/div>\n\t\t\t\t<\/div>\n\t\t<div class=\"elementor-element elementor-element-61504a60 e-con-full e-flex e-con e-child\" data-id=\"61504a60\" data-element_type=\"container\" data-e-type=\"container\">\n\t\t\t\t<div class=\"elementor-element elementor-element-1c1ecfdb elementor-hidden-mobile elementor-widget elementor-widget-image\" data-id=\"1c1ecfdb\" data-element_type=\"widget\" data-e-type=\"widget\" data-widget_type=\"image.default\">\n\t\t\t\t\t\t\t\t\t\t\t\t\t\t\t<img loading=\"lazy\" decoding=\"async\" width=\"1024\" height=\"1024\" src=\"https:\/\/www.congres-perpignan.com\/wp-content\/uploads\/2025\/12\/Favicon.png\" class=\"attachment-large size-large wp-image-8131\" alt=\"\" srcset=\"https:\/\/www.congres-perpignan.com\/wp-content\/uploads\/2025\/12\/Favicon.png 1024w, https:\/\/www.congres-perpignan.com\/wp-content\/uploads\/2025\/12\/Favicon-300x300.png 300w, https:\/\/www.congres-perpignan.com\/wp-content\/uploads\/2025\/12\/Favicon-150x150.png 150w, https:\/\/www.congres-perpignan.com\/wp-content\/uploads\/2025\/12\/Favicon-768x768.png 768w\" sizes=\"(max-width: 1024px) 100vw, 1024px\" \/>\t\t\t\t\t\t\t\t\t\t\t\t\t\t\t<\/div>\n\t\t\t\t<\/div>\n\t\t\t\t\t<\/div>\n\t\t\t\t<\/div>\n\t\t\t\t<div class=\"elementor-element elementor-element-227e6aa6 elementor-widget elementor-widget-spacer\" data-id=\"227e6aa6\" data-element_type=\"widget\" data-e-type=\"widget\" data-widget_type=\"spacer.default\">\n\t\t\t\t\t\t\t<div class=\"elementor-spacer\">\n\t\t\t<div class=\"elementor-spacer-inner\"><\/div>\n\t\t<\/div>\n\t\t\t\t\t\t<\/div>\n\t\t\t\t<\/div>\n\t\t\t\t<\/div>\n\t\t","protected":false},"excerpt":{"rendered":"<p>QuiQui som? L&#8217;Expo Congr\u00e8s de Perpiny\u00e0, organitzadora i gestora de 3 establiments excepcionals, t&#8217;ofereix espais de qualitat per acollir congressos, seminaris, fires p\u00fabliques, fires, vetllades de gala, exposicions o esdeveniments esportius, amb preus competitius i serveis a mida adaptats a les teves necessitats. Tres ubicacions, possibilitats infinites El Palais des Congr\u00e8s El Palais des Congr\u00e8s, [&hellip;]<\/p>\n","protected":false},"author":1,"featured_media":8099,"parent":8428,"menu_order":0,"comment_status":"closed","ping_status":"closed","template":"","meta":{"inline_featured_image":false,"footnotes":""},"class_list":["post-8269","page","type-page","status-publish","has-post-thumbnail","hentry"],"_links":{"self":[{"href":"https:\/\/www.congres-perpignan.com\/ca\/wp-json\/wp\/v2\/pages\/8269","targetHints":{"allow":["GET"]}}],"collection":[{"href":"https:\/\/www.congres-perpignan.com\/ca\/wp-json\/wp\/v2\/pages"}],"about":[{"href":"https:\/\/www.congres-perpignan.com\/ca\/wp-json\/wp\/v2\/types\/page"}],"author":[{"embeddable":true,"href":"https:\/\/www.congres-perpignan.com\/ca\/wp-json\/wp\/v2\/users\/1"}],"replies":[{"embeddable":true,"href":"https:\/\/www.congres-perpignan.com\/ca\/wp-json\/wp\/v2\/comments?post=8269"}],"version-history":[{"count":3,"href":"https:\/\/www.congres-perpignan.com\/ca\/wp-json\/wp\/v2\/pages\/8269\/revisions"}],"predecessor-version":[{"id":8431,"href":"https:\/\/www.congres-perpignan.com\/ca\/wp-json\/wp\/v2\/pages\/8269\/revisions\/8431"}],"up":[{"embeddable":true,"href":"https:\/\/www.congres-perpignan.com\/ca\/wp-json\/wp\/v2\/pages\/8428"}],"wp:featuredmedia":[{"embeddable":true,"href":"https:\/\/www.congres-perpignan.com\/ca\/wp-json\/wp\/v2\/media\/8099"}],"wp:attachment":[{"href":"https:\/\/www.congres-perpignan.com\/ca\/wp-json\/wp\/v2\/media?parent=8269"}],"curies":[{"name":"wp","href":"https:\/\/api.w.org\/{rel}","templated":true}]}}