{"id":8196,"date":"2026-01-16T09:12:54","date_gmt":"2026-01-16T08:12:54","guid":{"rendered":"https:\/\/www.congres-perpignan.com\/presentacio\/"},"modified":"2026-04-24T11:17:13","modified_gmt":"2026-04-24T09:17:13","slug":"presentacio","status":"publish","type":"page","link":"https:\/\/www.congres-perpignan.com\/ca\/esglesia-dominicana\/presentacio\/","title":{"rendered":"Presentaci\u00f3"},"content":{"rendered":"\t\t<div data-elementor-type=\"wp-page\" data-elementor-id=\"8196\" class=\"elementor elementor-8196 elementor-1496\" data-elementor-post-type=\"page\">\n\t\t\t\t<div class=\"elementor-element elementor-element-f9fe4f6 e-con-full e-flex e-con e-parent\" data-id=\"f9fe4f6\" data-element_type=\"container\" data-e-type=\"container\">\n\t\t<div class=\"elementor-element elementor-element-3b70ae7c hc-header-page e-flex e-con-boxed e-con e-child\" data-id=\"3b70ae7c\" data-element_type=\"container\" data-e-type=\"container\" data-settings=\"{&quot;background_background&quot;:&quot;classic&quot;}\">\n\t\t\t\t\t<div class=\"e-con-inner\">\n\t\t<div class=\"elementor-element elementor-element-1bd75587 e-con-full e-flex e-con e-child\" data-id=\"1bd75587\" data-element_type=\"container\" data-e-type=\"container\" data-settings=\"{&quot;background_background&quot;:&quot;classic&quot;}\">\n\t\t<div class=\"elementor-element elementor-element-b24eb47 e-con-full e-flex e-con e-child\" data-id=\"b24eb47\" data-element_type=\"container\" data-e-type=\"container\">\n\t\t\t\t<div class=\"elementor-element elementor-element-637cf201 elementor-widget elementor-widget-heading\" data-id=\"637cf201\" data-element_type=\"widget\" data-e-type=\"widget\" data-widget_type=\"heading.default\">\n\t\t\t\t\t<h1 class=\"elementor-heading-title elementor-size-default\">Esgl\u00e9sia de la<br>Dominics<\/h1>\t\t\t\t<\/div>\n\t\t\t\t<div class=\"elementor-element elementor-element-390b3829 elementor-widget elementor-widget-image\" data-id=\"390b3829\" data-element_type=\"widget\" data-e-type=\"widget\" data-widget_type=\"image.default\">\n\t\t\t\t\t\t\t\t\t\t\t\t\t\t\t<img decoding=\"async\" width=\"88\" height=\"99\" src=\"https:\/\/www.congres-perpignan.com\/wp-content\/uploads\/2026\/01\/Union-3.png\" class=\"attachment-large size-large wp-image-8197\" alt=\"\" \/>\t\t\t\t\t\t\t\t\t\t\t\t\t\t\t<\/div>\n\t\t\t\t<\/div>\n\t\t\t\t<\/div>\n\t\t\t\t\t<\/div>\n\t\t\t\t<\/div>\n\t\t<div class=\"elementor-element elementor-element-3bf53aae e-con-full e-flex e-con e-child\" data-id=\"3bf53aae\" data-element_type=\"container\" data-e-type=\"container\" data-settings=\"{&quot;background_background&quot;:&quot;classic&quot;}\">\n\t\t\t\t<div class=\"elementor-element elementor-element-73567dc4 elementor-widget elementor-widget-spacer\" data-id=\"73567dc4\" data-element_type=\"widget\" data-e-type=\"widget\" data-widget_type=\"spacer.default\">\n\t\t\t\t\t\t\t<div class=\"elementor-spacer\">\n\t\t\t<div class=\"elementor-spacer-inner\"><\/div>\n\t\t<\/div>\n\t\t\t\t\t\t<\/div>\n\t\t<div class=\"elementor-element elementor-element-78edb715 e-flex e-con-boxed e-con e-child\" data-id=\"78edb715\" data-element_type=\"container\" data-e-type=\"container\">\n\t\t\t\t\t<div class=\"e-con-inner\">\n\t\t\t\t<div class=\"elementor-element elementor-element-6cf74808 elementor-nav-menu__align-center elementor-nav-menu--dropdown-none elementor-widget elementor-widget-nav-menu\" data-id=\"6cf74808\" data-element_type=\"widget\" data-e-type=\"widget\" data-settings=\"{&quot;submenu_icon&quot;:{&quot;value&quot;:&quot;&lt;i aria-hidden=\\&quot;true\\&quot; class=\\&quot;\\&quot;&gt;&lt;\\\/i&gt;&quot;,&quot;library&quot;:&quot;&quot;},&quot;layout&quot;:&quot;horizontal&quot;}\" data-widget_type=\"nav-menu.default\">\n\t\t\t\t\t\t\t\t<nav aria-label=\"Menu\" class=\"elementor-nav-menu--main elementor-nav-menu__container elementor-nav-menu--layout-horizontal e--pointer-underline e--animation-fade\">\n\t\t\t\t<ul id=\"menu-1-6cf74808\" class=\"elementor-nav-menu\"><li class=\"menu-item menu-item-type-post_type menu-item-object-page menu-item-8463\"><a href=\"https:\/\/www.congres-perpignan.com\/ca\/esglesia-dominicana\/presentacio\/\" class=\"elementor-item\">Presentaci\u00f3<\/a><\/li>\n<li class=\"menu-item menu-item-type-post_type menu-item-object-page menu-item-8461\"><a href=\"https:\/\/www.congres-perpignan.com\/ca\/esglesia-dominicana\/fotos-i-videos\/\" class=\"elementor-item\">Fotos i v\u00eddeos<\/a><\/li>\n<li class=\"menu-item menu-item-type-post_type menu-item-object-page menu-item-8462\"><a href=\"https:\/\/www.congres-perpignan.com\/ca\/esglesia-dominicana\/ordre-del-dia\/\" class=\"elementor-item\">Ordre del dia<\/a><\/li>\n<li class=\"menu-item menu-item-type-post_type menu-item-object-page menu-item-8460\"><a href=\"https:\/\/www.congres-perpignan.com\/ca\/esglesia-dominicana\/demana-un-pressupost\/\" class=\"elementor-item\">Demana un pressupost<\/a><\/li>\n<\/ul>\t\t\t<\/nav>\n\t\t\t\t\t\t<nav class=\"elementor-nav-menu--dropdown elementor-nav-menu__container\" aria-hidden=\"true\">\n\t\t\t\t<ul id=\"menu-2-6cf74808\" class=\"elementor-nav-menu\"><li class=\"menu-item menu-item-type-post_type menu-item-object-page menu-item-8463\"><a href=\"https:\/\/www.congres-perpignan.com\/ca\/esglesia-dominicana\/presentacio\/\" class=\"elementor-item\" tabindex=\"-1\">Presentaci\u00f3<\/a><\/li>\n<li class=\"menu-item menu-item-type-post_type menu-item-object-page menu-item-8461\"><a href=\"https:\/\/www.congres-perpignan.com\/ca\/esglesia-dominicana\/fotos-i-videos\/\" class=\"elementor-item\" tabindex=\"-1\">Fotos i v\u00eddeos<\/a><\/li>\n<li class=\"menu-item menu-item-type-post_type menu-item-object-page menu-item-8462\"><a href=\"https:\/\/www.congres-perpignan.com\/ca\/esglesia-dominicana\/ordre-del-dia\/\" class=\"elementor-item\" tabindex=\"-1\">Ordre del dia<\/a><\/li>\n<li class=\"menu-item menu-item-type-post_type menu-item-object-page menu-item-8460\"><a href=\"https:\/\/www.congres-perpignan.com\/ca\/esglesia-dominicana\/demana-un-pressupost\/\" class=\"elementor-item\" tabindex=\"-1\">Demana un pressupost<\/a><\/li>\n<\/ul>\t\t\t<\/nav>\n\t\t\t\t\t\t<\/div>\n\t\t\t\t\t<\/div>\n\t\t\t\t<\/div>\n\t\t\t\t<div class=\"elementor-element elementor-element-40e4116e elementor-widget elementor-widget-spacer\" data-id=\"40e4116e\" data-element_type=\"widget\" data-e-type=\"widget\" data-widget_type=\"spacer.default\">\n\t\t\t\t\t\t\t<div class=\"elementor-spacer\">\n\t\t\t<div class=\"elementor-spacer-inner\"><\/div>\n\t\t<\/div>\n\t\t\t\t\t\t<\/div>\n\t\t\t\t<\/div>\n\t\t<div class=\"elementor-element elementor-element-4ee19097 e-con-full e-flex e-con e-child\" data-id=\"4ee19097\" data-element_type=\"container\" data-e-type=\"container\" data-settings=\"{&quot;background_background&quot;:&quot;classic&quot;}\">\n\t\t\t\t<div class=\"elementor-element elementor-element-75aeaf42 elementor-widget elementor-widget-spacer\" data-id=\"75aeaf42\" data-element_type=\"widget\" data-e-type=\"widget\" data-widget_type=\"spacer.default\">\n\t\t\t\t\t\t\t<div class=\"elementor-spacer\">\n\t\t\t<div class=\"elementor-spacer-inner\"><\/div>\n\t\t<\/div>\n\t\t\t\t\t\t<\/div>\n\t\t<div class=\"elementor-element elementor-element-151dadf9 e-flex e-con-boxed e-con e-child\" data-id=\"151dadf9\" data-element_type=\"container\" data-e-type=\"container\">\n\t\t\t\t\t<div class=\"e-con-inner\">\n\t\t<div class=\"elementor-element elementor-element-7c1085d3 e-con-full e-flex e-con e-child\" data-id=\"7c1085d3\" data-element_type=\"container\" data-e-type=\"container\">\n\t\t\t\t<div class=\"elementor-element elementor-element-329f46d0 elementor-widget elementor-widget-heading\" data-id=\"329f46d0\" data-element_type=\"widget\" data-e-type=\"widget\" data-widget_type=\"heading.default\">\n\t\t\t\t\t<p class=\"elementor-heading-title elementor-size-default\">Contacta'ns<\/p>\t\t\t\t<\/div>\n\t\t\t\t<div class=\"elementor-element elementor-element-7ac144dc elementor-widget elementor-widget-text-editor\" data-id=\"7ac144dc\" data-element_type=\"widget\" data-e-type=\"widget\" data-widget_type=\"text-editor.default\">\n\t\t\t\t\t\t\t\t\t<p>Per a m\u00e9s informaci\u00f3<br>congrexpo@congres-perpignan.com<\/p>\t\t\t\t\t\t\t\t<\/div>\n\t\t\t\t<div class=\"elementor-element elementor-element-7c5d94a3 elementor-widget elementor-widget-spacer\" data-id=\"7c5d94a3\" data-element_type=\"widget\" data-e-type=\"widget\" data-widget_type=\"spacer.default\">\n\t\t\t\t\t\t\t<div class=\"elementor-spacer\">\n\t\t\t<div class=\"elementor-spacer-inner\"><\/div>\n\t\t<\/div>\n\t\t\t\t\t\t<\/div>\n\t\t\t\t<div class=\"elementor-element elementor-element-12bc464b elementor-align-right elementor-widget elementor-widget-button\" data-id=\"12bc464b\" data-element_type=\"widget\" data-e-type=\"widget\" data-widget_type=\"button.default\">\n\t\t\t\t\t\t\t\t\t\t<a class=\"elementor-button elementor-button-link elementor-size-sm\" href=\"mailto:congrexpo@congres-perpignan.com\" target=\"_blank\">\n\t\t\t\t\t\t<span class=\"elementor-button-content-wrapper\">\n\t\t\t\t\t\t\t\t\t<span class=\"elementor-button-text\">Contacte<\/span>\n\t\t\t\t\t<\/span>\n\t\t\t\t\t<\/a>\n\t\t\t\t\t\t\t\t<\/div>\n\t\t\t\t<\/div>\n\t\t<div class=\"elementor-element elementor-element-28c374a2 e-con-full e-flex e-con e-child\" data-id=\"28c374a2\" data-element_type=\"container\" data-e-type=\"container\">\n\t\t\t\t<div class=\"elementor-element elementor-element-65b6e29b elementor-hidden-mobile elementor-widget elementor-widget-image\" data-id=\"65b6e29b\" data-element_type=\"widget\" data-e-type=\"widget\" data-widget_type=\"image.default\">\n\t\t\t\t\t\t\t\t\t\t\t\t\t\t\t<img fetchpriority=\"high\" decoding=\"async\" width=\"1024\" height=\"1024\" src=\"https:\/\/www.congres-perpignan.com\/wp-content\/uploads\/2025\/12\/Favicon.png\" class=\"attachment-large size-large wp-image-8131\" alt=\"\" srcset=\"https:\/\/www.congres-perpignan.com\/wp-content\/uploads\/2025\/12\/Favicon.png 1024w, https:\/\/www.congres-perpignan.com\/wp-content\/uploads\/2025\/12\/Favicon-300x300.png 300w, https:\/\/www.congres-perpignan.com\/wp-content\/uploads\/2025\/12\/Favicon-150x150.png 150w, https:\/\/www.congres-perpignan.com\/wp-content\/uploads\/2025\/12\/Favicon-768x768.png 768w\" sizes=\"(max-width: 1024px) 100vw, 1024px\" \/>\t\t\t\t\t\t\t\t\t\t\t\t\t\t\t<\/div>\n\t\t\t\t<\/div>\n\t\t\t\t\t<\/div>\n\t\t\t\t<\/div>\n\t\t\t\t<div class=\"elementor-element elementor-element-18faf0c elementor-widget elementor-widget-spacer\" data-id=\"18faf0c\" data-element_type=\"widget\" data-e-type=\"widget\" data-widget_type=\"spacer.default\">\n\t\t\t\t\t\t\t<div class=\"elementor-spacer\">\n\t\t\t<div class=\"elementor-spacer-inner\"><\/div>\n\t\t<\/div>\n\t\t\t\t\t\t<\/div>\n\t\t\t\t<div class=\"elementor-element elementor-element-6b79e84a elementor-widget elementor-widget-spacer\" data-id=\"6b79e84a\" data-element_type=\"widget\" data-e-type=\"widget\" data-widget_type=\"spacer.default\">\n\t\t\t\t\t\t\t<div class=\"elementor-spacer\">\n\t\t\t<div class=\"elementor-spacer-inner\"><\/div>\n\t\t<\/div>\n\t\t\t\t\t\t<\/div>\n\t\t\t\t<\/div>\n\t\t\t\t<\/div>\n\t\t<div class=\"elementor-element elementor-element-7c281ab1 e-flex e-con-boxed e-con e-child\" data-id=\"7c281ab1\" data-element_type=\"container\" data-e-type=\"container\">\n\t\t\t\t\t<div class=\"e-con-inner\">\n\t\t<div class=\"elementor-element elementor-element-13af37b e-con-full e-flex e-con e-child\" data-id=\"13af37b\" data-element_type=\"container\" data-e-type=\"container\">\n\t\t\t\t<div class=\"elementor-element elementor-element-64394846 elementor-widget elementor-widget-spacer\" data-id=\"64394846\" data-element_type=\"widget\" data-e-type=\"widget\" data-widget_type=\"spacer.default\">\n\t\t\t\t\t\t\t<div class=\"elementor-spacer\">\n\t\t\t<div class=\"elementor-spacer-inner\"><\/div>\n\t\t<\/div>\n\t\t\t\t\t\t<\/div>\n\t\t\t\t<div class=\"elementor-element elementor-element-03be4ee elementor-widget elementor-widget-heading\" data-id=\"03be4ee\" data-element_type=\"widget\" data-e-type=\"widget\" data-widget_type=\"heading.default\">\n\t\t\t\t\t<h3 class=\"elementor-heading-title elementor-size-default\"><p class=\"MsoNormal\"><b>Un monument excepcional al cor de Perpiny\u00e0<\/b><\/p><\/h3>\t\t\t\t<\/div>\n\t\t\t\t<div class=\"elementor-element elementor-element-418b39a elementor-widget elementor-widget-spacer\" data-id=\"418b39a\" data-element_type=\"widget\" data-e-type=\"widget\" data-widget_type=\"spacer.default\">\n\t\t\t\t\t\t\t<div class=\"elementor-spacer\">\n\t\t\t<div class=\"elementor-spacer-inner\"><\/div>\n\t\t<\/div>\n\t\t\t\t\t\t<\/div>\n\t\t\t\t<div class=\"elementor-element elementor-element-3161cad elementor-widget elementor-widget-text-editor\" data-id=\"3161cad\" data-element_type=\"widget\" data-e-type=\"widget\" data-widget_type=\"text-editor.default\">\n\t\t\t\t\t\t\t\t\t<p>Situada a l&#8217;hipercentre de Perpiny\u00e0, l&#8217;Esgl\u00e9sia Dominicana \u00e9s un lloc \u00fanic i ple d&#8217;hist\u00f2ria, classificat com a Monument Hist\u00f2ric.&nbsp;<\/p><p>Constru\u00efda entre els segles XIII i XIV, aquesta antiga esgl\u00e9sia desconsagrada encarna tota la sobrietat i majestuositat del g\u00f2tic meridional.&nbsp;<\/p>\n<p>Amb la seva nau \u00fanica sense volta, les seves capelles laterals encaixades entre els contraforts i els seus volums espectaculars, ofereix un escenari grandi\u00f3s per a tot tipus d&#8217;esdeveniments.<\/p>\n<p><br><\/p>\n<p><\/p>\n<p>Fundada el 1245, l&#8217;Esgl\u00e9sia Dominicana s&#8217;ha desenvolupat al llarg dels segles. Inclou una sala capitular remarcable amb una planta quadrada que esdev\u00e9 octogonal gr\u00e0cies a un enginy\u00f3s sistema de squinches, aix\u00ed com dos claustrets. El primer claustre, encara visible avui dia, conserva valuosos capitells medievals, testimonis del seu ric passat.  &nbsp;<\/p>\n<p>Redissenyat despr\u00e9s de l&#8217;incendi de 1558 i restaurat als segles XVI, XVII i XIX, l&#8217;ensemble arquitect\u00f2nic combina autenticitat i car\u00e0cter.<\/p>\t\t\t\t\t\t\t\t<\/div>\n\t\t\t\t<\/div>\n\t\t<div class=\"elementor-element elementor-element-602bd29 e-con-full e-flex e-con e-child\" data-id=\"602bd29\" data-element_type=\"container\" data-e-type=\"container\">\n\t\t\t\t<div class=\"elementor-element elementor-element-8b97da2 elementor-arrows-position-inside elementor-widget elementor-widget-image-carousel\" data-id=\"8b97da2\" data-element_type=\"widget\" data-e-type=\"widget\" data-settings=\"{&quot;slides_to_show&quot;:&quot;1&quot;,&quot;navigation&quot;:&quot;arrows&quot;,&quot;effect&quot;:&quot;slide&quot;,&quot;speed&quot;:500}\" data-widget_type=\"image-carousel.default\">\n\t\t\t\t\t\t\t<div class=\"elementor-image-carousel-wrapper swiper\" role=\"region\" aria-roledescription=\"carousel\" aria-label=\"Carrousel d\u2019images\" dir=\"ltr\">\n\t\t\t<div class=\"elementor-image-carousel swiper-wrapper\" aria-live=\"polite\">\n\t\t\t\t\t\t\t\t<div class=\"swiper-slide\" role=\"group\" aria-roledescription=\"slide\" aria-label=\"1 de 16\"><figure class=\"swiper-slide-inner\"><img decoding=\"async\" class=\"swiper-slide-image\" src=\"https:\/\/www.congres-perpignan.com\/wp-content\/uploads\/2026\/01\/2-83-1.jpg\" alt=\"Esgl\u00e9sia dominicana - Exterior\" \/><\/figure><\/div><div class=\"swiper-slide\" role=\"group\" aria-roledescription=\"slide\" aria-label=\"2 de 16\"><figure class=\"swiper-slide-inner\"><img decoding=\"async\" class=\"swiper-slide-image\" src=\"https:\/\/www.congres-perpignan.com\/wp-content\/uploads\/2026\/01\/1-49.jpeg\" alt=\"Esgl\u00e9sia dominicana - Interior\" \/><\/figure><\/div><div class=\"swiper-slide\" role=\"group\" aria-roledescription=\"slide\" aria-label=\"3 de 16\"><figure class=\"swiper-slide-inner\"><img decoding=\"async\" class=\"swiper-slide-image\" src=\"https:\/\/www.congres-perpignan.com\/wp-content\/uploads\/2026\/02\/1-7-scaled.jpg\" alt=\"Esgl\u00e9sia Dominicana\" \/><\/figure><\/div><div class=\"swiper-slide\" role=\"group\" aria-roledescription=\"slide\" aria-label=\"4 de 16\"><figure class=\"swiper-slide-inner\"><img decoding=\"async\" class=\"swiper-slide-image\" src=\"https:\/\/www.congres-perpignan.com\/wp-content\/uploads\/2026\/01\/1-53.jpeg\" alt=\"Esgl\u00e9sia dominicana - Pati\" \/><\/figure><\/div><div class=\"swiper-slide\" role=\"group\" aria-roledescription=\"slide\" aria-label=\"5 de 16\"><figure class=\"swiper-slide-inner\"><img decoding=\"async\" class=\"swiper-slide-image\" src=\"https:\/\/www.congres-perpignan.com\/wp-content\/uploads\/2026\/01\/eglise.png\" alt=\"Esgl\u00e9sia Dominicana\" \/><\/figure><\/div><div class=\"swiper-slide\" role=\"group\" aria-roledescription=\"slide\" aria-label=\"6 de 16\"><figure class=\"swiper-slide-inner\"><img decoding=\"async\" class=\"swiper-slide-image\" src=\"https:\/\/www.congres-perpignan.com\/wp-content\/uploads\/2026\/02\/IMG_8985-scaled.jpg\" alt=\"Pati - Esgl\u00e9sia dominicana\" \/><\/figure><\/div><div class=\"swiper-slide\" role=\"group\" aria-roledescription=\"slide\" aria-label=\"7 de 16\"><figure class=\"swiper-slide-inner\"><img decoding=\"async\" class=\"swiper-slide-image\" src=\"https:\/\/www.congres-perpignan.com\/wp-content\/uploads\/2026\/02\/IMG_5127-scaled.jpg\" alt=\"IMG_5127\" \/><\/figure><\/div><div class=\"swiper-slide\" role=\"group\" aria-roledescription=\"slide\" aria-label=\"8 de 16\"><figure class=\"swiper-slide-inner\"><img decoding=\"async\" class=\"swiper-slide-image\" src=\"https:\/\/www.congres-perpignan.com\/wp-content\/uploads\/2026\/02\/WhatsApp-Image-2025-10-02-at-22.57.11-2.jpeg\" alt=\"Imatge de WhatsApp 2025-10-02 al 22.57.11 (2)\" \/><\/figure><\/div><div class=\"swiper-slide\" role=\"group\" aria-roledescription=\"slide\" aria-label=\"9 de 16\"><figure class=\"swiper-slide-inner\"><img decoding=\"async\" class=\"swiper-slide-image\" src=\"https:\/\/www.congres-perpignan.com\/wp-content\/uploads\/2026\/02\/1-3-1-scaled.jpg\" alt=\"Esgl\u00e9sia Dominicana\" \/><\/figure><\/div><div class=\"swiper-slide\" role=\"group\" aria-roledescription=\"slide\" aria-label=\"10 de 16\"><figure class=\"swiper-slide-inner\"><img decoding=\"async\" class=\"swiper-slide-image\" src=\"https:\/\/www.congres-perpignan.com\/wp-content\/uploads\/2026\/02\/IMG_5758-scaled.jpg\" alt=\"IMG_5758\" \/><\/figure><\/div><div class=\"swiper-slide\" role=\"group\" aria-roledescription=\"slide\" aria-label=\"11 de 16\"><figure class=\"swiper-slide-inner\"><img decoding=\"async\" class=\"swiper-slide-image\" src=\"https:\/\/www.congres-perpignan.com\/wp-content\/uploads\/2026\/02\/1-4-scaled.jpg\" alt=\"Esgl\u00e9sia Dominicana\" \/><\/figure><\/div><div class=\"swiper-slide\" role=\"group\" aria-roledescription=\"slide\" aria-label=\"12 de 16\"><figure class=\"swiper-slide-inner\"><img decoding=\"async\" class=\"swiper-slide-image\" src=\"https:\/\/www.congres-perpignan.com\/wp-content\/uploads\/2026\/02\/IMG_5261-scaled.jpg\" alt=\"IMG_5261\" \/><\/figure><\/div><div class=\"swiper-slide\" role=\"group\" aria-roledescription=\"slide\" aria-label=\"13 de 16\"><figure class=\"swiper-slide-inner\"><img decoding=\"async\" class=\"swiper-slide-image\" src=\"https:\/\/www.congres-perpignan.com\/wp-content\/uploads\/2026\/02\/IMG_5935-scaled.jpg\" alt=\"IMG_5935\" \/><\/figure><\/div><div class=\"swiper-slide\" role=\"group\" aria-roledescription=\"slide\" aria-label=\"14 de 16\"><figure class=\"swiper-slide-inner\"><img decoding=\"async\" class=\"swiper-slide-image\" src=\"https:\/\/www.congres-perpignan.com\/wp-content\/uploads\/2026\/02\/20211008_183430-scaled.jpg\" alt=\"Esgl\u00e9sia Dominicana\" \/><\/figure><\/div><div class=\"swiper-slide\" role=\"group\" aria-roledescription=\"slide\" aria-label=\"15 de 16\"><figure class=\"swiper-slide-inner\"><img decoding=\"async\" class=\"swiper-slide-image\" src=\"https:\/\/www.congres-perpignan.com\/wp-content\/uploads\/2026\/02\/IMG_5252-scaled.jpg\" alt=\"IMG_5252\" \/><\/figure><\/div><div class=\"swiper-slide\" role=\"group\" aria-roledescription=\"slide\" aria-label=\"16 de 16\"><figure class=\"swiper-slide-inner\"><img decoding=\"async\" class=\"swiper-slide-image\" src=\"https:\/\/www.congres-perpignan.com\/wp-content\/uploads\/2026\/02\/1-5-scaled.jpg\" alt=\"Esgl\u00e9sia Dominicana\" \/><\/figure><\/div>\t\t\t<\/div>\n\t\t\t\t\t\t\t\t\t\t\t\t<div class=\"elementor-swiper-button elementor-swiper-button-prev\" role=\"button\" tabindex=\"0\">\n\t\t\t\t\t\t<svg aria-hidden=\"true\" class=\"e-font-icon-svg e-eicon-chevron-left\" viewBox=\"0 0 1000 1000\" xmlns=\"http:\/\/www.w3.org\/2000\/svg\"><path d=\"M646 125C629 125 613 133 604 142L308 442C296 454 292 471 292 487 292 504 296 521 308 533L604 854C617 867 629 875 646 875 663 875 679 871 692 858 704 846 713 829 713 812 713 796 708 779 692 767L438 487 692 225C700 217 708 204 708 187 708 171 704 154 692 142 675 129 663 125 646 125Z\"><\/path><\/svg>\t\t\t\t\t<\/div>\n\t\t\t\t\t<div class=\"elementor-swiper-button elementor-swiper-button-next\" role=\"button\" tabindex=\"0\">\n\t\t\t\t\t\t<svg aria-hidden=\"true\" class=\"e-font-icon-svg e-eicon-chevron-right\" viewBox=\"0 0 1000 1000\" xmlns=\"http:\/\/www.w3.org\/2000\/svg\"><path d=\"M696 533C708 521 713 504 713 487 713 471 708 454 696 446L400 146C388 133 375 125 354 125 338 125 325 129 313 142 300 154 292 171 292 187 292 204 296 221 308 233L563 492 304 771C292 783 288 800 288 817 288 833 296 850 308 863 321 871 338 875 354 875 371 875 388 867 400 854L696 533Z\"><\/path><\/svg>\t\t\t\t\t<\/div>\n\t\t\t\t\n\t\t\t\t\t\t\t\t\t<\/div>\n\t\t\t\t\t\t<\/div>\n\t\t\t\t<div class=\"elementor-element elementor-element-7ad1598 elementor-widget elementor-widget-button\" data-id=\"7ad1598\" data-element_type=\"widget\" data-e-type=\"widget\" data-widget_type=\"button.default\">\n\t\t\t\t\t\t\t\t\t\t<a class=\"elementor-button elementor-button-link elementor-size-sm\" href=\"https:\/\/www.congres-perpignan.com\/wp-content\/uploads\/2026\/03\/Eglise-des-Dominicains.pdf\">\n\t\t\t\t\t\t<span class=\"elementor-button-content-wrapper\">\n\t\t\t\t\t\t\t\t\t<span class=\"elementor-button-text\">Descarrega la fitxa t\u00e8cnica<\/span>\n\t\t\t\t\t<\/span>\n\t\t\t\t\t<\/a>\n\t\t\t\t\t\t\t\t<\/div>\n\t\t\t\t<\/div>\n\t\t\t\t\t<\/div>\n\t\t\t\t<\/div>\n\t\t<div class=\"elementor-element elementor-element-eec6d85 e-flex e-con-boxed e-con e-parent\" data-id=\"eec6d85\" data-element_type=\"container\" data-e-type=\"container\">\n\t\t\t\t\t<div class=\"e-con-inner\">\n\t\t\t\t<div class=\"elementor-element elementor-element-1f57fa0 elementor-widget elementor-widget-spacer\" data-id=\"1f57fa0\" data-element_type=\"widget\" data-e-type=\"widget\" data-widget_type=\"spacer.default\">\n\t\t\t\t\t\t\t<div class=\"elementor-spacer\">\n\t\t\t<div class=\"elementor-spacer-inner\"><\/div>\n\t\t<\/div>\n\t\t\t\t\t\t<\/div>\n\t\t\t\t<div class=\"elementor-element elementor-element-237f0d2 elementor-widget elementor-widget-heading\" data-id=\"237f0d2\" data-element_type=\"widget\" data-e-type=\"widget\" data-widget_type=\"heading.default\">\n\t\t\t\t\t<h4 class=\"elementor-heading-title elementor-size-default\">Un espai per a esdeveniments a gran escala<\/h4>\t\t\t\t<\/div>\n\t\t\t\t\t<\/div>\n\t\t\t\t<\/div>\n\t\t<div class=\"elementor-element elementor-element-d26e842 e-flex e-con-boxed e-con e-parent\" data-id=\"d26e842\" data-element_type=\"container\" data-e-type=\"container\">\n\t\t\t\t\t<div class=\"e-con-inner\">\n\t\t\t\t<div class=\"elementor-element elementor-element-9b00041 elementor-widget elementor-widget-spacer\" data-id=\"9b00041\" data-element_type=\"widget\" data-e-type=\"widget\" data-widget_type=\"spacer.default\">\n\t\t\t\t\t\t\t<div class=\"elementor-spacer\">\n\t\t\t<div class=\"elementor-spacer-inner\"><\/div>\n\t\t<\/div>\n\t\t\t\t\t\t<\/div>\n\t\t\t\t<div class=\"elementor-element elementor-element-d447d81 elementor-widget elementor-widget-text-editor\" data-id=\"d447d81\" data-element_type=\"widget\" data-e-type=\"widget\" data-widget_type=\"text-editor.default\">\n\t\t\t\t\t\t\t\t\t<p data-start=\"85\" data-end=\"507\">Amb una capacitat m\u00e0xima de 1.000 persones, l&#8217;Esgl\u00e9sia Dominicana d\u00f3na una dimensi\u00f3 espectacular als vostres esdeveniments professionals o privats. Exposicions, concerts, festivals, vetllades de gala, casaments o esdeveniments culturals: aquest lloc emblem\u00e0tic acull cada any grans esdeveniments, com ara exposicions fotogr\u00e0fiques, festivals de m\u00fasica sacra o esdeveniments art\u00edstics. <\/p>\n<p data-start=\"85\" data-end=\"507\">\n<\/p><p data-start=\"509\" data-end=\"674\">La seva atmosfera \u00fanica, que combina her\u00e8ncia medieval i volums impressionants, crea un escenari inoblidable per als teus convidats i enriqueix la imatge del teu esdeveniment.<\/p>\t\t\t\t\t\t\t\t<\/div>\n\t\t\t\t\t<\/div>\n\t\t\t\t<\/div>\n\t\t<div class=\"elementor-element elementor-element-6cc398d e-flex e-con-boxed e-con e-child\" data-id=\"6cc398d\" data-element_type=\"container\" data-e-type=\"container\">\n\t\t\t\t\t<div class=\"e-con-inner\">\n\t\t\t\t<div class=\"elementor-element elementor-element-df6a65e elementor-widget elementor-widget-spacer\" data-id=\"df6a65e\" data-element_type=\"widget\" data-e-type=\"widget\" data-widget_type=\"spacer.default\">\n\t\t\t\t\t\t\t<div class=\"elementor-spacer\">\n\t\t\t<div class=\"elementor-spacer-inner\"><\/div>\n\t\t<\/div>\n\t\t\t\t\t\t<\/div>\n\t\t\t\t<div class=\"elementor-element elementor-element-a31a071 elementor-widget elementor-widget-heading\" data-id=\"a31a071\" data-element_type=\"widget\" data-e-type=\"widget\" data-widget_type=\"heading.default\">\n\t\t\t\t\t<h2 class=\"elementor-heading-title elementor-size-default\"><p><b>Equipament modern i funcional<\/b><\/p><\/h2>\t\t\t\t<\/div>\n\t\t\t\t<div class=\"elementor-element elementor-element-f4a2ad6 elementor-widget elementor-widget-spacer\" data-id=\"f4a2ad6\" data-element_type=\"widget\" data-e-type=\"widget\" data-widget_type=\"spacer.default\">\n\t\t\t\t\t\t\t<div class=\"elementor-spacer\">\n\t\t\t<div class=\"elementor-spacer-inner\"><\/div>\n\t\t<\/div>\n\t\t\t\t\t\t<\/div>\n\t\t\t\t<div class=\"elementor-element elementor-element-df599e2 elementor-widget elementor-widget-text-editor\" data-id=\"df599e2\" data-element_type=\"widget\" data-e-type=\"widget\" data-widget_type=\"text-editor.default\">\n\t\t\t\t\t\t\t\t\t<p data-start=\"21\" data-end=\"399\">Tot i que el monument sedueix pel seu car\u00e0cter hist\u00f2ric, tamb\u00e9 satisf\u00e0 les necessitats log\u00edstiques contempor\u00e0nies. El lloc disposa de 10 lavabos, alguns dels quals s\u00f3n accessibles per a persones amb mobilitat redu\u00efda, aix\u00ed com cuines professionals totalment equipades: frigor\u00edfics, congeladors, frigor\u00edfics, forns, zones de calefacci\u00f3, rentar plats i dutxes. <\/p><p data-start=\"401\" data-end=\"594\">Un acc\u00e9s independent al servei de c\u00e0tering, situat a la part posterior de l&#8217;edifici, permet l&#8217;arribada directa amb vehicle, separada de l&#8217;entrada dels convidats, garantint la fluidesa i la discreci\u00f3 dins l&#8217;organitzaci\u00f3.<\/p>\t\t\t\t\t\t\t\t<\/div>\n\t\t\t\t<div class=\"elementor-element elementor-element-2447fed3 elementor-widget elementor-widget-spacer\" data-id=\"2447fed3\" data-element_type=\"widget\" data-e-type=\"widget\" data-widget_type=\"spacer.default\">\n\t\t\t\t\t\t\t<div class=\"elementor-spacer\">\n\t\t\t<div class=\"elementor-spacer-inner\"><\/div>\n\t\t<\/div>\n\t\t\t\t\t\t<\/div>\n\t\t<div class=\"elementor-element elementor-element-734f3 e-con-full e-flex e-con e-child\" data-id=\"734f3\" data-element_type=\"container\" data-e-type=\"container\">\n\t\t<div class=\"elementor-element elementor-element-46636f96 e-con-full e-flex e-con e-child\" data-id=\"46636f96\" data-element_type=\"container\" data-e-type=\"container\">\n\t\t\t\t<div class=\"elementor-element elementor-element-45b7f6b5 elementor-widget elementor-widget-image\" data-id=\"45b7f6b5\" data-element_type=\"widget\" data-e-type=\"widget\" data-widget_type=\"image.default\">\n\t\t\t\t\t\t\t\t\t\t\t\t\t\t\t<img decoding=\"async\" width=\"62\" height=\"62\" src=\"https:\/\/www.congres-perpignan.com\/wp-content\/uploads\/2026\/02\/Eglise-salles-8.png\" class=\"attachment-large size-large wp-image-8199\" alt=\"\" \/>\t\t\t\t\t\t\t\t\t\t\t\t\t\t\t<\/div>\n\t\t\t\t<div class=\"elementor-element elementor-element-4e580551 elementor-widget elementor-widget-spacer\" data-id=\"4e580551\" data-element_type=\"widget\" data-e-type=\"widget\" data-widget_type=\"spacer.default\">\n\t\t\t\t\t\t\t<div class=\"elementor-spacer\">\n\t\t\t<div class=\"elementor-spacer-inner\"><\/div>\n\t\t<\/div>\n\t\t\t\t\t\t<\/div>\n\t\t\t\t<div class=\"elementor-element elementor-element-2047474d elementor-widget elementor-widget-text-editor\" data-id=\"2047474d\" data-element_type=\"widget\" data-e-type=\"widget\" data-widget_type=\"text-editor.default\">\n\t\t\t\t\t\t\t\t\t<p><span style=\"color: #000000;\">1800m\u00b2<\/span><\/p>\t\t\t\t\t\t\t\t<\/div>\n\t\t\t\t<\/div>\n\t\t<div class=\"elementor-element elementor-element-72cb4b05 e-con-full e-flex e-con e-child\" data-id=\"72cb4b05\" data-element_type=\"container\" data-e-type=\"container\">\n\t\t\t\t<div class=\"elementor-element elementor-element-35e0fbd8 elementor-widget elementor-widget-image\" data-id=\"35e0fbd8\" data-element_type=\"widget\" data-e-type=\"widget\" data-widget_type=\"image.default\">\n\t\t\t\t\t\t\t\t\t\t\t\t\t\t\t<img loading=\"lazy\" decoding=\"async\" width=\"61\" height=\"64\" src=\"https:\/\/www.congres-perpignan.com\/wp-content\/uploads\/2026\/02\/Eglise-Ext-8.png\" class=\"attachment-large size-large wp-image-8200\" alt=\"\" \/>\t\t\t\t\t\t\t\t\t\t\t\t\t\t\t<\/div>\n\t\t\t\t<div class=\"elementor-element elementor-element-5180ba1b elementor-widget elementor-widget-spacer\" data-id=\"5180ba1b\" data-element_type=\"widget\" data-e-type=\"widget\" data-widget_type=\"spacer.default\">\n\t\t\t\t\t\t\t<div class=\"elementor-spacer\">\n\t\t\t<div class=\"elementor-spacer-inner\"><\/div>\n\t\t<\/div>\n\t\t\t\t\t\t<\/div>\n\t\t\t\t<div class=\"elementor-element elementor-element-5c7303ce elementor-widget elementor-widget-text-editor\" data-id=\"5c7303ce\" data-element_type=\"widget\" data-e-type=\"widget\" data-widget_type=\"text-editor.default\">\n\t\t\t\t\t\t\t\t\t<p><span style=\"color: #000000;\">700 m\u00b2 d&#8217;espai exterior<\/span><\/p>\t\t\t\t\t\t\t\t<\/div>\n\t\t\t\t<\/div>\n\t\t<div class=\"elementor-element elementor-element-467b5d7c e-con-full e-flex e-con e-child\" data-id=\"467b5d7c\" data-element_type=\"container\" data-e-type=\"container\">\n\t\t\t\t<div class=\"elementor-element elementor-element-57cd9676 elementor-widget elementor-widget-image\" data-id=\"57cd9676\" data-element_type=\"widget\" data-e-type=\"widget\" data-widget_type=\"image.default\">\n\t\t\t\t\t\t\t\t\t\t\t\t\t\t\t<img loading=\"lazy\" decoding=\"async\" width=\"78\" height=\"41\" src=\"https:\/\/www.congres-perpignan.com\/wp-content\/uploads\/2026\/02\/Eglise-vue-panoramique-8.png\" class=\"attachment-large size-large wp-image-8201\" alt=\"\" \/>\t\t\t\t\t\t\t\t\t\t\t\t\t\t\t<\/div>\n\t\t\t\t<div class=\"elementor-element elementor-element-609cd775 elementor-widget elementor-widget-spacer\" data-id=\"609cd775\" data-element_type=\"widget\" data-e-type=\"widget\" data-widget_type=\"spacer.default\">\n\t\t\t\t\t\t\t<div class=\"elementor-spacer\">\n\t\t\t<div class=\"elementor-spacer-inner\"><\/div>\n\t\t<\/div>\n\t\t\t\t\t\t<\/div>\n\t\t\t\t<div class=\"elementor-element elementor-element-78a3e4d1 elementor-widget elementor-widget-text-editor\" data-id=\"78a3e4d1\" data-element_type=\"widget\" data-e-type=\"widget\" data-widget_type=\"text-editor.default\">\n\t\t\t\t\t\t\t\t\t<p><span style=\"color: #000000;\">Pati amb olivera centen\u00e0ria<\/span><\/p>\t\t\t\t\t\t\t\t<\/div>\n\t\t\t\t<\/div>\n\t\t<div class=\"elementor-element elementor-element-273d4eb8 e-con-full e-flex e-con e-child\" data-id=\"273d4eb8\" data-element_type=\"container\" data-e-type=\"container\">\n\t\t\t\t<div class=\"elementor-element elementor-element-634a61f9 elementor-widget elementor-widget-image\" data-id=\"634a61f9\" data-element_type=\"widget\" data-e-type=\"widget\" data-widget_type=\"image.default\">\n\t\t\t\t\t\t\t\t\t\t\t\t\t\t\t<img loading=\"lazy\" decoding=\"async\" width=\"78\" height=\"58\" src=\"https:\/\/www.congres-perpignan.com\/wp-content\/uploads\/2026\/02\/Eglise-repas-8.png\" class=\"attachment-large size-large wp-image-8204\" alt=\"\" \/>\t\t\t\t\t\t\t\t\t\t\t\t\t\t\t<\/div>\n\t\t\t\t<div class=\"elementor-element elementor-element-6f6faeb0 elementor-widget elementor-widget-spacer\" data-id=\"6f6faeb0\" data-element_type=\"widget\" data-e-type=\"widget\" data-widget_type=\"spacer.default\">\n\t\t\t\t\t\t\t<div class=\"elementor-spacer\">\n\t\t\t<div class=\"elementor-spacer-inner\"><\/div>\n\t\t<\/div>\n\t\t\t\t\t\t<\/div>\n\t\t\t\t<div class=\"elementor-element elementor-element-43e7382d elementor-widget elementor-widget-text-editor\" data-id=\"43e7382d\" data-element_type=\"widget\" data-e-type=\"widget\" data-widget_type=\"text-editor.default\">\n\t\t\t\t\t\t\t\t\t<p><span style=\"color: #000000;\">1000 persones<\/span><\/p>\t\t\t\t\t\t\t\t<\/div>\n\t\t\t\t<\/div>\n\t\t<div class=\"elementor-element elementor-element-279397de e-con-full e-flex e-con e-child\" data-id=\"279397de\" data-element_type=\"container\" data-e-type=\"container\">\n\t\t\t\t<div class=\"elementor-element elementor-element-3723af96 elementor-widget elementor-widget-image\" data-id=\"3723af96\" data-element_type=\"widget\" data-e-type=\"widget\" data-widget_type=\"image.default\">\n\t\t\t\t\t\t\t\t\t\t\t\t\t\t\t<img loading=\"lazy\" decoding=\"async\" width=\"88\" height=\"59\" src=\"https:\/\/www.congres-perpignan.com\/wp-content\/uploads\/2026\/02\/Eglise-Buffet-8.png\" class=\"attachment-large size-large wp-image-8203\" alt=\"\" \/>\t\t\t\t\t\t\t\t\t\t\t\t\t\t\t<\/div>\n\t\t\t\t<div class=\"elementor-element elementor-element-7690fe24 elementor-widget elementor-widget-spacer\" data-id=\"7690fe24\" data-element_type=\"widget\" data-e-type=\"widget\" data-widget_type=\"spacer.default\">\n\t\t\t\t\t\t\t<div class=\"elementor-spacer\">\n\t\t\t<div class=\"elementor-spacer-inner\"><\/div>\n\t\t<\/div>\n\t\t\t\t\t\t<\/div>\n\t\t\t\t<div class=\"elementor-element elementor-element-77e7e2d0 elementor-widget elementor-widget-text-editor\" data-id=\"77e7e2d0\" data-element_type=\"widget\" data-e-type=\"widget\" data-widget_type=\"text-editor.default\">\n\t\t\t\t\t\t\t\t\t<p><span style=\"color: #000000;\">Exposicions, concerts, festivals, vetllades de gala, casaments o esdeveniments culturals  <\/span><\/p>\t\t\t\t\t\t\t\t<\/div>\n\t\t\t\t<div class=\"elementor-element elementor-element-1356541 elementor-widget elementor-widget-spacer\" data-id=\"1356541\" data-element_type=\"widget\" data-e-type=\"widget\" data-widget_type=\"spacer.default\">\n\t\t\t\t\t\t\t<div class=\"elementor-spacer\">\n\t\t\t<div class=\"elementor-spacer-inner\"><\/div>\n\t\t<\/div>\n\t\t\t\t\t\t<\/div>\n\t\t\t\t<\/div>\n\t\t\t\t<\/div>\n\t\t\t\t\t<\/div>\n\t\t\t\t<\/div>\n\t\t<div class=\"elementor-element elementor-element-2543ec97 e-flex e-con-boxed e-con e-child\" data-id=\"2543ec97\" data-element_type=\"container\" data-e-type=\"container\" data-settings=\"{&quot;background_background&quot;:&quot;classic&quot;}\">\n\t\t\t\t\t<div class=\"e-con-inner\">\n\t\t\t\t<div class=\"elementor-element elementor-element-79bb0bcc elementor-widget elementor-widget-spacer\" data-id=\"79bb0bcc\" data-element_type=\"widget\" data-e-type=\"widget\" data-widget_type=\"spacer.default\">\n\t\t\t\t\t\t\t<div class=\"elementor-spacer\">\n\t\t\t<div class=\"elementor-spacer-inner\"><\/div>\n\t\t<\/div>\n\t\t\t\t\t\t<\/div>\n\t\t<div class=\"elementor-element elementor-element-d74d20f e-con-full e-flex e-con e-child\" data-id=\"d74d20f\" data-element_type=\"container\" data-e-type=\"container\">\n\t\t<div class=\"elementor-element elementor-element-13a00d1e e-con-full e-flex e-con e-child\" data-id=\"13a00d1e\" data-element_type=\"container\" data-e-type=\"container\">\n\t\t\t\t<div class=\"elementor-element elementor-element-6404501a elementor-widget elementor-widget-html\" data-id=\"6404501a\" data-element_type=\"widget\" data-e-type=\"widget\" data-widget_type=\"html.default\">\n\t\t\t\t\t<iframe src=\"https:\/\/www.google.com\/maps\/embed?pb=!1m18!1m12!1m3!1d2932.1730266114996!2d2.8969387081834683!3d42.70005694151141!2m3!1f0!2f0!3f0!3m2!1i1024!2i768!4f13.1!3m3!1m2!1s0x12b06fad61ed3f67%3A0x1fe14d6f5827af54!2s6%20Rue%20Fran%C3%A7ois%20Rabelais%2C%2066000%20Perpignan!5e0!3m2!1sfr!2sfr!4v1772113795858!5m2!1sfr!2sfr\" width=\"600\" height=\"265\" style=\"border:0;\" allowfullscreen=\"\" loading=\"lazy\" referrerpolicy=\"no-referrer-when-downgrade\"><\/iframe>\t\t\t\t<\/div>\n\t\t\t\t<\/div>\n\t\t<div class=\"elementor-element elementor-element-6a6fd7c6 e-con-full e-flex e-con e-child\" data-id=\"6a6fd7c6\" data-element_type=\"container\" data-e-type=\"container\">\n\t\t\t\t<div class=\"elementor-element elementor-element-45ba5293 elementor-widget elementor-widget-heading\" data-id=\"45ba5293\" data-element_type=\"widget\" data-e-type=\"widget\" data-widget_type=\"heading.default\">\n\t\t\t\t\t<h2 class=\"elementor-heading-title elementor-size-default\">Adre\u00e7a<\/h2>\t\t\t\t<\/div>\n\t\t\t\t<div class=\"elementor-element elementor-element-2a9c6633 elementor-widget elementor-widget-spacer\" data-id=\"2a9c6633\" data-element_type=\"widget\" data-e-type=\"widget\" data-widget_type=\"spacer.default\">\n\t\t\t\t\t\t\t<div class=\"elementor-spacer\">\n\t\t\t<div class=\"elementor-spacer-inner\"><\/div>\n\t\t<\/div>\n\t\t\t\t\t\t<\/div>\n\t\t\t\t<div class=\"elementor-element elementor-element-a92dff0 elementor-widget elementor-widget-text-editor\" data-id=\"a92dff0\" data-element_type=\"widget\" data-e-type=\"widget\" data-widget_type=\"text-editor.default\">\n\t\t\t\t\t\t\t\t\t<h6><span style=\"color: #ffffff;\">6 Rue Fran\u00e7ois Rabelais<\/span><\/h6><h6><span style=\"color: #ffffff;\">66000 Perpiny\u00e0<\/span><\/h6>\t\t\t\t\t\t\t\t<\/div>\n\t\t\t\t<\/div>\n\t\t\t\t<\/div>\n\t\t\t\t<div class=\"elementor-element elementor-element-7bbee35e elementor-widget elementor-widget-spacer\" data-id=\"7bbee35e\" data-element_type=\"widget\" data-e-type=\"widget\" data-widget_type=\"spacer.default\">\n\t\t\t\t\t\t\t<div class=\"elementor-spacer\">\n\t\t\t<div class=\"elementor-spacer-inner\"><\/div>\n\t\t<\/div>\n\t\t\t\t\t\t<\/div>\n\t\t\t\t\t<\/div>\n\t\t\t\t<\/div>\n\t\t\t\t<\/div>\n\t\t","protected":false},"excerpt":{"rendered":"<p>Esgl\u00e9sia de laDominics Contacta&#8217;ns Per a m\u00e9s informaci\u00f3congrexpo@congres-perpignan.com Contacte Un monument excepcional al cor de Perpiny\u00e0 Situada a l&#8217;hipercentre de Perpiny\u00e0, l&#8217;Esgl\u00e9sia Dominicana \u00e9s un lloc \u00fanic i ple d&#8217;hist\u00f2ria, classificat com a Monument Hist\u00f2ric.&nbsp; Constru\u00efda entre els segles XIII i XIV, aquesta antiga esgl\u00e9sia desconsagrada encarna tota la sobrietat i majestuositat del g\u00f2tic meridional.&nbsp; [&hellip;]<\/p>\n","protected":false},"author":1,"featured_media":8130,"parent":8403,"menu_order":0,"comment_status":"closed","ping_status":"closed","template":"","meta":{"inline_featured_image":false,"footnotes":""},"class_list":["post-8196","page","type-page","status-publish","has-post-thumbnail","hentry"],"_links":{"self":[{"href":"https:\/\/www.congres-perpignan.com\/ca\/wp-json\/wp\/v2\/pages\/8196","targetHints":{"allow":["GET"]}}],"collection":[{"href":"https:\/\/www.congres-perpignan.com\/ca\/wp-json\/wp\/v2\/pages"}],"about":[{"href":"https:\/\/www.congres-perpignan.com\/ca\/wp-json\/wp\/v2\/types\/page"}],"author":[{"embeddable":true,"href":"https:\/\/www.congres-perpignan.com\/ca\/wp-json\/wp\/v2\/users\/1"}],"replies":[{"embeddable":true,"href":"https:\/\/www.congres-perpignan.com\/ca\/wp-json\/wp\/v2\/comments?post=8196"}],"version-history":[{"count":2,"href":"https:\/\/www.congres-perpignan.com\/ca\/wp-json\/wp\/v2\/pages\/8196\/revisions"}],"predecessor-version":[{"id":8221,"href":"https:\/\/www.congres-perpignan.com\/ca\/wp-json\/wp\/v2\/pages\/8196\/revisions\/8221"}],"up":[{"embeddable":true,"href":"https:\/\/www.congres-perpignan.com\/ca\/wp-json\/wp\/v2\/pages\/8403"}],"wp:featuredmedia":[{"embeddable":true,"href":"https:\/\/www.congres-perpignan.com\/ca\/wp-json\/wp\/v2\/media\/8130"}],"wp:attachment":[{"href":"https:\/\/www.congres-perpignan.com\/ca\/wp-json\/wp\/v2\/media?parent=8196"}],"curies":[{"name":"wp","href":"https:\/\/api.w.org\/{rel}","templated":true}]}}